{"id":816,"date":"2018-05-17T10:02:09","date_gmt":"2018-05-17T07:02:09","guid":{"rendered":"https:\/\/waterchain.eu\/?page_id=816"},"modified":"2018-05-17T10:02:09","modified_gmt":"2018-05-17T07:02:09","slug":"teadlikkuse-tostmine","status":"publish","type":"page","link":"https:\/\/www.waterchain.eu\/et\/parimad-praktikad\/teadlikkuse-tostmine\/","title":{"rendered":"Teadlikkuse t\u00f5stmine"},"content":{"rendered":"<h2>Teadlikkuse t\u00f5stmine<\/h2>\n<h5>Keskkonnakaitse on \u00fclemaailmne probleem ja iga\u00fche vastutus. See vajab pikaajalist p\u00fchendumust ja m\u00f5istmist, et iga meie tegu loeb, \u00fcksk\u00f5ik kui v\u00e4ike see ka poleks.<\/h5>\n<p>L\u00e4\u00e4nemeri on heidelnud aastaid mitmesuguste keskkonnaprobleemidega. Kuigi inimesed saavad aasta-aastalt j\u00e4rjest keskkonnateadlikumaks, vajab meri iga\u00fche panust, et keskkond saaks hoitud. \u00dcks v\u00f5imalus panustada L\u00e4\u00e4nemere heasse k\u00e4ek\u00e4iku, on t\u00f5sta teadlikkust l\u00e4bi jagades positiivseid n\u00e4iteid. Selleks on WaterChain viimasel kahel aastal korraldanud kampaaniaid, v\u00f5istlusi ja \u00fcritusi. Meie peamine eesm\u00e4rk on olnud kaasata \u00fcldsust s\u00f5nastama oma lubadusi L\u00e4\u00e4nemere kaitsmiseks.<\/p>\n<hr \/>\n\n\n\n<div id=\"wpv-view-layout-433\" class=\"js-wpv-view-layout js-wpv-layout-responsive js-wpv-view-layout-433\" data-viewnumber=\"433\" data-pagination=\"{&quot;id&quot;:433,&quot;query&quot;:&quot;normal&quot;,&quot;type&quot;:&quot;disabled&quot;,&quot;effect&quot;:&quot;fade&quot;,&quot;duration&quot;:500,&quot;speed&quot;:5,&quot;pause_on_hover&quot;:&quot;disabled&quot;,&quot;stop_rollover&quot;:&quot;false&quot;,&quot;cache_pages&quot;:&quot;enabled&quot;,&quot;preload_images&quot;:&quot;enabled&quot;,&quot;preload_pages&quot;:&quot;enabled&quot;,&quot;preload_reach&quot;:1,&quot;spinner&quot;:&quot;builtin&quot;,&quot;spinner_image&quot;:&quot;https:\/\/www.waterchain.eu\/wp-content\/plugins\/wp-views\/embedded\/res\/img\/ajax-loader.gif&quot;,&quot;callback_next&quot;:&quot;&quot;,&quot;manage_history&quot;:&quot;enabled&quot;,&quot;has_controls_in_form&quot;:&quot;disabled&quot;,&quot;infinite_tolerance&quot;:&quot;0&quot;,&quot;max_pages&quot;:0,&quot;page&quot;:1,&quot;base_permalink&quot;:&quot;\/et\/wp-json\/wp\/v2\/pages\/816?wpv_view_count=433&amp;wpv_paged=WPV_PAGE_NUM&quot;,&quot;loop&quot;:{&quot;type&quot;:&quot;&quot;,&quot;name&quot;:&quot;&quot;,&quot;data&quot;:[],&quot;id&quot;:0}}\" data-permalink=\"\/et\/wp-json\/wp\/v2\/pages\/816?wpv_view_count=433\">\n\n<div class=\"campaigns-list\">\n\t\n\t\n\t\t\n            <div class=\"campaign-item\">\n              <img fetchpriority=\"high\" decoding=\"async\" fetchpriority=\"high\" width=\"768\" height=\"512\" src=\"https:\/\/www.waterchain.eu\/wp-content\/uploads\/2018\/03\/BalticSeaSavers-768x512.jpg\" class=\"attachment-medium size-medium feature wp-post-image\" alt=\"\" srcset=\"https:\/\/www.waterchain.eu\/wp-content\/uploads\/2018\/03\/BalticSeaSavers-768x512.jpg 768w, https:\/\/www.waterchain.eu\/wp-content\/uploads\/2018\/03\/BalticSeaSavers.jpg 1280w\" sizes=\"(max-width: 768px) 100vw, 768px\" \/>\n          \t\t  <h3><a href=\"https:\/\/www.waterchain.eu\/et\/campaign\/laanemere-paastjad\/\">L\u00e4\u00e4nemere P\u00e4\u00e4stjad<\/a><\/h3>\n          \t\t  <p>2016. aasta septembris korraldati sotsiaalmeedia aktsioon L\u00e4\u00e4nemere p\u00e4\u00e4stmiseks. Selle eesm\u00e4rgiks oli teadvustada \u00fcldsusele, eelk\u00f5ige nooremale p\u00f5lvkonnale L\u00e4\u00e4nemere veekvaliteedi k\u00fcsimusi.<\/p>\n          \t\t  <a href=\"https:\/\/www.waterchain.eu\/et\/campaign\/laanemere-paastjad\/\" class=\"readmore\">Loe lisaks<\/a>\n            <\/div>\n\t\t\n            <div class=\"campaign-item\">\n              <img loading=\"lazy\" decoding=\"async\" width=\"768\" height=\"512\" src=\"https:\/\/www.waterchain.eu\/wp-content\/uploads\/2018\/06\/Rock-the-Baltic-Sea-campaign-1-768x512.jpg\" class=\"attachment-medium size-medium feature wp-post-image\" alt=\"\" srcset=\"https:\/\/www.waterchain.eu\/wp-content\/uploads\/2018\/06\/Rock-the-Baltic-Sea-campaign-1-768x512.jpg 768w, https:\/\/www.waterchain.eu\/wp-content\/uploads\/2018\/06\/Rock-the-Baltic-Sea-campaign-1-1280x853.jpg 1280w\" sizes=\"(max-width: 768px) 100vw, 768px\" \/>\n          \t\t  <h3><a href=\"https:\/\/www.waterchain.eu\/et\/campaign\/rock-the-baltic-sea\/\">Rock the Baltic Sea<\/a><\/h3>\n          \t\t  <p>Rock the Baltic Sea aktsioon algatati 2017. aastal t\u00f5stmaks teadlikkust veekeskkonna kaitse k\u00fcsimustest ja juhtimaks t\u00e4helepanu v\u00e4ljakutsetele, mis seisavad L\u00e4\u00e4nemere ees veel palju aastaid.<\/p>\n          \t\t  <a href=\"https:\/\/www.waterchain.eu\/et\/campaign\/rock-the-baltic-sea\/\" class=\"readmore\">Loe lisaks<\/a>\n            <\/div>\n\t\t\n            <div class=\"campaign-item\">\n              <img loading=\"lazy\" decoding=\"async\" width=\"768\" height=\"512\" src=\"https:\/\/www.waterchain.eu\/wp-content\/uploads\/2018\/03\/LatvianSummerSchool-768x512.jpg\" class=\"attachment-medium size-medium feature wp-post-image\" alt=\"\" srcset=\"https:\/\/www.waterchain.eu\/wp-content\/uploads\/2018\/03\/LatvianSummerSchool-768x512.jpg 768w, https:\/\/www.waterchain.eu\/wp-content\/uploads\/2018\/03\/LatvianSummerSchool.jpg 1280w\" sizes=\"(max-width: 768px) 100vw, 768px\" \/>\n          \t\t  <h3><a href=\"https:\/\/www.waterchain.eu\/et\/campaign\/lati-suvekool\/\">L\u00e4ti suvekool<\/a><\/h3>\n          \t\t  <p>2017. aasta augustis organiseeriti L\u00e4ti Keskkonnalahenduste Instituudi poolt k\u00fcmnep\u00e4evane rahvusvaheline suvekool Ungursi j\u00e4rve \u00e4\u00e4res L\u00e4ti Vabariigis.<\/p>\n          \t\t  <a href=\"https:\/\/www.waterchain.eu\/et\/campaign\/lati-suvekool\/\" class=\"readmore\">Loe lisaks<\/a>\n            <\/div>\n\t\t\n            <div class=\"campaign-item\">\n              <img loading=\"lazy\" decoding=\"async\" loading=\"lazy\" width=\"768\" height=\"512\" src=\"https:\/\/www.waterchain.eu\/wp-content\/uploads\/2018\/03\/Pest_exhib_1_By-Tallinna-U\u0308likool-768x512.jpg\" class=\"attachment-medium size-medium feature wp-post-image\" alt=\"\" srcset=\"https:\/\/www.waterchain.eu\/wp-content\/uploads\/2018\/03\/Pest_exhib_1_By-Tallinna-U\u0308likool-768x512.jpg 768w, https:\/\/www.waterchain.eu\/wp-content\/uploads\/2018\/03\/Pest_exhib_1_By-Tallinna-U\u0308likool-1280x853.jpg 1280w, https:\/\/www.waterchain.eu\/wp-content\/uploads\/2018\/03\/Pest_exhib_1_By-Tallinna-U\u0308likool.jpg 2048w\" sizes=\"auto, (max-width: 768px) 100vw, 768px\" \/>\n          \t\t  <h3><a href=\"https:\/\/www.waterchain.eu\/et\/campaign\/taimemurkide-naitus\/\">Taimem\u00fcrkide n\u00e4itus<\/a><\/h3>\n          \t\t  <p>N\u00e4itus \u201cPestitsiidid\u201d oli Tallinna \u00dclikoolis ja Tallinna Tehnika\u00fclikoolis avalikkusele avatud 2017 ja 2018 aastal. N\u00e4itus \u00fchendas kunsti ja teadust, et t\u00f5sta esile pestitsiididega seotud ohte.<\/p>\n          \t\t  <a href=\"https:\/\/www.waterchain.eu\/et\/campaign\/taimemurkide-naitus\/\" class=\"readmore\">Loe lisaks<\/a>\n            <\/div>\n\t\t\n            <div class=\"campaign-item\">\n              <img loading=\"lazy\" decoding=\"async\" loading=\"lazy\" width=\"768\" height=\"512\" src=\"https:\/\/www.waterchain.eu\/wp-content\/uploads\/2018\/03\/LetsDoIt-768x512.jpg\" class=\"attachment-medium size-medium feature wp-post-image\" alt=\"\" srcset=\"https:\/\/www.waterchain.eu\/wp-content\/uploads\/2018\/03\/LetsDoIt-768x512.jpg 768w, https:\/\/www.waterchain.eu\/wp-content\/uploads\/2018\/03\/LetsDoIt-1280x853.jpg 1280w, https:\/\/www.waterchain.eu\/wp-content\/uploads\/2018\/03\/LetsDoIt.jpg 1282w\" sizes=\"auto, (max-width: 768px) 100vw, 768px\" \/>\n          \t\t  <h3><a href=\"https:\/\/www.waterchain.eu\/et\/campaign\/teeme-ara\/\">Teeme \u00e4ra! \/ Let\u2019s Do It!<\/a><\/h3>\n          \t\t  <p>\u201cTeeme \u00e4ra\u201d on maailma\u00fclene massiliikumine eesm\u00e4rgiga puhastada meie planeet \u00fche p\u00e4evaga \u2013 Maailma Puhastusp\u00e4ev toimub 15. septembril 2018<\/p>\n          \t\t  <a href=\"https:\/\/www.waterchain.eu\/et\/campaign\/teeme-ara\/\" class=\"readmore\">Loe lisaks<\/a>\n            <\/div>\n\t\t\n            <div class=\"campaign-item\">\n              <img loading=\"lazy\" decoding=\"async\" loading=\"lazy\" width=\"768\" height=\"512\" src=\"https:\/\/www.waterchain.eu\/wp-content\/uploads\/2018\/03\/Meremme-Ta\u0308hden-1-35-768x512.jpg\" class=\"attachment-medium size-medium feature wp-post-image\" alt=\"\" srcset=\"https:\/\/www.waterchain.eu\/wp-content\/uploads\/2018\/03\/Meremme-Ta\u0308hden-1-35-768x512.jpg 768w, https:\/\/www.waterchain.eu\/wp-content\/uploads\/2018\/03\/Meremme-Ta\u0308hden-1-35-1280x853.jpg 1280w, https:\/\/www.waterchain.eu\/wp-content\/uploads\/2018\/03\/Meremme-Ta\u0308hden-1-35.jpg 1920w\" sizes=\"auto, (max-width: 768px) 100vw, 768px\" \/>\n          \t\t  <h3><a href=\"https:\/\/www.waterchain.eu\/et\/campaign\/meie-mere-parast-2017-2018\/\">Meie mere p\u00e4rast 2017 &#038; 2018<\/a><\/h3>\n          \t\t  <p>2017. ja 2018. aastal korraldati mitmeid ettekandeid, kogemuste vahetusi ja aktsioone t\u00f5stmaks avalikkuse teadlikkust iga\u00fche panuse olulisusest L\u00e4\u00e4nemere kaitsmisesse.<\/p>\n          \t\t  <a href=\"https:\/\/www.waterchain.eu\/et\/campaign\/meie-mere-parast-2017-2018\/\" class=\"readmore\">Loe lisaks<\/a>\n            <\/div>\n\t\t\n\t\n\t\n\t\n<\/div>\n<\/div>\n\n","protected":false},"excerpt":{"rendered":"<p>Teadlikkuse t\u00f5stmine Keskkonnakaitse on \u00fclemaailmne probleem ja iga\u00fche vastutus. See vajab pikaajalist p\u00fchendumust ja m\u00f5istmist, et iga meie tegu loeb, \u00fcksk\u00f5ik kui v\u00e4ike see ka poleks. L\u00e4\u00e4nemeri on heidelnud aastaid mitmesuguste keskkonnaprobleemidega. Kuigi inimesed saavad aasta-aastalt j\u00e4rjest keskkonnateadlikumaks, vajab meri iga\u00fche panust, et keskkond saaks hoitud. \u00dcks v\u00f5imalus panustada L\u00e4\u00e4nemere heasse k\u00e4ek\u00e4iku, on t\u00f5sta teadlikkust &#8230; <a title=\"Teadlikkuse t\u00f5stmine\" class=\"read-more\" href=\"https:\/\/www.waterchain.eu\/et\/parimad-praktikad\/teadlikkuse-tostmine\/\" aria-label=\"Read more about Teadlikkuse t\u00f5stmine\">Read more<\/a><\/p>\n","protected":false},"author":1,"featured_media":21,"parent":778,"menu_order":61,"comment_status":"closed","ping_status":"closed","template":"","meta":{"_exactmetrics_skip_tracking":false,"_exactmetrics_sitenote_active":false,"_exactmetrics_sitenote_note":"","_exactmetrics_sitenote_category":0,"generate_page_header":"","footnotes":""},"class_list":["post-816","page","type-page","status-publish","has-post-thumbnail"],"yoast_head":"<!-- This site is optimized with the Yoast SEO plugin v27.3 - https:\/\/yoast.com\/product\/yoast-seo-wordpress\/ -->\n<title>Teadlikkuse t\u00f5stmine - WaterChain<\/title>\n<meta name=\"robots\" content=\"index, follow, max-snippet:-1, max-image-preview:large, max-video-preview:-1\" \/>\n<link rel=\"canonical\" href=\"https:\/\/www.waterchain.eu\/et\/parimad-praktikad\/teadlikkuse-tostmine\/\" \/>\n<meta property=\"og:locale\" content=\"et_EE\" \/>\n<meta property=\"og:type\" content=\"article\" \/>\n<meta property=\"og:title\" content=\"Teadlikkuse t\u00f5stmine - WaterChain\" \/>\n<meta property=\"og:description\" content=\"Teadlikkuse t\u00f5stmine Keskkonnakaitse on \u00fclemaailmne probleem ja iga\u00fche vastutus. See vajab pikaajalist p\u00fchendumust ja m\u00f5istmist, et iga meie tegu loeb, \u00fcksk\u00f5ik kui v\u00e4ike see ka poleks. L\u00e4\u00e4nemeri on heidelnud aastaid mitmesuguste keskkonnaprobleemidega. Kuigi inimesed saavad aasta-aastalt j\u00e4rjest keskkonnateadlikumaks, vajab meri iga\u00fche panust, et keskkond saaks hoitud. \u00dcks v\u00f5imalus panustada L\u00e4\u00e4nemere heasse k\u00e4ek\u00e4iku, on t\u00f5sta teadlikkust ... Read more\" \/>\n<meta property=\"og:url\" content=\"https:\/\/www.waterchain.eu\/et\/parimad-praktikad\/teadlikkuse-tostmine\/\" \/>\n<meta property=\"og:site_name\" content=\"WaterChain\" \/>\n<meta property=\"og:image\" content=\"https:\/\/www.waterchain.eu\/wp-content\/uploads\/2017\/09\/Message-in-bottle.jpg\" \/>\n\t<meta property=\"og:image:width\" content=\"1600\" \/>\n\t<meta property=\"og:image:height\" content=\"1000\" \/>\n\t<meta property=\"og:image:type\" content=\"image\/jpeg\" \/>\n<meta name=\"twitter:card\" content=\"summary_large_image\" \/>\n<meta name=\"twitter:label1\" content=\"Est. reading time\" \/>\n\t<meta name=\"twitter:data1\" content=\"1 minut\" \/>\n<script type=\"application\/ld+json\" class=\"yoast-schema-graph\">{\"@context\":\"https:\\\/\\\/schema.org\",\"@graph\":[{\"@type\":\"WebPage\",\"@id\":\"https:\\\/\\\/www.waterchain.eu\\\/et\\\/parimad-praktikad\\\/teadlikkuse-tostmine\\\/\",\"url\":\"https:\\\/\\\/www.waterchain.eu\\\/et\\\/parimad-praktikad\\\/teadlikkuse-tostmine\\\/\",\"name\":\"Teadlikkuse t\u00f5stmine - WaterChain\",\"isPartOf\":{\"@id\":\"https:\\\/\\\/www.waterchain.eu\\\/#website\"},\"primaryImageOfPage\":{\"@id\":\"https:\\\/\\\/www.waterchain.eu\\\/et\\\/parimad-praktikad\\\/teadlikkuse-tostmine\\\/#primaryimage\"},\"image\":{\"@id\":\"https:\\\/\\\/www.waterchain.eu\\\/et\\\/parimad-praktikad\\\/teadlikkuse-tostmine\\\/#primaryimage\"},\"thumbnailUrl\":\"https:\\\/\\\/www.waterchain.eu\\\/wp-content\\\/uploads\\\/2017\\\/09\\\/Message-in-bottle.jpg\",\"datePublished\":\"2018-05-17T07:02:09+00:00\",\"breadcrumb\":{\"@id\":\"https:\\\/\\\/www.waterchain.eu\\\/et\\\/parimad-praktikad\\\/teadlikkuse-tostmine\\\/#breadcrumb\"},\"inLanguage\":\"et\",\"potentialAction\":[{\"@type\":\"ReadAction\",\"target\":[\"https:\\\/\\\/www.waterchain.eu\\\/et\\\/parimad-praktikad\\\/teadlikkuse-tostmine\\\/\"]}]},{\"@type\":\"ImageObject\",\"inLanguage\":\"et\",\"@id\":\"https:\\\/\\\/www.waterchain.eu\\\/et\\\/parimad-praktikad\\\/teadlikkuse-tostmine\\\/#primaryimage\",\"url\":\"https:\\\/\\\/www.waterchain.eu\\\/wp-content\\\/uploads\\\/2017\\\/09\\\/Message-in-bottle.jpg\",\"contentUrl\":\"https:\\\/\\\/www.waterchain.eu\\\/wp-content\\\/uploads\\\/2017\\\/09\\\/Message-in-bottle.jpg\",\"width\":1600,\"height\":1000},{\"@type\":\"BreadcrumbList\",\"@id\":\"https:\\\/\\\/www.waterchain.eu\\\/et\\\/parimad-praktikad\\\/teadlikkuse-tostmine\\\/#breadcrumb\",\"itemListElement\":[{\"@type\":\"ListItem\",\"position\":1,\"name\":\"Home\",\"item\":\"https:\\\/\\\/www.waterchain.eu\\\/et\\\/\"},{\"@type\":\"ListItem\",\"position\":2,\"name\":\"Parimad praktikad\",\"item\":\"https:\\\/\\\/www.waterchain.eu\\\/et\\\/parimad-praktikad\\\/\"},{\"@type\":\"ListItem\",\"position\":3,\"name\":\"Teadlikkuse t\u00f5stmine\"}]},{\"@type\":\"WebSite\",\"@id\":\"https:\\\/\\\/www.waterchain.eu\\\/#website\",\"url\":\"https:\\\/\\\/www.waterchain.eu\\\/\",\"name\":\"WaterChain\",\"description\":\"Recovering the Baltic Sea\",\"publisher\":{\"@id\":\"https:\\\/\\\/www.waterchain.eu\\\/#organization\"},\"potentialAction\":[{\"@type\":\"SearchAction\",\"target\":{\"@type\":\"EntryPoint\",\"urlTemplate\":\"https:\\\/\\\/www.waterchain.eu\\\/?s={search_term_string}\"},\"query-input\":{\"@type\":\"PropertyValueSpecification\",\"valueRequired\":true,\"valueName\":\"search_term_string\"}}],\"inLanguage\":\"et\"},{\"@type\":\"Organization\",\"@id\":\"https:\\\/\\\/www.waterchain.eu\\\/#organization\",\"name\":\"WaterChain\",\"url\":\"https:\\\/\\\/www.waterchain.eu\\\/\",\"logo\":{\"@type\":\"ImageObject\",\"inLanguage\":\"et\",\"@id\":\"https:\\\/\\\/www.waterchain.eu\\\/#\\\/schema\\\/logo\\\/image\\\/\",\"url\":\"https:\\\/\\\/www.waterchain.eu\\\/wp-content\\\/uploads\\\/2017\\\/09\\\/WaterChain-logo.png\",\"contentUrl\":\"https:\\\/\\\/www.waterchain.eu\\\/wp-content\\\/uploads\\\/2017\\\/09\\\/WaterChain-logo.png\",\"width\":343,\"height\":120,\"caption\":\"WaterChain\"},\"image\":{\"@id\":\"https:\\\/\\\/www.waterchain.eu\\\/#\\\/schema\\\/logo\\\/image\\\/\"},\"sameAs\":[\"https:\\\/\\\/www.youtube.com\\\/channel\\\/UCz8GhExcENBWQYVkkpn_y3Q\"]}]}<\/script>\n<!-- \/ Yoast SEO plugin. -->","yoast_head_json":{"title":"Teadlikkuse t\u00f5stmine - WaterChain","robots":{"index":"index","follow":"follow","max-snippet":"max-snippet:-1","max-image-preview":"max-image-preview:large","max-video-preview":"max-video-preview:-1"},"canonical":"https:\/\/www.waterchain.eu\/et\/parimad-praktikad\/teadlikkuse-tostmine\/","og_locale":"et_EE","og_type":"article","og_title":"Teadlikkuse t\u00f5stmine - WaterChain","og_description":"Teadlikkuse t\u00f5stmine Keskkonnakaitse on \u00fclemaailmne probleem ja iga\u00fche vastutus. See vajab pikaajalist p\u00fchendumust ja m\u00f5istmist, et iga meie tegu loeb, \u00fcksk\u00f5ik kui v\u00e4ike see ka poleks. L\u00e4\u00e4nemeri on heidelnud aastaid mitmesuguste keskkonnaprobleemidega. Kuigi inimesed saavad aasta-aastalt j\u00e4rjest keskkonnateadlikumaks, vajab meri iga\u00fche panust, et keskkond saaks hoitud. \u00dcks v\u00f5imalus panustada L\u00e4\u00e4nemere heasse k\u00e4ek\u00e4iku, on t\u00f5sta teadlikkust ... Read more","og_url":"https:\/\/www.waterchain.eu\/et\/parimad-praktikad\/teadlikkuse-tostmine\/","og_site_name":"WaterChain","og_image":[{"width":1600,"height":1000,"url":"https:\/\/www.waterchain.eu\/wp-content\/uploads\/2017\/09\/Message-in-bottle.jpg","type":"image\/jpeg"}],"twitter_card":"summary_large_image","twitter_misc":{"Est. reading time":"1 minut"},"schema":{"@context":"https:\/\/schema.org","@graph":[{"@type":"WebPage","@id":"https:\/\/www.waterchain.eu\/et\/parimad-praktikad\/teadlikkuse-tostmine\/","url":"https:\/\/www.waterchain.eu\/et\/parimad-praktikad\/teadlikkuse-tostmine\/","name":"Teadlikkuse t\u00f5stmine - WaterChain","isPartOf":{"@id":"https:\/\/www.waterchain.eu\/#website"},"primaryImageOfPage":{"@id":"https:\/\/www.waterchain.eu\/et\/parimad-praktikad\/teadlikkuse-tostmine\/#primaryimage"},"image":{"@id":"https:\/\/www.waterchain.eu\/et\/parimad-praktikad\/teadlikkuse-tostmine\/#primaryimage"},"thumbnailUrl":"https:\/\/www.waterchain.eu\/wp-content\/uploads\/2017\/09\/Message-in-bottle.jpg","datePublished":"2018-05-17T07:02:09+00:00","breadcrumb":{"@id":"https:\/\/www.waterchain.eu\/et\/parimad-praktikad\/teadlikkuse-tostmine\/#breadcrumb"},"inLanguage":"et","potentialAction":[{"@type":"ReadAction","target":["https:\/\/www.waterchain.eu\/et\/parimad-praktikad\/teadlikkuse-tostmine\/"]}]},{"@type":"ImageObject","inLanguage":"et","@id":"https:\/\/www.waterchain.eu\/et\/parimad-praktikad\/teadlikkuse-tostmine\/#primaryimage","url":"https:\/\/www.waterchain.eu\/wp-content\/uploads\/2017\/09\/Message-in-bottle.jpg","contentUrl":"https:\/\/www.waterchain.eu\/wp-content\/uploads\/2017\/09\/Message-in-bottle.jpg","width":1600,"height":1000},{"@type":"BreadcrumbList","@id":"https:\/\/www.waterchain.eu\/et\/parimad-praktikad\/teadlikkuse-tostmine\/#breadcrumb","itemListElement":[{"@type":"ListItem","position":1,"name":"Home","item":"https:\/\/www.waterchain.eu\/et\/"},{"@type":"ListItem","position":2,"name":"Parimad praktikad","item":"https:\/\/www.waterchain.eu\/et\/parimad-praktikad\/"},{"@type":"ListItem","position":3,"name":"Teadlikkuse t\u00f5stmine"}]},{"@type":"WebSite","@id":"https:\/\/www.waterchain.eu\/#website","url":"https:\/\/www.waterchain.eu\/","name":"WaterChain","description":"Recovering the Baltic Sea","publisher":{"@id":"https:\/\/www.waterchain.eu\/#organization"},"potentialAction":[{"@type":"SearchAction","target":{"@type":"EntryPoint","urlTemplate":"https:\/\/www.waterchain.eu\/?s={search_term_string}"},"query-input":{"@type":"PropertyValueSpecification","valueRequired":true,"valueName":"search_term_string"}}],"inLanguage":"et"},{"@type":"Organization","@id":"https:\/\/www.waterchain.eu\/#organization","name":"WaterChain","url":"https:\/\/www.waterchain.eu\/","logo":{"@type":"ImageObject","inLanguage":"et","@id":"https:\/\/www.waterchain.eu\/#\/schema\/logo\/image\/","url":"https:\/\/www.waterchain.eu\/wp-content\/uploads\/2017\/09\/WaterChain-logo.png","contentUrl":"https:\/\/www.waterchain.eu\/wp-content\/uploads\/2017\/09\/WaterChain-logo.png","width":343,"height":120,"caption":"WaterChain"},"image":{"@id":"https:\/\/www.waterchain.eu\/#\/schema\/logo\/image\/"},"sameAs":["https:\/\/www.youtube.com\/channel\/UCz8GhExcENBWQYVkkpn_y3Q"]}]}},"_links":{"self":[{"href":"https:\/\/www.waterchain.eu\/et\/wp-json\/wp\/v2\/pages\/816","targetHints":{"allow":["GET"]}}],"collection":[{"href":"https:\/\/www.waterchain.eu\/et\/wp-json\/wp\/v2\/pages"}],"about":[{"href":"https:\/\/www.waterchain.eu\/et\/wp-json\/wp\/v2\/types\/page"}],"author":[{"embeddable":true,"href":"https:\/\/www.waterchain.eu\/et\/wp-json\/wp\/v2\/users\/1"}],"replies":[{"embeddable":true,"href":"https:\/\/www.waterchain.eu\/et\/wp-json\/wp\/v2\/comments?post=816"}],"version-history":[{"count":1,"href":"https:\/\/www.waterchain.eu\/et\/wp-json\/wp\/v2\/pages\/816\/revisions"}],"predecessor-version":[{"id":817,"href":"https:\/\/www.waterchain.eu\/et\/wp-json\/wp\/v2\/pages\/816\/revisions\/817"}],"up":[{"embeddable":true,"href":"https:\/\/www.waterchain.eu\/et\/wp-json\/wp\/v2\/pages\/778"}],"wp:featuredmedia":[{"embeddable":true,"href":"https:\/\/www.waterchain.eu\/et\/wp-json\/wp\/v2\/media\/21"}],"wp:attachment":[{"href":"https:\/\/www.waterchain.eu\/et\/wp-json\/wp\/v2\/media?parent=816"}],"curies":[{"name":"wp","href":"https:\/\/api.w.org\/{rel}","templated":true}]}}