{"id":825,"date":"2018-05-17T11:04:36","date_gmt":"2018-05-17T08:04:36","guid":{"rendered":"https:\/\/waterchain.eu\/?page_id=825"},"modified":"2018-05-17T11:05:02","modified_gmt":"2018-05-17T08:05:02","slug":"strateegiline-lahenemine","status":"publish","type":"page","link":"https:\/\/www.waterchain.eu\/et\/parimad-praktikad\/strateegiline-lahenemine\/","title":{"rendered":"Strateegiline l\u00e4henemine"},"content":{"rendered":"<p>Strateegiline l\u00e4henemine on organisatsiooni protsess, mille k\u00e4igus defineeritakse oma strateegia v\u00f5i liikumissuund ning tehakse otsused ja eraldatakse vahendid valitud strateegia j\u00e4rgimiseks. WaterChaini projekti k\u00e4igus formuleeriti erinevatele huvigruppidele mitmed strateegilised l\u00e4henemised.<\/p>\n<hr \/>\n\n\n\n<div id=\"wpv-view-layout-514\" class=\"js-wpv-view-layout js-wpv-layout-responsive js-wpv-view-layout-514\" data-viewnumber=\"514\" data-pagination=\"{&quot;id&quot;:514,&quot;query&quot;:&quot;normal&quot;,&quot;type&quot;:&quot;disabled&quot;,&quot;effect&quot;:&quot;fade&quot;,&quot;duration&quot;:500,&quot;speed&quot;:5,&quot;pause_on_hover&quot;:&quot;disabled&quot;,&quot;stop_rollover&quot;:&quot;false&quot;,&quot;cache_pages&quot;:&quot;enabled&quot;,&quot;preload_images&quot;:&quot;enabled&quot;,&quot;preload_pages&quot;:&quot;enabled&quot;,&quot;preload_reach&quot;:1,&quot;spinner&quot;:&quot;builtin&quot;,&quot;spinner_image&quot;:&quot;https:\/\/www.waterchain.eu\/wp-content\/plugins\/wp-views\/embedded\/res\/img\/ajax-loader.gif&quot;,&quot;callback_next&quot;:&quot;&quot;,&quot;manage_history&quot;:&quot;enabled&quot;,&quot;has_controls_in_form&quot;:&quot;disabled&quot;,&quot;infinite_tolerance&quot;:&quot;0&quot;,&quot;max_pages&quot;:0,&quot;page&quot;:1,&quot;base_permalink&quot;:&quot;\/et\/wp-json\/wp\/v2\/pages\/825?wpv_view_count=514&amp;wpv_paged=WPV_PAGE_NUM&quot;,&quot;loop&quot;:{&quot;type&quot;:&quot;&quot;,&quot;name&quot;:&quot;&quot;,&quot;data&quot;:[],&quot;id&quot;:0}}\" data-permalink=\"\/et\/wp-json\/wp\/v2\/pages\/825?wpv_view_count=514\">\n\n<div class=\"campaigns-list\">\n\t\n\t\n\t\t\n            <div class=\"campaign-item\">\n              \t<img fetchpriority=\"high\" decoding=\"async\" fetchpriority=\"high\" class=\"attachment-640x360 size-640x360 feature\" src=\"https:\/\/www.waterchain.eu\/wp-content\/uploads\/2017\/09\/baltic-sea-seagulls-wpv_640x360_center_center.jpg\" width=\"640\" height=\"360\" alt=\"\" \/>\n          \t\t  <h3><a href=\"https:\/\/www.waterchain.eu\/et\/strategic-approaches\/poliitikakujundajad\/\">Poliitikakujundajad ja uurijad<\/a> <\/h3>\n          \t\t  <p>Uus meetod teaduse \u00fclekandmiseks sidusr\u00fchmadesse<\/p>\n          \t\t  <a href=\"https:\/\/www.waterchain.eu\/et\/strategic-approaches\/poliitikakujundajad\/\" class=\"readmore\">Loe lisaks<\/a>\n            <\/div>\n\t\t\n            <div class=\"campaign-item\">\n              \t<img loading=\"lazy\" decoding=\"async\" class=\"attachment-640x360 size-640x360 feature\" src=\"https:\/\/www.waterchain.eu\/wp-content\/uploads\/2018\/04\/title-waterworks-wpv_640x360_center_center.jpg\" width=\"640\" height=\"360\" alt=\"\" \/>\n          \t\t  <h3><a href=\"https:\/\/www.waterchain.eu\/et\/strategic-approaches\/vee-ettevotted\/\">Vee-ettev\u00f5tted<\/a> <\/h3>\n          \t\t  <p>Kuidas tagada j\u00e4tkusuutlik joogiveevarustus ja puhas joogivesi k\u00f5igile?<\/p>\n          \t\t  <a href=\"https:\/\/www.waterchain.eu\/et\/strategic-approaches\/vee-ettevotted\/\" class=\"readmore\">Loe lisaks<\/a>\n            <\/div>\n\t\t\n            <div class=\"campaign-item\">\n              \t<img loading=\"lazy\" decoding=\"async\" class=\"attachment-640x360 size-640x360 feature\" src=\"https:\/\/www.waterchain.eu\/wp-content\/uploads\/2018\/04\/live-concert-wpv_640x360_center_center.jpg\" width=\"640\" height=\"360\" alt=\"\" \/>\n          \t\t  <h3><a href=\"https:\/\/www.waterchain.eu\/et\/strategic-approaches\/urituste-korraldajad\/\">\u00dcrituste korraldajad<\/a> <\/h3>\n          \t\t  <p>Kas tahad, et Su korraldatud \u00fcritus oleks j\u00e4tkusuutlik ning v\u00f5taks arvesse L\u00e4\u00e4nemerd ning veekaitse aspekte? Oleme Sulle loonud abistava kontrollnimekirja. Kontrollnimekiri loodi Rock the Baltic Sea kampaania raames, mille k\u00e4igus esitati v\u00e4ljakutse muusikutele, festivali korraldajatele ning k\u00fclastajatele s\u00f5nastamaks oma L\u00e4\u00e4nemere lubadus. Nimekiri on koostatud koost\u00f6\u00f6s \u00fcrituste korraldajatega ning seda v\u00f5ib kasutada iga\u00fcks, kes soovib korraldada j\u00e4tkusuutlikku \u00fcritust.<\/p>\n          \t\t  <a href=\"https:\/\/www.waterchain.eu\/et\/strategic-approaches\/urituste-korraldajad\/\" class=\"readmore\">Loe lisaks<\/a>\n            <\/div>\n\t\t\n            <div class=\"campaign-item\">\n              \t<img loading=\"lazy\" decoding=\"async\" loading=\"lazy\" class=\"attachment-640x360 size-640x360 feature\" src=\"https:\/\/www.waterchain.eu\/wp-content\/uploads\/2018\/04\/title-skyview-02-wpv_640x360_center_center.jpg\" width=\"640\" height=\"360\" alt=\"\" \/>\n          \t\t  <h3><a href=\"https:\/\/www.waterchain.eu\/et\/strategic-approaches\/talunikud\/\">Talunikud<\/a> <\/h3>\n          \t\t  <p>Kui Sina talunikuna tahad suurendada oma kasumlikkust, rakendades samaaegselt keskonnas\u00e4\u00e4stlikke meetmeid, siis oleks \u00f5ige alustada strateegilisest planeerimisest, et saada terviklik \u00fclevaade, milliseid tegevusi peaks seejuures arvesse v\u00f5tma. Sa tahad suurendada kasumlikkust, mille \u00fcheks eelduseks on, et toitained peaks p\u00fcsima p\u00f5llul, et maksimaalselt toetada taimede kasvu. Siinkohal saad kasutada meie otsuste toetamise t\u00f6\u00f6riista, et leida oma p\u00f5llule v\u00f5i tootmisalale sobivad meetodid. Lisainfot meetoditest leiad juuresolevatelt infolehtedelt.<\/p>\n          \t\t  <a href=\"https:\/\/www.waterchain.eu\/et\/strategic-approaches\/talunikud\/\" class=\"readmore\">Loe lisaks<\/a>\n            <\/div>\n\t\t\n\t\n\t\n\t\n<\/div>\n<\/div>\n\n","protected":false},"excerpt":{"rendered":"<p>Strateegiline l\u00e4henemine on organisatsiooni protsess, mille k\u00e4igus defineeritakse oma strateegia v\u00f5i liikumissuund ning tehakse otsused ja eraldatakse vahendid valitud strateegia j\u00e4rgimiseks. WaterChaini projekti k\u00e4igus formuleeriti erinevatele huvigruppidele mitmed strateegilised l\u00e4henemised.<\/p>\n","protected":false},"author":1,"featured_media":58,"parent":778,"menu_order":80,"comment_status":"closed","ping_status":"closed","template":"","meta":{"_exactmetrics_skip_tracking":false,"_exactmetrics_sitenote_active":false,"_exactmetrics_sitenote_note":"","_exactmetrics_sitenote_category":0,"generate_page_header":"","footnotes":""},"class_list":["post-825","page","type-page","status-publish","has-post-thumbnail"],"yoast_head":"<!-- This site is optimized with the Yoast SEO plugin v27.3 - https:\/\/yoast.com\/product\/yoast-seo-wordpress\/ -->\n<title>Strateegiline l\u00e4henemine - WaterChain<\/title>\n<meta name=\"robots\" content=\"index, follow, max-snippet:-1, max-image-preview:large, max-video-preview:-1\" \/>\n<link rel=\"canonical\" href=\"https:\/\/www.waterchain.eu\/et\/parimad-praktikad\/strateegiline-lahenemine\/\" \/>\n<meta property=\"og:locale\" content=\"et_EE\" \/>\n<meta property=\"og:type\" content=\"article\" \/>\n<meta property=\"og:title\" content=\"Strateegiline l\u00e4henemine - WaterChain\" \/>\n<meta property=\"og:description\" content=\"Strateegiline l\u00e4henemine on organisatsiooni protsess, mille k\u00e4igus defineeritakse oma strateegia v\u00f5i liikumissuund ning tehakse otsused ja eraldatakse vahendid valitud strateegia j\u00e4rgimiseks. WaterChaini projekti k\u00e4igus formuleeriti erinevatele huvigruppidele mitmed strateegilised l\u00e4henemised.\" \/>\n<meta property=\"og:url\" content=\"https:\/\/www.waterchain.eu\/et\/parimad-praktikad\/strateegiline-lahenemine\/\" \/>\n<meta property=\"og:site_name\" content=\"WaterChain\" \/>\n<meta property=\"article:modified_time\" content=\"2018-05-17T08:05:02+00:00\" \/>\n<meta property=\"og:image\" content=\"https:\/\/www.waterchain.eu\/wp-content\/uploads\/2017\/09\/baltic-sea-hand.jpg\" \/>\n\t<meta property=\"og:image:width\" content=\"1600\" \/>\n\t<meta property=\"og:image:height\" content=\"1060\" \/>\n\t<meta property=\"og:image:type\" content=\"image\/jpeg\" \/>\n<meta name=\"twitter:card\" content=\"summary_large_image\" \/>\n<script type=\"application\/ld+json\" class=\"yoast-schema-graph\">{\"@context\":\"https:\\\/\\\/schema.org\",\"@graph\":[{\"@type\":\"WebPage\",\"@id\":\"https:\\\/\\\/www.waterchain.eu\\\/et\\\/parimad-praktikad\\\/strateegiline-lahenemine\\\/\",\"url\":\"https:\\\/\\\/www.waterchain.eu\\\/et\\\/parimad-praktikad\\\/strateegiline-lahenemine\\\/\",\"name\":\"Strateegiline l\u00e4henemine - WaterChain\",\"isPartOf\":{\"@id\":\"https:\\\/\\\/www.waterchain.eu\\\/#website\"},\"primaryImageOfPage\":{\"@id\":\"https:\\\/\\\/www.waterchain.eu\\\/et\\\/parimad-praktikad\\\/strateegiline-lahenemine\\\/#primaryimage\"},\"image\":{\"@id\":\"https:\\\/\\\/www.waterchain.eu\\\/et\\\/parimad-praktikad\\\/strateegiline-lahenemine\\\/#primaryimage\"},\"thumbnailUrl\":\"https:\\\/\\\/www.waterchain.eu\\\/wp-content\\\/uploads\\\/2017\\\/09\\\/baltic-sea-hand.jpg\",\"datePublished\":\"2018-05-17T08:04:36+00:00\",\"dateModified\":\"2018-05-17T08:05:02+00:00\",\"breadcrumb\":{\"@id\":\"https:\\\/\\\/www.waterchain.eu\\\/et\\\/parimad-praktikad\\\/strateegiline-lahenemine\\\/#breadcrumb\"},\"inLanguage\":\"et\",\"potentialAction\":[{\"@type\":\"ReadAction\",\"target\":[\"https:\\\/\\\/www.waterchain.eu\\\/et\\\/parimad-praktikad\\\/strateegiline-lahenemine\\\/\"]}]},{\"@type\":\"ImageObject\",\"inLanguage\":\"et\",\"@id\":\"https:\\\/\\\/www.waterchain.eu\\\/et\\\/parimad-praktikad\\\/strateegiline-lahenemine\\\/#primaryimage\",\"url\":\"https:\\\/\\\/www.waterchain.eu\\\/wp-content\\\/uploads\\\/2017\\\/09\\\/baltic-sea-hand.jpg\",\"contentUrl\":\"https:\\\/\\\/www.waterchain.eu\\\/wp-content\\\/uploads\\\/2017\\\/09\\\/baltic-sea-hand.jpg\",\"width\":1600,\"height\":1060},{\"@type\":\"BreadcrumbList\",\"@id\":\"https:\\\/\\\/www.waterchain.eu\\\/et\\\/parimad-praktikad\\\/strateegiline-lahenemine\\\/#breadcrumb\",\"itemListElement\":[{\"@type\":\"ListItem\",\"position\":1,\"name\":\"Home\",\"item\":\"https:\\\/\\\/www.waterchain.eu\\\/et\\\/\"},{\"@type\":\"ListItem\",\"position\":2,\"name\":\"Parimad praktikad\",\"item\":\"https:\\\/\\\/www.waterchain.eu\\\/et\\\/parimad-praktikad\\\/\"},{\"@type\":\"ListItem\",\"position\":3,\"name\":\"Strateegiline l\u00e4henemine\"}]},{\"@type\":\"WebSite\",\"@id\":\"https:\\\/\\\/www.waterchain.eu\\\/#website\",\"url\":\"https:\\\/\\\/www.waterchain.eu\\\/\",\"name\":\"WaterChain\",\"description\":\"Recovering the Baltic Sea\",\"publisher\":{\"@id\":\"https:\\\/\\\/www.waterchain.eu\\\/#organization\"},\"potentialAction\":[{\"@type\":\"SearchAction\",\"target\":{\"@type\":\"EntryPoint\",\"urlTemplate\":\"https:\\\/\\\/www.waterchain.eu\\\/?s={search_term_string}\"},\"query-input\":{\"@type\":\"PropertyValueSpecification\",\"valueRequired\":true,\"valueName\":\"search_term_string\"}}],\"inLanguage\":\"et\"},{\"@type\":\"Organization\",\"@id\":\"https:\\\/\\\/www.waterchain.eu\\\/#organization\",\"name\":\"WaterChain\",\"url\":\"https:\\\/\\\/www.waterchain.eu\\\/\",\"logo\":{\"@type\":\"ImageObject\",\"inLanguage\":\"et\",\"@id\":\"https:\\\/\\\/www.waterchain.eu\\\/#\\\/schema\\\/logo\\\/image\\\/\",\"url\":\"https:\\\/\\\/www.waterchain.eu\\\/wp-content\\\/uploads\\\/2017\\\/09\\\/WaterChain-logo.png\",\"contentUrl\":\"https:\\\/\\\/www.waterchain.eu\\\/wp-content\\\/uploads\\\/2017\\\/09\\\/WaterChain-logo.png\",\"width\":343,\"height\":120,\"caption\":\"WaterChain\"},\"image\":{\"@id\":\"https:\\\/\\\/www.waterchain.eu\\\/#\\\/schema\\\/logo\\\/image\\\/\"},\"sameAs\":[\"https:\\\/\\\/www.youtube.com\\\/channel\\\/UCz8GhExcENBWQYVkkpn_y3Q\"]}]}<\/script>\n<!-- \/ Yoast SEO plugin. -->","yoast_head_json":{"title":"Strateegiline l\u00e4henemine - WaterChain","robots":{"index":"index","follow":"follow","max-snippet":"max-snippet:-1","max-image-preview":"max-image-preview:large","max-video-preview":"max-video-preview:-1"},"canonical":"https:\/\/www.waterchain.eu\/et\/parimad-praktikad\/strateegiline-lahenemine\/","og_locale":"et_EE","og_type":"article","og_title":"Strateegiline l\u00e4henemine - WaterChain","og_description":"Strateegiline l\u00e4henemine on organisatsiooni protsess, mille k\u00e4igus defineeritakse oma strateegia v\u00f5i liikumissuund ning tehakse otsused ja eraldatakse vahendid valitud strateegia j\u00e4rgimiseks. WaterChaini projekti k\u00e4igus formuleeriti erinevatele huvigruppidele mitmed strateegilised l\u00e4henemised.","og_url":"https:\/\/www.waterchain.eu\/et\/parimad-praktikad\/strateegiline-lahenemine\/","og_site_name":"WaterChain","article_modified_time":"2018-05-17T08:05:02+00:00","og_image":[{"width":1600,"height":1060,"url":"https:\/\/www.waterchain.eu\/wp-content\/uploads\/2017\/09\/baltic-sea-hand.jpg","type":"image\/jpeg"}],"twitter_card":"summary_large_image","schema":{"@context":"https:\/\/schema.org","@graph":[{"@type":"WebPage","@id":"https:\/\/www.waterchain.eu\/et\/parimad-praktikad\/strateegiline-lahenemine\/","url":"https:\/\/www.waterchain.eu\/et\/parimad-praktikad\/strateegiline-lahenemine\/","name":"Strateegiline l\u00e4henemine - WaterChain","isPartOf":{"@id":"https:\/\/www.waterchain.eu\/#website"},"primaryImageOfPage":{"@id":"https:\/\/www.waterchain.eu\/et\/parimad-praktikad\/strateegiline-lahenemine\/#primaryimage"},"image":{"@id":"https:\/\/www.waterchain.eu\/et\/parimad-praktikad\/strateegiline-lahenemine\/#primaryimage"},"thumbnailUrl":"https:\/\/www.waterchain.eu\/wp-content\/uploads\/2017\/09\/baltic-sea-hand.jpg","datePublished":"2018-05-17T08:04:36+00:00","dateModified":"2018-05-17T08:05:02+00:00","breadcrumb":{"@id":"https:\/\/www.waterchain.eu\/et\/parimad-praktikad\/strateegiline-lahenemine\/#breadcrumb"},"inLanguage":"et","potentialAction":[{"@type":"ReadAction","target":["https:\/\/www.waterchain.eu\/et\/parimad-praktikad\/strateegiline-lahenemine\/"]}]},{"@type":"ImageObject","inLanguage":"et","@id":"https:\/\/www.waterchain.eu\/et\/parimad-praktikad\/strateegiline-lahenemine\/#primaryimage","url":"https:\/\/www.waterchain.eu\/wp-content\/uploads\/2017\/09\/baltic-sea-hand.jpg","contentUrl":"https:\/\/www.waterchain.eu\/wp-content\/uploads\/2017\/09\/baltic-sea-hand.jpg","width":1600,"height":1060},{"@type":"BreadcrumbList","@id":"https:\/\/www.waterchain.eu\/et\/parimad-praktikad\/strateegiline-lahenemine\/#breadcrumb","itemListElement":[{"@type":"ListItem","position":1,"name":"Home","item":"https:\/\/www.waterchain.eu\/et\/"},{"@type":"ListItem","position":2,"name":"Parimad praktikad","item":"https:\/\/www.waterchain.eu\/et\/parimad-praktikad\/"},{"@type":"ListItem","position":3,"name":"Strateegiline l\u00e4henemine"}]},{"@type":"WebSite","@id":"https:\/\/www.waterchain.eu\/#website","url":"https:\/\/www.waterchain.eu\/","name":"WaterChain","description":"Recovering the Baltic Sea","publisher":{"@id":"https:\/\/www.waterchain.eu\/#organization"},"potentialAction":[{"@type":"SearchAction","target":{"@type":"EntryPoint","urlTemplate":"https:\/\/www.waterchain.eu\/?s={search_term_string}"},"query-input":{"@type":"PropertyValueSpecification","valueRequired":true,"valueName":"search_term_string"}}],"inLanguage":"et"},{"@type":"Organization","@id":"https:\/\/www.waterchain.eu\/#organization","name":"WaterChain","url":"https:\/\/www.waterchain.eu\/","logo":{"@type":"ImageObject","inLanguage":"et","@id":"https:\/\/www.waterchain.eu\/#\/schema\/logo\/image\/","url":"https:\/\/www.waterchain.eu\/wp-content\/uploads\/2017\/09\/WaterChain-logo.png","contentUrl":"https:\/\/www.waterchain.eu\/wp-content\/uploads\/2017\/09\/WaterChain-logo.png","width":343,"height":120,"caption":"WaterChain"},"image":{"@id":"https:\/\/www.waterchain.eu\/#\/schema\/logo\/image\/"},"sameAs":["https:\/\/www.youtube.com\/channel\/UCz8GhExcENBWQYVkkpn_y3Q"]}]}},"_links":{"self":[{"href":"https:\/\/www.waterchain.eu\/et\/wp-json\/wp\/v2\/pages\/825","targetHints":{"allow":["GET"]}}],"collection":[{"href":"https:\/\/www.waterchain.eu\/et\/wp-json\/wp\/v2\/pages"}],"about":[{"href":"https:\/\/www.waterchain.eu\/et\/wp-json\/wp\/v2\/types\/page"}],"author":[{"embeddable":true,"href":"https:\/\/www.waterchain.eu\/et\/wp-json\/wp\/v2\/users\/1"}],"replies":[{"embeddable":true,"href":"https:\/\/www.waterchain.eu\/et\/wp-json\/wp\/v2\/comments?post=825"}],"version-history":[{"count":1,"href":"https:\/\/www.waterchain.eu\/et\/wp-json\/wp\/v2\/pages\/825\/revisions"}],"predecessor-version":[{"id":826,"href":"https:\/\/www.waterchain.eu\/et\/wp-json\/wp\/v2\/pages\/825\/revisions\/826"}],"up":[{"embeddable":true,"href":"https:\/\/www.waterchain.eu\/et\/wp-json\/wp\/v2\/pages\/778"}],"wp:featuredmedia":[{"embeddable":true,"href":"https:\/\/www.waterchain.eu\/et\/wp-json\/wp\/v2\/media\/58"}],"wp:attachment":[{"href":"https:\/\/www.waterchain.eu\/et\/wp-json\/wp\/v2\/media?parent=825"}],"curies":[{"name":"wp","href":"https:\/\/api.w.org\/{rel}","templated":true}]}}