{"id":1181,"date":"2018-06-05T11:24:07","date_gmt":"2018-06-05T08:24:07","guid":{"rendered":"https:\/\/waterchain.eu\/?page_id=1181"},"modified":"2018-08-29T10:47:18","modified_gmt":"2018-08-29T07:47:18","slug":"itameren-ongelmat","status":"publish","type":"page","link":"https:\/\/www.waterchain.eu\/fi\/itameren-ongelmat\/","title":{"rendered":"It\u00e4meren ongelmat"},"content":{"rendered":"<p><iframe width=\"560\" height=\"315\" src=\"https:\/\/www.youtube.com\/embed\/d5KBb28VMgM\" frameborder=\"0\" allow=\"autoplay; encrypted-media\" allowfullscreen><\/iframe><\/p>\n<h3>Kaikista n\u00e4kyvin ongelma It\u00e4merell\u00e4 on rehev\u00f6ityminen, joka n\u00e4kyy kes\u00e4aikaan runsaina lev\u00e4kukintoina.<\/h3>\n<p>Rehev\u00f6itymisprosessi tunnetaan hyvin, ja It\u00e4merell\u00e4 se alkoi jo 1800-luvulla. Paljon on jo tehty meren tilan parantamiseksi, mutta jo alkanutta <a href=\"https:\/\/www.waterchain.eu\/fi\/itameren-ongelmat\/ravinteet\/\">rehev\u00f6itymisprosessia<\/a> on hankala hillit\u00e4.<\/p>\n<p>Useiden <a href=\"https:\/\/www.waterchain.eu\/fi\/itameren-ongelmat\/haitalliset-aineet\/\">haitallisten aineiden aiheuttamat vaikutukset<\/a> ja niiden yhteisvaikutukset eiv\u00e4t ole niin ilmeisi\u00e4 ja tunnettuja kuin <a href=\"https:\/\/www.waterchain.eu\/fi\/itameren-ongelmat\/ravinteet\/\">ravinteiden aiheuttamat ongelmat<\/a>. Huoli n\u00e4ist\u00e4 kemikaaleista her\u00e4si vasta muutama vuosikymmen sitten. Meill\u00e4 ei ole riitt\u00e4v\u00e4sti tietoa haitallisten aineiden m\u00e4\u00e4r\u00e4n ja niiden vesiekosysteemiin tai ihmiseen aiheuttamien vaikutusten perusteelliseksi arvioimiseksi.<\/p>\n<figure id=\"attachment_625\" aria-describedby=\"caption-attachment-625\" style=\"width: 1590px\" class=\"wp-caption alignnone\"><img fetchpriority=\"high\" decoding=\"async\" class=\"wp-image-625 size-full\" src=\"https:\/\/www.waterchain.eu\/wp-content\/uploads\/2018\/06\/Various-human-actions-produce-harmful-load-to-the-Baltic-Sea-and-waterbodies-in-general_Copyright-Emilia-M\u00e4kel\u00e4.png\" alt=\"\" width=\"1600\" height=\"762\" \/><figcaption id=\"caption-attachment-625\" class=\"wp-caption-text\">Monenlainen ihmisen toiminta aiheuttaa haitallisia p\u00e4\u00e4st\u00f6j\u00e4 It\u00e4mereen ja yleisemminkin vesist\u00f6ihin. Tekij\u00e4noikeus Emilia M\u00e4kel\u00e4. Muokattu Luontoliiton aiemmin julkaisemasta kuvasta (http:\/\/slideplayer.fi\/slide\/1930400\/).<\/figcaption><\/figure>\n","protected":false},"excerpt":{"rendered":"<p>Kaikista n\u00e4kyvin ongelma It\u00e4merell\u00e4 on rehev\u00f6ityminen, joka n\u00e4kyy kes\u00e4aikaan runsaina lev\u00e4kukintoina. Rehev\u00f6itymisprosessi tunnetaan hyvin, ja It\u00e4merell\u00e4 se alkoi jo 1800-luvulla. Paljon on jo tehty meren tilan parantamiseksi, mutta jo alkanutta rehev\u00f6itymisprosessia on hankala hillit\u00e4. Useiden haitallisten aineiden aiheuttamat vaikutukset ja niiden yhteisvaikutukset eiv\u00e4t ole niin ilmeisi\u00e4 ja tunnettuja kuin ravinteiden aiheuttamat ongelmat. Huoli n\u00e4ist\u00e4 kemikaaleista &#8230; <a title=\"It\u00e4meren ongelmat\" class=\"read-more\" href=\"https:\/\/www.waterchain.eu\/fi\/itameren-ongelmat\/\" aria-label=\"Lue lis\u00e4\u00e4 aiheesta It\u00e4meren ongelmat\">Lue lis\u00e4\u00e4<\/a><\/p>\n","protected":false},"author":1,"featured_media":2137,"parent":0,"menu_order":48,"comment_status":"closed","ping_status":"closed","template":"","meta":{"_exactmetrics_skip_tracking":false,"_exactmetrics_sitenote_active":false,"_exactmetrics_sitenote_note":"","_exactmetrics_sitenote_category":0,"generate_page_header":"","footnotes":""},"class_list":["post-1181","page","type-page","status-publish","has-post-thumbnail"],"yoast_head":"<!-- This site is optimized with the Yoast SEO plugin v27.3 - https:\/\/yoast.com\/product\/yoast-seo-wordpress\/ -->\n<title>It\u00e4meren ongelmat - WaterChain<\/title>\n<meta name=\"description\" content=\"Kaikista n\u00e4kyvin ongelma It\u00e4merell\u00e4 on rehev\u00f6ityminen, joka n\u00e4kyy kes\u00e4aikaan runsaina lev\u00e4kukintoina.\" \/>\n<meta name=\"robots\" content=\"index, follow, max-snippet:-1, max-image-preview:large, max-video-preview:-1\" \/>\n<link rel=\"canonical\" href=\"https:\/\/www.waterchain.eu\/fi\/itameren-ongelmat\/\" \/>\n<meta property=\"og:locale\" content=\"fi_FI\" \/>\n<meta property=\"og:type\" content=\"article\" \/>\n<meta property=\"og:title\" content=\"It\u00e4meren ongelmat - WaterChain\" \/>\n<meta property=\"og:description\" content=\"Kaikista n\u00e4kyvin ongelma It\u00e4merell\u00e4 on rehev\u00f6ityminen, joka n\u00e4kyy kes\u00e4aikaan runsaina lev\u00e4kukintoina.\" \/>\n<meta property=\"og:url\" content=\"https:\/\/www.waterchain.eu\/fi\/itameren-ongelmat\/\" \/>\n<meta property=\"og:site_name\" content=\"WaterChain\" \/>\n<meta property=\"article:modified_time\" content=\"2018-08-29T07:47:18+00:00\" \/>\n<meta property=\"og:image\" content=\"https:\/\/www.waterchain.eu\/wp-content\/uploads\/2017\/09\/hero-baltic.jpg\" \/>\n\t<meta property=\"og:image:width\" content=\"1380\" \/>\n\t<meta property=\"og:image:height\" content=\"793\" \/>\n\t<meta property=\"og:image:type\" content=\"image\/jpeg\" \/>\n<meta name=\"twitter:card\" content=\"summary_large_image\" \/>\n<meta name=\"twitter:label1\" content=\"Arvioitu lukuaika\" \/>\n\t<meta name=\"twitter:data1\" content=\"1 minuutti\" \/>\n<script type=\"application\/ld+json\" class=\"yoast-schema-graph\">{\"@context\":\"https:\\\/\\\/schema.org\",\"@graph\":[{\"@type\":\"WebPage\",\"@id\":\"https:\\\/\\\/www.waterchain.eu\\\/fi\\\/itameren-ongelmat\\\/\",\"url\":\"https:\\\/\\\/www.waterchain.eu\\\/fi\\\/itameren-ongelmat\\\/\",\"name\":\"It\u00e4meren ongelmat - WaterChain\",\"isPartOf\":{\"@id\":\"https:\\\/\\\/www.waterchain.eu\\\/#website\"},\"primaryImageOfPage\":{\"@id\":\"https:\\\/\\\/www.waterchain.eu\\\/fi\\\/itameren-ongelmat\\\/#primaryimage\"},\"image\":{\"@id\":\"https:\\\/\\\/www.waterchain.eu\\\/fi\\\/itameren-ongelmat\\\/#primaryimage\"},\"thumbnailUrl\":\"https:\\\/\\\/www.waterchain.eu\\\/wp-content\\\/uploads\\\/2017\\\/09\\\/hero-baltic.jpg\",\"datePublished\":\"2018-06-05T08:24:07+00:00\",\"dateModified\":\"2018-08-29T07:47:18+00:00\",\"description\":\"Kaikista n\u00e4kyvin ongelma It\u00e4merell\u00e4 on rehev\u00f6ityminen, joka n\u00e4kyy kes\u00e4aikaan runsaina lev\u00e4kukintoina.\",\"breadcrumb\":{\"@id\":\"https:\\\/\\\/www.waterchain.eu\\\/fi\\\/itameren-ongelmat\\\/#breadcrumb\"},\"inLanguage\":\"fi\",\"potentialAction\":[{\"@type\":\"ReadAction\",\"target\":[\"https:\\\/\\\/www.waterchain.eu\\\/fi\\\/itameren-ongelmat\\\/\"]}]},{\"@type\":\"ImageObject\",\"inLanguage\":\"fi\",\"@id\":\"https:\\\/\\\/www.waterchain.eu\\\/fi\\\/itameren-ongelmat\\\/#primaryimage\",\"url\":\"https:\\\/\\\/www.waterchain.eu\\\/wp-content\\\/uploads\\\/2017\\\/09\\\/hero-baltic.jpg\",\"contentUrl\":\"https:\\\/\\\/www.waterchain.eu\\\/wp-content\\\/uploads\\\/2017\\\/09\\\/hero-baltic.jpg\",\"width\":1380,\"height\":793},{\"@type\":\"BreadcrumbList\",\"@id\":\"https:\\\/\\\/www.waterchain.eu\\\/fi\\\/itameren-ongelmat\\\/#breadcrumb\",\"itemListElement\":[{\"@type\":\"ListItem\",\"position\":1,\"name\":\"Home\",\"item\":\"https:\\\/\\\/www.waterchain.eu\\\/fi\\\/\"},{\"@type\":\"ListItem\",\"position\":2,\"name\":\"It\u00e4meren ongelmat\"}]},{\"@type\":\"WebSite\",\"@id\":\"https:\\\/\\\/www.waterchain.eu\\\/#website\",\"url\":\"https:\\\/\\\/www.waterchain.eu\\\/\",\"name\":\"WaterChain\",\"description\":\"Recovering the Baltic Sea\",\"publisher\":{\"@id\":\"https:\\\/\\\/www.waterchain.eu\\\/#organization\"},\"potentialAction\":[{\"@type\":\"SearchAction\",\"target\":{\"@type\":\"EntryPoint\",\"urlTemplate\":\"https:\\\/\\\/www.waterchain.eu\\\/?s={search_term_string}\"},\"query-input\":{\"@type\":\"PropertyValueSpecification\",\"valueRequired\":true,\"valueName\":\"search_term_string\"}}],\"inLanguage\":\"fi\"},{\"@type\":\"Organization\",\"@id\":\"https:\\\/\\\/www.waterchain.eu\\\/#organization\",\"name\":\"WaterChain\",\"url\":\"https:\\\/\\\/www.waterchain.eu\\\/\",\"logo\":{\"@type\":\"ImageObject\",\"inLanguage\":\"fi\",\"@id\":\"https:\\\/\\\/www.waterchain.eu\\\/#\\\/schema\\\/logo\\\/image\\\/\",\"url\":\"https:\\\/\\\/www.waterchain.eu\\\/wp-content\\\/uploads\\\/2017\\\/09\\\/WaterChain-logo.png\",\"contentUrl\":\"https:\\\/\\\/www.waterchain.eu\\\/wp-content\\\/uploads\\\/2017\\\/09\\\/WaterChain-logo.png\",\"width\":343,\"height\":120,\"caption\":\"WaterChain\"},\"image\":{\"@id\":\"https:\\\/\\\/www.waterchain.eu\\\/#\\\/schema\\\/logo\\\/image\\\/\"},\"sameAs\":[\"https:\\\/\\\/www.youtube.com\\\/channel\\\/UCz8GhExcENBWQYVkkpn_y3Q\"]}]}<\/script>\n<!-- \/ Yoast SEO plugin. -->","yoast_head_json":{"title":"It\u00e4meren ongelmat - WaterChain","description":"Kaikista n\u00e4kyvin ongelma It\u00e4merell\u00e4 on rehev\u00f6ityminen, joka n\u00e4kyy kes\u00e4aikaan runsaina lev\u00e4kukintoina.","robots":{"index":"index","follow":"follow","max-snippet":"max-snippet:-1","max-image-preview":"max-image-preview:large","max-video-preview":"max-video-preview:-1"},"canonical":"https:\/\/www.waterchain.eu\/fi\/itameren-ongelmat\/","og_locale":"fi_FI","og_type":"article","og_title":"It\u00e4meren ongelmat - WaterChain","og_description":"Kaikista n\u00e4kyvin ongelma It\u00e4merell\u00e4 on rehev\u00f6ityminen, joka n\u00e4kyy kes\u00e4aikaan runsaina lev\u00e4kukintoina.","og_url":"https:\/\/www.waterchain.eu\/fi\/itameren-ongelmat\/","og_site_name":"WaterChain","article_modified_time":"2018-08-29T07:47:18+00:00","og_image":[{"width":1380,"height":793,"url":"https:\/\/www.waterchain.eu\/wp-content\/uploads\/2017\/09\/hero-baltic.jpg","type":"image\/jpeg"}],"twitter_card":"summary_large_image","twitter_misc":{"Arvioitu lukuaika":"1 minuutti"},"schema":{"@context":"https:\/\/schema.org","@graph":[{"@type":"WebPage","@id":"https:\/\/www.waterchain.eu\/fi\/itameren-ongelmat\/","url":"https:\/\/www.waterchain.eu\/fi\/itameren-ongelmat\/","name":"It\u00e4meren ongelmat - WaterChain","isPartOf":{"@id":"https:\/\/www.waterchain.eu\/#website"},"primaryImageOfPage":{"@id":"https:\/\/www.waterchain.eu\/fi\/itameren-ongelmat\/#primaryimage"},"image":{"@id":"https:\/\/www.waterchain.eu\/fi\/itameren-ongelmat\/#primaryimage"},"thumbnailUrl":"https:\/\/www.waterchain.eu\/wp-content\/uploads\/2017\/09\/hero-baltic.jpg","datePublished":"2018-06-05T08:24:07+00:00","dateModified":"2018-08-29T07:47:18+00:00","description":"Kaikista n\u00e4kyvin ongelma It\u00e4merell\u00e4 on rehev\u00f6ityminen, joka n\u00e4kyy kes\u00e4aikaan runsaina lev\u00e4kukintoina.","breadcrumb":{"@id":"https:\/\/www.waterchain.eu\/fi\/itameren-ongelmat\/#breadcrumb"},"inLanguage":"fi","potentialAction":[{"@type":"ReadAction","target":["https:\/\/www.waterchain.eu\/fi\/itameren-ongelmat\/"]}]},{"@type":"ImageObject","inLanguage":"fi","@id":"https:\/\/www.waterchain.eu\/fi\/itameren-ongelmat\/#primaryimage","url":"https:\/\/www.waterchain.eu\/wp-content\/uploads\/2017\/09\/hero-baltic.jpg","contentUrl":"https:\/\/www.waterchain.eu\/wp-content\/uploads\/2017\/09\/hero-baltic.jpg","width":1380,"height":793},{"@type":"BreadcrumbList","@id":"https:\/\/www.waterchain.eu\/fi\/itameren-ongelmat\/#breadcrumb","itemListElement":[{"@type":"ListItem","position":1,"name":"Home","item":"https:\/\/www.waterchain.eu\/fi\/"},{"@type":"ListItem","position":2,"name":"It\u00e4meren ongelmat"}]},{"@type":"WebSite","@id":"https:\/\/www.waterchain.eu\/#website","url":"https:\/\/www.waterchain.eu\/","name":"WaterChain","description":"Recovering the Baltic Sea","publisher":{"@id":"https:\/\/www.waterchain.eu\/#organization"},"potentialAction":[{"@type":"SearchAction","target":{"@type":"EntryPoint","urlTemplate":"https:\/\/www.waterchain.eu\/?s={search_term_string}"},"query-input":{"@type":"PropertyValueSpecification","valueRequired":true,"valueName":"search_term_string"}}],"inLanguage":"fi"},{"@type":"Organization","@id":"https:\/\/www.waterchain.eu\/#organization","name":"WaterChain","url":"https:\/\/www.waterchain.eu\/","logo":{"@type":"ImageObject","inLanguage":"fi","@id":"https:\/\/www.waterchain.eu\/#\/schema\/logo\/image\/","url":"https:\/\/www.waterchain.eu\/wp-content\/uploads\/2017\/09\/WaterChain-logo.png","contentUrl":"https:\/\/www.waterchain.eu\/wp-content\/uploads\/2017\/09\/WaterChain-logo.png","width":343,"height":120,"caption":"WaterChain"},"image":{"@id":"https:\/\/www.waterchain.eu\/#\/schema\/logo\/image\/"},"sameAs":["https:\/\/www.youtube.com\/channel\/UCz8GhExcENBWQYVkkpn_y3Q"]}]}},"_links":{"self":[{"href":"https:\/\/www.waterchain.eu\/fi\/wp-json\/wp\/v2\/pages\/1181","targetHints":{"allow":["GET"]}}],"collection":[{"href":"https:\/\/www.waterchain.eu\/fi\/wp-json\/wp\/v2\/pages"}],"about":[{"href":"https:\/\/www.waterchain.eu\/fi\/wp-json\/wp\/v2\/types\/page"}],"author":[{"embeddable":true,"href":"https:\/\/www.waterchain.eu\/fi\/wp-json\/wp\/v2\/users\/1"}],"replies":[{"embeddable":true,"href":"https:\/\/www.waterchain.eu\/fi\/wp-json\/wp\/v2\/comments?post=1181"}],"version-history":[{"count":8,"href":"https:\/\/www.waterchain.eu\/fi\/wp-json\/wp\/v2\/pages\/1181\/revisions"}],"predecessor-version":[{"id":3301,"href":"https:\/\/www.waterchain.eu\/fi\/wp-json\/wp\/v2\/pages\/1181\/revisions\/3301"}],"wp:featuredmedia":[{"embeddable":true,"href":"https:\/\/www.waterchain.eu\/fi\/wp-json\/wp\/v2\/media\/2137"}],"wp:attachment":[{"href":"https:\/\/www.waterchain.eu\/fi\/wp-json\/wp\/v2\/media?parent=1181"}],"curies":[{"name":"wp","href":"https:\/\/api.w.org\/{rel}","templated":true}]}}