{"id":1187,"date":"2018-06-05T11:52:27","date_gmt":"2018-06-05T08:52:27","guid":{"rendered":"https:\/\/waterchain.eu\/?page_id=1187"},"modified":"2018-08-29T10:51:58","modified_gmt":"2018-08-29T07:51:58","slug":"mita-mina-voin-tehda","status":"publish","type":"page","link":"https:\/\/www.waterchain.eu\/fi\/mita-mina-voin-tehda\/","title":{"rendered":"Mit\u00e4 min\u00e4 voin tehd\u00e4?"},"content":{"rendered":"<h2>Jokainen voi vaikuttaa.<\/h2>\n<h5>It\u00e4meren suojeleminen vaatii toimenpiteit\u00e4 sek\u00e4 maa- ett\u00e4 vesialueilla.<\/h5>\n<p>It\u00e4mereen p\u00e4\u00e4tyvien <a href=\"https:\/\/www.waterchain.eu\/fi\/mita-mina-voin-tehda\/ravinteet\/\">ravinteiden<\/a> ja <a href=\"https:\/\/www.waterchain.eu\/fi\/mita-mina-voin-tehda\/haitalliset-aineet\/\">haitallisten aineiden<\/a> est\u00e4minen ja v\u00e4hent\u00e4minen on suurelta osin valuma-alueella sijaitsevia valtioita koskeva poliittinen asia \u2013 niin kansallisesti kuin kansainv\u00e4lisestikin. Jokainen meist\u00e4 voi kuitenkin vaikuttaa omilla arkip\u00e4iv\u00e4isill\u00e4 valinnoillamme. <strong>Pienill\u00e4kin teoilla on merkityst\u00e4.<\/strong><\/p>\n<p>Tutustu ehdotuksiimme ja <a href=\"https:\/\/www.waterchain.eu\/fi\/mita-mina-voin-tehda\/lupaukseni-itamerelle\/\">tee oma lupauksesi It\u00e4merelle<\/a>.<\/p>\n<p><iframe width=\"560\" height=\"315\" src=\"https:\/\/www.youtube.com\/embed\/vodwf2ADgrM\" frameborder=\"0\" allow=\"autoplay; encrypted-media\" allowfullscreen><\/iframe><\/p>\n<h3>Euroopan unionin j\u00e4telains\u00e4\u00e4d\u00e4nt\u00f6 ja -politiikka asettavat t\u00e4rkeysj\u00e4rjestyksen j\u00e4tehuollolle.<\/h3>\n<ol>\n<li><strong>V\u00e4henn\u00e4<\/strong> j\u00e4tteen m\u00e4\u00e4r\u00e4\u00e4 ostamalla v\u00e4hemm\u00e4n. K\u00e4yt\u00e4 ja sy\u00f6 kaikki, mit\u00e4 ostat.<\/li>\n<li><strong>Kielt\u00e4ydy k\u00e4ytt\u00e4m\u00e4st\u00e4<\/strong> perfluorattuja yhdisteit\u00e4, kertak\u00e4ytt\u00f6muoveja, kemikaaleja ja torjunta-aineita, jotka aiheuttavat haittaa ymp\u00e4rist\u00f6lle ja ihmisille.<\/li>\n<li><strong>K\u00e4yt\u00e4 uudelleen ja korjaa<\/strong> sen mink\u00e4 pystyt. Laita kiertoon tavarat ja vaatteet, joita et tarvitse.<\/li>\n<li><strong>Lajittele ja kierr\u00e4t\u00e4!<\/strong> \u00c4l\u00e4 k\u00e4yt\u00e4 WC-p\u00f6ntt\u00f6\u00e4 roskiksena. Vie k\u00e4ytt\u00e4m\u00e4tt\u00f6m\u00e4t l\u00e4\u00e4kkeet takaisin apteekkiin ja poimi n\u00e4kem\u00e4si roskat.<\/li>\n<\/ol>\n<p><strong>Ymp\u00e4rist\u00f6ss\u00e4 oleva j\u00e4te on meid\u00e4n kaikkien yhteinen ongelma.<\/strong> Jokainen voi vaikuttaa valinnoillaan ja teoillaan!<\/p>\n<p><a href=\"https:\/\/www.waterchain.eu\/wp-content\/uploads\/2018\/06\/What-can-I-do_illustration-web.jpg\"><img fetchpriority=\"high\" decoding=\"async\" class=\"alignnone wp-image-1284 size-full\" src=\"https:\/\/www.waterchain.eu\/wp-content\/uploads\/2018\/06\/What-can-I-do_illustration-web.jpg\" alt=\"\" width=\"1000\" height=\"918\" srcset=\"https:\/\/www.waterchain.eu\/wp-content\/uploads\/2018\/06\/What-can-I-do_illustration-web.jpg 1000w, https:\/\/www.waterchain.eu\/wp-content\/uploads\/2018\/06\/What-can-I-do_illustration-web-768x705.jpg 768w\" sizes=\"(max-width: 1000px) 100vw, 1000px\" \/><\/a><\/p>\n","protected":false},"excerpt":{"rendered":"<p>Jokainen voi vaikuttaa. It\u00e4meren suojeleminen vaatii toimenpiteit\u00e4 sek\u00e4 maa- ett\u00e4 vesialueilla. It\u00e4mereen p\u00e4\u00e4tyvien ravinteiden ja haitallisten aineiden est\u00e4minen ja v\u00e4hent\u00e4minen on suurelta osin valuma-alueella sijaitsevia valtioita koskeva poliittinen asia \u2013 niin kansallisesti kuin kansainv\u00e4lisestikin. Jokainen meist\u00e4 voi kuitenkin vaikuttaa omilla arkip\u00e4iv\u00e4isill\u00e4 valinnoillamme. Pienill\u00e4kin teoilla on merkityst\u00e4. Tutustu ehdotuksiimme ja tee oma lupauksesi It\u00e4merelle. Euroopan unionin &#8230; <a title=\"Mit\u00e4 min\u00e4 voin tehd\u00e4?\" class=\"read-more\" href=\"https:\/\/www.waterchain.eu\/fi\/mita-mina-voin-tehda\/\" aria-label=\"Lue lis\u00e4\u00e4 aiheesta Mit\u00e4 min\u00e4 voin tehd\u00e4?\">Lue lis\u00e4\u00e4<\/a><\/p>\n","protected":false},"author":1,"featured_media":2109,"parent":0,"menu_order":64,"comment_status":"closed","ping_status":"closed","template":"","meta":{"_exactmetrics_skip_tracking":false,"_exactmetrics_sitenote_active":false,"_exactmetrics_sitenote_note":"","_exactmetrics_sitenote_category":0,"generate_page_header":"","footnotes":""},"class_list":["post-1187","page","type-page","status-publish","has-post-thumbnail"],"yoast_head":"<!-- This site is optimized with the Yoast SEO plugin v27.3 - https:\/\/yoast.com\/product\/yoast-seo-wordpress\/ -->\n<title>Mit\u00e4 min\u00e4 voin tehd\u00e4? - WaterChain<\/title>\n<meta name=\"description\" content=\"Jokainen meist\u00e4 voi vaikuttaa omilla arkip\u00e4iv\u00e4isill\u00e4 valinnoillamme It\u00e4meren suojeluun. Pienill\u00e4kin teoilla on merkityst\u00e4.\" \/>\n<meta name=\"robots\" content=\"index, follow, max-snippet:-1, max-image-preview:large, max-video-preview:-1\" \/>\n<link rel=\"canonical\" href=\"https:\/\/www.waterchain.eu\/fi\/mita-mina-voin-tehda\/\" \/>\n<meta property=\"og:locale\" content=\"fi_FI\" \/>\n<meta property=\"og:type\" content=\"article\" \/>\n<meta property=\"og:title\" content=\"Mit\u00e4 min\u00e4 voin tehd\u00e4? - WaterChain\" \/>\n<meta property=\"og:description\" content=\"Jokainen meist\u00e4 voi vaikuttaa omilla arkip\u00e4iv\u00e4isill\u00e4 valinnoillamme It\u00e4meren suojeluun. Pienill\u00e4kin teoilla on merkityst\u00e4.\" \/>\n<meta property=\"og:url\" content=\"https:\/\/www.waterchain.eu\/fi\/mita-mina-voin-tehda\/\" \/>\n<meta property=\"og:site_name\" content=\"WaterChain\" \/>\n<meta property=\"article:modified_time\" content=\"2018-08-29T07:51:58+00:00\" \/>\n<meta property=\"og:image\" content=\"https:\/\/www.waterchain.eu\/wp-content\/uploads\/2018\/04\/title-woman-on-beach-01.jpg\" \/>\n\t<meta property=\"og:image:width\" content=\"1600\" \/>\n\t<meta property=\"og:image:height\" content=\"1000\" \/>\n\t<meta property=\"og:image:type\" content=\"image\/jpeg\" \/>\n<meta name=\"twitter:card\" content=\"summary_large_image\" \/>\n<meta name=\"twitter:label1\" content=\"Arvioitu lukuaika\" \/>\n\t<meta name=\"twitter:data1\" content=\"1 minuutti\" \/>\n<script type=\"application\/ld+json\" class=\"yoast-schema-graph\">{\"@context\":\"https:\\\/\\\/schema.org\",\"@graph\":[{\"@type\":\"WebPage\",\"@id\":\"https:\\\/\\\/www.waterchain.eu\\\/fi\\\/mita-mina-voin-tehda\\\/\",\"url\":\"https:\\\/\\\/www.waterchain.eu\\\/fi\\\/mita-mina-voin-tehda\\\/\",\"name\":\"Mit\u00e4 min\u00e4 voin tehd\u00e4? - WaterChain\",\"isPartOf\":{\"@id\":\"https:\\\/\\\/www.waterchain.eu\\\/#website\"},\"primaryImageOfPage\":{\"@id\":\"https:\\\/\\\/www.waterchain.eu\\\/fi\\\/mita-mina-voin-tehda\\\/#primaryimage\"},\"image\":{\"@id\":\"https:\\\/\\\/www.waterchain.eu\\\/fi\\\/mita-mina-voin-tehda\\\/#primaryimage\"},\"thumbnailUrl\":\"https:\\\/\\\/www.waterchain.eu\\\/wp-content\\\/uploads\\\/2018\\\/04\\\/title-woman-on-beach-01.jpg\",\"datePublished\":\"2018-06-05T08:52:27+00:00\",\"dateModified\":\"2018-08-29T07:51:58+00:00\",\"description\":\"Jokainen meist\u00e4 voi vaikuttaa omilla arkip\u00e4iv\u00e4isill\u00e4 valinnoillamme It\u00e4meren suojeluun. Pienill\u00e4kin teoilla on merkityst\u00e4.\",\"breadcrumb\":{\"@id\":\"https:\\\/\\\/www.waterchain.eu\\\/fi\\\/mita-mina-voin-tehda\\\/#breadcrumb\"},\"inLanguage\":\"fi\",\"potentialAction\":[{\"@type\":\"ReadAction\",\"target\":[\"https:\\\/\\\/www.waterchain.eu\\\/fi\\\/mita-mina-voin-tehda\\\/\"]}]},{\"@type\":\"ImageObject\",\"inLanguage\":\"fi\",\"@id\":\"https:\\\/\\\/www.waterchain.eu\\\/fi\\\/mita-mina-voin-tehda\\\/#primaryimage\",\"url\":\"https:\\\/\\\/www.waterchain.eu\\\/wp-content\\\/uploads\\\/2018\\\/04\\\/title-woman-on-beach-01.jpg\",\"contentUrl\":\"https:\\\/\\\/www.waterchain.eu\\\/wp-content\\\/uploads\\\/2018\\\/04\\\/title-woman-on-beach-01.jpg\",\"width\":1600,\"height\":1000},{\"@type\":\"BreadcrumbList\",\"@id\":\"https:\\\/\\\/www.waterchain.eu\\\/fi\\\/mita-mina-voin-tehda\\\/#breadcrumb\",\"itemListElement\":[{\"@type\":\"ListItem\",\"position\":1,\"name\":\"Home\",\"item\":\"https:\\\/\\\/www.waterchain.eu\\\/fi\\\/\"},{\"@type\":\"ListItem\",\"position\":2,\"name\":\"Mit\u00e4 min\u00e4 voin tehd\u00e4?\"}]},{\"@type\":\"WebSite\",\"@id\":\"https:\\\/\\\/www.waterchain.eu\\\/#website\",\"url\":\"https:\\\/\\\/www.waterchain.eu\\\/\",\"name\":\"WaterChain\",\"description\":\"Recovering the Baltic Sea\",\"publisher\":{\"@id\":\"https:\\\/\\\/www.waterchain.eu\\\/#organization\"},\"potentialAction\":[{\"@type\":\"SearchAction\",\"target\":{\"@type\":\"EntryPoint\",\"urlTemplate\":\"https:\\\/\\\/www.waterchain.eu\\\/?s={search_term_string}\"},\"query-input\":{\"@type\":\"PropertyValueSpecification\",\"valueRequired\":true,\"valueName\":\"search_term_string\"}}],\"inLanguage\":\"fi\"},{\"@type\":\"Organization\",\"@id\":\"https:\\\/\\\/www.waterchain.eu\\\/#organization\",\"name\":\"WaterChain\",\"url\":\"https:\\\/\\\/www.waterchain.eu\\\/\",\"logo\":{\"@type\":\"ImageObject\",\"inLanguage\":\"fi\",\"@id\":\"https:\\\/\\\/www.waterchain.eu\\\/#\\\/schema\\\/logo\\\/image\\\/\",\"url\":\"https:\\\/\\\/www.waterchain.eu\\\/wp-content\\\/uploads\\\/2017\\\/09\\\/WaterChain-logo.png\",\"contentUrl\":\"https:\\\/\\\/www.waterchain.eu\\\/wp-content\\\/uploads\\\/2017\\\/09\\\/WaterChain-logo.png\",\"width\":343,\"height\":120,\"caption\":\"WaterChain\"},\"image\":{\"@id\":\"https:\\\/\\\/www.waterchain.eu\\\/#\\\/schema\\\/logo\\\/image\\\/\"},\"sameAs\":[\"https:\\\/\\\/www.youtube.com\\\/channel\\\/UCz8GhExcENBWQYVkkpn_y3Q\"]}]}<\/script>\n<!-- \/ Yoast SEO plugin. -->","yoast_head_json":{"title":"Mit\u00e4 min\u00e4 voin tehd\u00e4? - WaterChain","description":"Jokainen meist\u00e4 voi vaikuttaa omilla arkip\u00e4iv\u00e4isill\u00e4 valinnoillamme It\u00e4meren suojeluun. Pienill\u00e4kin teoilla on merkityst\u00e4.","robots":{"index":"index","follow":"follow","max-snippet":"max-snippet:-1","max-image-preview":"max-image-preview:large","max-video-preview":"max-video-preview:-1"},"canonical":"https:\/\/www.waterchain.eu\/fi\/mita-mina-voin-tehda\/","og_locale":"fi_FI","og_type":"article","og_title":"Mit\u00e4 min\u00e4 voin tehd\u00e4? - WaterChain","og_description":"Jokainen meist\u00e4 voi vaikuttaa omilla arkip\u00e4iv\u00e4isill\u00e4 valinnoillamme It\u00e4meren suojeluun. Pienill\u00e4kin teoilla on merkityst\u00e4.","og_url":"https:\/\/www.waterchain.eu\/fi\/mita-mina-voin-tehda\/","og_site_name":"WaterChain","article_modified_time":"2018-08-29T07:51:58+00:00","og_image":[{"width":1600,"height":1000,"url":"https:\/\/www.waterchain.eu\/wp-content\/uploads\/2018\/04\/title-woman-on-beach-01.jpg","type":"image\/jpeg"}],"twitter_card":"summary_large_image","twitter_misc":{"Arvioitu lukuaika":"1 minuutti"},"schema":{"@context":"https:\/\/schema.org","@graph":[{"@type":"WebPage","@id":"https:\/\/www.waterchain.eu\/fi\/mita-mina-voin-tehda\/","url":"https:\/\/www.waterchain.eu\/fi\/mita-mina-voin-tehda\/","name":"Mit\u00e4 min\u00e4 voin tehd\u00e4? - WaterChain","isPartOf":{"@id":"https:\/\/www.waterchain.eu\/#website"},"primaryImageOfPage":{"@id":"https:\/\/www.waterchain.eu\/fi\/mita-mina-voin-tehda\/#primaryimage"},"image":{"@id":"https:\/\/www.waterchain.eu\/fi\/mita-mina-voin-tehda\/#primaryimage"},"thumbnailUrl":"https:\/\/www.waterchain.eu\/wp-content\/uploads\/2018\/04\/title-woman-on-beach-01.jpg","datePublished":"2018-06-05T08:52:27+00:00","dateModified":"2018-08-29T07:51:58+00:00","description":"Jokainen meist\u00e4 voi vaikuttaa omilla arkip\u00e4iv\u00e4isill\u00e4 valinnoillamme It\u00e4meren suojeluun. Pienill\u00e4kin teoilla on merkityst\u00e4.","breadcrumb":{"@id":"https:\/\/www.waterchain.eu\/fi\/mita-mina-voin-tehda\/#breadcrumb"},"inLanguage":"fi","potentialAction":[{"@type":"ReadAction","target":["https:\/\/www.waterchain.eu\/fi\/mita-mina-voin-tehda\/"]}]},{"@type":"ImageObject","inLanguage":"fi","@id":"https:\/\/www.waterchain.eu\/fi\/mita-mina-voin-tehda\/#primaryimage","url":"https:\/\/www.waterchain.eu\/wp-content\/uploads\/2018\/04\/title-woman-on-beach-01.jpg","contentUrl":"https:\/\/www.waterchain.eu\/wp-content\/uploads\/2018\/04\/title-woman-on-beach-01.jpg","width":1600,"height":1000},{"@type":"BreadcrumbList","@id":"https:\/\/www.waterchain.eu\/fi\/mita-mina-voin-tehda\/#breadcrumb","itemListElement":[{"@type":"ListItem","position":1,"name":"Home","item":"https:\/\/www.waterchain.eu\/fi\/"},{"@type":"ListItem","position":2,"name":"Mit\u00e4 min\u00e4 voin tehd\u00e4?"}]},{"@type":"WebSite","@id":"https:\/\/www.waterchain.eu\/#website","url":"https:\/\/www.waterchain.eu\/","name":"WaterChain","description":"Recovering the Baltic Sea","publisher":{"@id":"https:\/\/www.waterchain.eu\/#organization"},"potentialAction":[{"@type":"SearchAction","target":{"@type":"EntryPoint","urlTemplate":"https:\/\/www.waterchain.eu\/?s={search_term_string}"},"query-input":{"@type":"PropertyValueSpecification","valueRequired":true,"valueName":"search_term_string"}}],"inLanguage":"fi"},{"@type":"Organization","@id":"https:\/\/www.waterchain.eu\/#organization","name":"WaterChain","url":"https:\/\/www.waterchain.eu\/","logo":{"@type":"ImageObject","inLanguage":"fi","@id":"https:\/\/www.waterchain.eu\/#\/schema\/logo\/image\/","url":"https:\/\/www.waterchain.eu\/wp-content\/uploads\/2017\/09\/WaterChain-logo.png","contentUrl":"https:\/\/www.waterchain.eu\/wp-content\/uploads\/2017\/09\/WaterChain-logo.png","width":343,"height":120,"caption":"WaterChain"},"image":{"@id":"https:\/\/www.waterchain.eu\/#\/schema\/logo\/image\/"},"sameAs":["https:\/\/www.youtube.com\/channel\/UCz8GhExcENBWQYVkkpn_y3Q"]}]}},"_links":{"self":[{"href":"https:\/\/www.waterchain.eu\/fi\/wp-json\/wp\/v2\/pages\/1187","targetHints":{"allow":["GET"]}}],"collection":[{"href":"https:\/\/www.waterchain.eu\/fi\/wp-json\/wp\/v2\/pages"}],"about":[{"href":"https:\/\/www.waterchain.eu\/fi\/wp-json\/wp\/v2\/types\/page"}],"author":[{"embeddable":true,"href":"https:\/\/www.waterchain.eu\/fi\/wp-json\/wp\/v2\/users\/1"}],"replies":[{"embeddable":true,"href":"https:\/\/www.waterchain.eu\/fi\/wp-json\/wp\/v2\/comments?post=1187"}],"version-history":[{"count":8,"href":"https:\/\/www.waterchain.eu\/fi\/wp-json\/wp\/v2\/pages\/1187\/revisions"}],"predecessor-version":[{"id":3306,"href":"https:\/\/www.waterchain.eu\/fi\/wp-json\/wp\/v2\/pages\/1187\/revisions\/3306"}],"wp:featuredmedia":[{"embeddable":true,"href":"https:\/\/www.waterchain.eu\/fi\/wp-json\/wp\/v2\/media\/2109"}],"wp:attachment":[{"href":"https:\/\/www.waterchain.eu\/fi\/wp-json\/wp\/v2\/media?parent=1187"}],"curies":[{"name":"wp","href":"https:\/\/api.w.org\/{rel}","templated":true}]}}