{"id":1189,"date":"2018-06-05T11:57:12","date_gmt":"2018-06-05T08:57:12","guid":{"rendered":"https:\/\/waterchain.eu\/?page_id=1189"},"modified":"2018-08-23T10:20:32","modified_gmt":"2018-08-23T07:20:32","slug":"ravinteet","status":"publish","type":"page","link":"https:\/\/www.waterchain.eu\/fi\/mita-mina-voin-tehda\/ravinteet\/","title":{"rendered":"Ravinteet"},"content":{"rendered":"<h2>Fosfori ja typpi<\/h2>\n<h5>It\u00e4meren suojeleminen vaatii toimenpiteit\u00e4 sek\u00e4 maa- ett\u00e4 vesialueilla. Ravinteiden ja haitallisten aineiden p\u00e4\u00e4tyminen It\u00e4mereen on pyritt\u00e4v\u00e4 est\u00e4m\u00e4\u00e4n \u2013 tai ainakin kuormitusta on v\u00e4hennett\u00e4v\u00e4. Tilanteen korjaaminen vaatii It\u00e4meren valuma-alueella sijaitsevien valtioiden poliittista p\u00e4\u00e4t\u00f6ksentekoa niin kansallisesti kuin kansainv\u00e4lisestikin.<\/h5>\n<p><strong>Jokainen meist\u00e4 voi kuitenkin vaikuttaa It\u00e4meren tilaan omilla arkip\u00e4iv\u00e4isill\u00e4 valinnoillaan.<\/strong> Ravinteiden p\u00e4\u00e4tymist\u00e4 vesiekosysteemeihin voidaan v\u00e4hent\u00e4\u00e4 esimerkiksi kulutusvalintoja muuttamalla, j\u00e4tevesien oikeanlaisella k\u00e4sittelyll\u00e4 sek\u00e4 maataloustoiminnan kehitt\u00e4misell\u00e4.<\/p>\n<ul>\n<li>K\u00e4yt\u00e4tk\u00f6 fosfaatittomia pesuaineita?<\/li>\n<li>K\u00e4sitteletk\u00f6 ja kierr\u00e4t\u00e4tk\u00f6 j\u00e4tteesi kunnolla? Onko sinulla komposti?<\/li>\n<li>Onko lannoitteiden k\u00e4ytt\u00f6 puutarhassasi v\u00e4ltt\u00e4m\u00e4t\u00f6nt\u00e4?<\/li>\n<li>Voisitko sy\u00f6d\u00e4 v\u00e4hemm\u00e4n lihaa ja suosia paikallisesti tuotettua ruokaa?<\/li>\n<li>K\u00e4sitell\u00e4\u00e4nk\u00f6 m\u00f6kkisi tai veneesi j\u00e4tevedet kunnolla?<\/li>\n<\/ul>\n<hr \/>\n\t<div class=\"gridable gridable--row\" >\n\t\t\t<div class=\"gridable--col col-6\" >\n\t\t<p><img fetchpriority=\"high\" decoding=\"async\" class=\"alignnone size-full wp-image-619\" src=\"https:\/\/www.waterchain.eu\/wp-content\/uploads\/2018\/07\/Consuming-behaviour_square.jpg\" alt=\"\" width=\"1280\" height=\"757\" \/><\/p>\t<\/div>\n\t<div class=\"gridable--col col-6\" >\n\t\t<h3>Valintamme kuluttajina<\/h3>\n<p>Suurin osa asioista, joita jokainen meist\u00e4 voi tehd\u00e4 It\u00e4mereen p\u00e4\u00e4tyvien ravinteiden v\u00e4hent\u00e4miseksi, liittyv\u00e4t\u00a0valintoihimme kuluttajina. Koska ruoantuotanto \u2013 toisin sanoen maatalous \u2013 aiheuttaa ravinnep\u00e4\u00e4st\u00f6j\u00e4 veteen, ei ole merkitykset\u00f6nt\u00e4, mit\u00e4 sy\u00f6mme.<\/p>\n<p>Lihantuotannosta aiheutuu enemm\u00e4n p\u00e4\u00e4st\u00f6j\u00e4 kuin kasvisruoan tuotannosta, joten lihankulutusta olisi v\u00e4hennett\u00e4v\u00e4. Lihantuotanto my\u00f6s kuluttaa vett\u00e4 monituhatkertaisesti kasvisten tuotantoon verrattuna. Valitsemalla paikallisesti tuotettuja tuotteita voimme omalta osaltamme v\u00e4hent\u00e4\u00e4 liikenteest\u00e4 aiheutuvia p\u00e4\u00e4st\u00f6j\u00e4 ja siten ilmalaskeumana It\u00e4mereen p\u00e4\u00e4tyvi\u00e4 ravinteita. Lis\u00e4ksi on \u00e4\u00e4rett\u00f6m\u00e4n t\u00e4rke\u00e4\u00e4 v\u00e4hent\u00e4\u00e4 ruokah\u00e4vikin m\u00e4\u00e4r\u00e4\u00e4.<\/p>\t<\/div>\n\t<\/div>\n\n<hr \/>\n\t<div class=\"gridable gridable--row\" >\n\t\t\t<div class=\"gridable--col col-6\" >\n\t\t<h3>J\u00e4tevedet<\/h3>\n<p>It\u00e4mereen p\u00e4\u00e4tyvien ravinteiden v\u00e4hent\u00e4misess\u00e4 on t\u00e4rke\u00e4\u00e4 varmistaa, ett\u00e4 j\u00e4tevesiemme k\u00e4sittely on kunnossa. Erityisesti haja-asutusalueilla sijaitsevien kiinteist\u00f6jen j\u00e4tevesien k\u00e4sittely ei yleens\u00e4 ole riitt\u00e4v\u00e4n tehokasta etenk\u00e4\u00e4n ravinteiden poiston kannalta. Kotitalouksissa on my\u00f6s t\u00e4rke\u00e4\u00e4 mietti\u00e4, mink\u00e4laisia pesuaineita k\u00e4ytet\u00e4\u00e4n, sill\u00e4 ne ja niiden sis\u00e4lt\u00e4m\u00e4t ravinteet voivat lopulta p\u00e4\u00e4ty\u00e4 mereen j\u00e4tevesij\u00e4rjestelmien kautta.<\/p>\t<\/div>\n\t<div class=\"gridable--col col-6\" >\n\t\t<p><a href=\"https:\/\/www.waterchain.eu\/wp-content\/uploads\/2018\/07\/nutrients-wastewater.jpg\"><img decoding=\"async\" class=\"alignnone size-medium wp-image-1642\" src=\"https:\/\/www.waterchain.eu\/wp-content\/uploads\/2018\/07\/Wastewater-treatment-plant_square.jpg\" alt=\"\" width=\"768\" height=\"454\" \/><\/a><\/p>\t<\/div>\n\t<\/div>\n\n<hr \/>\n\t<div class=\"gridable gridable--row\" >\n\t\t\t<div class=\"gridable--col col-6\" >\n\t\t<p><figure id=\"attachment_613\" aria-describedby=\"caption-attachment-613\" style=\"width: 1270px\" class=\"wp-caption alignnone\"><img decoding=\"async\" class=\"wp-image-613 size-full\" src=\"https:\/\/www.waterchain.eu\/wp-content\/uploads\/2018\/07\/Agriculture-and-nutrients_square.jpg\" alt=\"\" width=\"1280\" height=\"757\" \/><figcaption id=\"caption-attachment-613\" class=\"wp-caption-text\">\u00a9 TUAS, Water Engineering<\/figcaption><\/figure><\/p>\t<\/div>\n\t<div class=\"gridable--col col-6\" >\n\t\t<h3>Maatalous<\/h3>\n<p>Maataloudesta aiheutuvien ravinnep\u00e4\u00e4st\u00f6jen v\u00e4hent\u00e4minen tarvitsee parempien maanmuokkaus- ja lannoitusmenetelmien kehitt\u00e4mist\u00e4 ja k\u00e4ytt\u00f6\u00f6nottamista. Ensisijaisesti pit\u00e4isi varmistaa ravinteiden pysyminen pelloilla. Jos ravinteet kuitenkin huuhtoutuvat pelloilta vesist\u00f6ihin, niiden p\u00e4\u00e4tyminen mereen asti pit\u00e4isi est\u00e4\u00e4.<\/p>\n<p>Esimerkiksi kosteikot ja erilaiset suodattimet pid\u00e4tt\u00e4v\u00e4t ravinteita ja hidastavat veden virtaamista. T\u00e4m\u00e4n takia It\u00e4meren valuma-alueella jo olemassa olevien kosteikkojen suojeleminen on t\u00e4rke\u00e4\u00e4. Lis\u00e4ksi ravinnep\u00e4\u00e4st\u00f6j\u00e4 voidaan v\u00e4hent\u00e4\u00e4 kierr\u00e4tt\u00e4m\u00e4ll\u00e4 ravinteita. Katso t\u00e4st\u00e4 lis\u00e4\u00e4 kohdassa \u201d<a href=\"https:\/\/www.waterchain.eu\/fi\/parhaat-kaytannot\/ravinteet\/\">Parhaat k\u00e4yt\u00e4nn\u00f6t<\/a>\u201d.<\/p>\t<\/div>\n\t<\/div>\n\n<p>&nbsp;<\/p>\n<hr \/>\n<h5><em><strong>Jokainen meist\u00e4 voi auttaa v\u00e4hent\u00e4m\u00e4\u00e4n ravinteiden m\u00e4\u00e4r\u00e4\u00e4 It\u00e4meress\u00e4<\/strong> valitsemalla ymp\u00e4rist\u00f6yst\u00e4v\u00e4llisi\u00e4 ja paikallisia tuotteita sek\u00e4 k\u00e4ytt\u00e4m\u00e4ll\u00e4 parhaita k\u00e4ytett\u00e4viss\u00e4 olevia teknologioita maataloudessa ja j\u00e4tevesien k\u00e4sittelyss\u00e4. T\u00e4ten voimme my\u00f6s hidastaa <a href=\"https:\/\/www.waterchain.eu\/fi\/itameren-ongelmat\/\">rehev\u00f6itymist\u00e4<\/a>, joka on It\u00e4meren merkitt\u00e4vin ongelma.<\/em><\/h5>\n","protected":false},"excerpt":{"rendered":"<p>Fosfori ja typpi It\u00e4meren suojeleminen vaatii toimenpiteit\u00e4 sek\u00e4 maa- ett\u00e4 vesialueilla. Ravinteiden ja haitallisten aineiden p\u00e4\u00e4tyminen It\u00e4mereen on pyritt\u00e4v\u00e4 est\u00e4m\u00e4\u00e4n \u2013 tai ainakin kuormitusta on v\u00e4hennett\u00e4v\u00e4. Tilanteen korjaaminen vaatii It\u00e4meren valuma-alueella sijaitsevien valtioiden poliittista p\u00e4\u00e4t\u00f6ksentekoa niin kansallisesti kuin kansainv\u00e4lisestikin. Jokainen meist\u00e4 voi kuitenkin vaikuttaa It\u00e4meren tilaan omilla arkip\u00e4iv\u00e4isill\u00e4 valinnoillaan. Ravinteiden p\u00e4\u00e4tymist\u00e4 vesiekosysteemeihin voidaan v\u00e4hent\u00e4\u00e4 esimerkiksi &#8230; <a title=\"Ravinteet\" class=\"read-more\" href=\"https:\/\/www.waterchain.eu\/fi\/mita-mina-voin-tehda\/ravinteet\/\" aria-label=\"Lue lis\u00e4\u00e4 aiheesta Ravinteet\">Lue lis\u00e4\u00e4<\/a><\/p>\n","protected":false},"author":1,"featured_media":0,"parent":1187,"menu_order":21,"comment_status":"closed","ping_status":"closed","template":"","meta":{"_exactmetrics_skip_tracking":false,"_exactmetrics_sitenote_active":false,"_exactmetrics_sitenote_note":"","_exactmetrics_sitenote_category":0,"generate_page_header":"","footnotes":""},"class_list":["post-1189","page","type-page","status-publish"],"yoast_head":"<!-- This site is optimized with the Yoast SEO plugin v27.3 - https:\/\/yoast.com\/product\/yoast-seo-wordpress\/ -->\n<title>Ravinteet - WaterChain<\/title>\n<meta name=\"description\" content=\"Ravinteiden ja haitallisten aineiden p\u00e4\u00e4tyminen It\u00e4mereen on pyritt\u00e4v\u00e4 est\u00e4m\u00e4\u00e4n \u2013 tai ainakin kuormitusta on v\u00e4hennett\u00e4v\u00e4.\" \/>\n<meta name=\"robots\" content=\"index, follow, max-snippet:-1, max-image-preview:large, max-video-preview:-1\" \/>\n<link rel=\"canonical\" href=\"https:\/\/www.waterchain.eu\/fi\/mita-mina-voin-tehda\/ravinteet\/\" \/>\n<meta property=\"og:locale\" content=\"fi_FI\" \/>\n<meta property=\"og:type\" content=\"article\" \/>\n<meta property=\"og:title\" content=\"Ravinteet - WaterChain\" \/>\n<meta property=\"og:description\" content=\"Ravinteiden ja haitallisten aineiden p\u00e4\u00e4tyminen It\u00e4mereen on pyritt\u00e4v\u00e4 est\u00e4m\u00e4\u00e4n \u2013 tai ainakin kuormitusta on v\u00e4hennett\u00e4v\u00e4.\" \/>\n<meta property=\"og:url\" content=\"https:\/\/www.waterchain.eu\/fi\/mita-mina-voin-tehda\/ravinteet\/\" \/>\n<meta property=\"og:site_name\" content=\"WaterChain\" \/>\n<meta property=\"article:modified_time\" content=\"2018-08-23T07:20:32+00:00\" \/>\n<meta property=\"og:image\" content=\"https:\/\/www.waterchain.eu\/wp-content\/uploads\/2018\/07\/Consuming-behaviour_square.jpg\" \/>\n<meta name=\"twitter:card\" content=\"summary_large_image\" \/>\n<meta name=\"twitter:label1\" content=\"Arvioitu lukuaika\" \/>\n\t<meta name=\"twitter:data1\" content=\"2 minuuttia\" \/>\n<script type=\"application\/ld+json\" class=\"yoast-schema-graph\">{\"@context\":\"https:\\\/\\\/schema.org\",\"@graph\":[{\"@type\":\"WebPage\",\"@id\":\"https:\\\/\\\/www.waterchain.eu\\\/fi\\\/mita-mina-voin-tehda\\\/ravinteet\\\/\",\"url\":\"https:\\\/\\\/www.waterchain.eu\\\/fi\\\/mita-mina-voin-tehda\\\/ravinteet\\\/\",\"name\":\"Ravinteet - WaterChain\",\"isPartOf\":{\"@id\":\"https:\\\/\\\/www.waterchain.eu\\\/#website\"},\"primaryImageOfPage\":{\"@id\":\"https:\\\/\\\/www.waterchain.eu\\\/fi\\\/mita-mina-voin-tehda\\\/ravinteet\\\/#primaryimage\"},\"image\":{\"@id\":\"https:\\\/\\\/www.waterchain.eu\\\/fi\\\/mita-mina-voin-tehda\\\/ravinteet\\\/#primaryimage\"},\"thumbnailUrl\":\"https:\\\/\\\/www.waterchain.eu\\\/wp-content\\\/uploads\\\/2018\\\/07\\\/Consuming-behaviour_square.jpg\",\"datePublished\":\"2018-06-05T08:57:12+00:00\",\"dateModified\":\"2018-08-23T07:20:32+00:00\",\"description\":\"Ravinteiden ja haitallisten aineiden p\u00e4\u00e4tyminen It\u00e4mereen on pyritt\u00e4v\u00e4 est\u00e4m\u00e4\u00e4n \u2013 tai ainakin kuormitusta on v\u00e4hennett\u00e4v\u00e4.\",\"breadcrumb\":{\"@id\":\"https:\\\/\\\/www.waterchain.eu\\\/fi\\\/mita-mina-voin-tehda\\\/ravinteet\\\/#breadcrumb\"},\"inLanguage\":\"fi\",\"potentialAction\":[{\"@type\":\"ReadAction\",\"target\":[\"https:\\\/\\\/www.waterchain.eu\\\/fi\\\/mita-mina-voin-tehda\\\/ravinteet\\\/\"]}]},{\"@type\":\"ImageObject\",\"inLanguage\":\"fi\",\"@id\":\"https:\\\/\\\/www.waterchain.eu\\\/fi\\\/mita-mina-voin-tehda\\\/ravinteet\\\/#primaryimage\",\"url\":\"https:\\\/\\\/www.waterchain.eu\\\/wp-content\\\/uploads\\\/2018\\\/07\\\/Consuming-behaviour_square.jpg\",\"contentUrl\":\"https:\\\/\\\/www.waterchain.eu\\\/wp-content\\\/uploads\\\/2018\\\/07\\\/Consuming-behaviour_square.jpg\"},{\"@type\":\"BreadcrumbList\",\"@id\":\"https:\\\/\\\/www.waterchain.eu\\\/fi\\\/mita-mina-voin-tehda\\\/ravinteet\\\/#breadcrumb\",\"itemListElement\":[{\"@type\":\"ListItem\",\"position\":1,\"name\":\"Home\",\"item\":\"https:\\\/\\\/www.waterchain.eu\\\/fi\\\/\"},{\"@type\":\"ListItem\",\"position\":2,\"name\":\"Mit\u00e4 min\u00e4 voin tehd\u00e4?\",\"item\":\"https:\\\/\\\/www.waterchain.eu\\\/fi\\\/mita-mina-voin-tehda\\\/\"},{\"@type\":\"ListItem\",\"position\":3,\"name\":\"Ravinteet\"}]},{\"@type\":\"WebSite\",\"@id\":\"https:\\\/\\\/www.waterchain.eu\\\/#website\",\"url\":\"https:\\\/\\\/www.waterchain.eu\\\/\",\"name\":\"WaterChain\",\"description\":\"Recovering the Baltic Sea\",\"publisher\":{\"@id\":\"https:\\\/\\\/www.waterchain.eu\\\/#organization\"},\"potentialAction\":[{\"@type\":\"SearchAction\",\"target\":{\"@type\":\"EntryPoint\",\"urlTemplate\":\"https:\\\/\\\/www.waterchain.eu\\\/?s={search_term_string}\"},\"query-input\":{\"@type\":\"PropertyValueSpecification\",\"valueRequired\":true,\"valueName\":\"search_term_string\"}}],\"inLanguage\":\"fi\"},{\"@type\":\"Organization\",\"@id\":\"https:\\\/\\\/www.waterchain.eu\\\/#organization\",\"name\":\"WaterChain\",\"url\":\"https:\\\/\\\/www.waterchain.eu\\\/\",\"logo\":{\"@type\":\"ImageObject\",\"inLanguage\":\"fi\",\"@id\":\"https:\\\/\\\/www.waterchain.eu\\\/#\\\/schema\\\/logo\\\/image\\\/\",\"url\":\"https:\\\/\\\/www.waterchain.eu\\\/wp-content\\\/uploads\\\/2017\\\/09\\\/WaterChain-logo.png\",\"contentUrl\":\"https:\\\/\\\/www.waterchain.eu\\\/wp-content\\\/uploads\\\/2017\\\/09\\\/WaterChain-logo.png\",\"width\":343,\"height\":120,\"caption\":\"WaterChain\"},\"image\":{\"@id\":\"https:\\\/\\\/www.waterchain.eu\\\/#\\\/schema\\\/logo\\\/image\\\/\"},\"sameAs\":[\"https:\\\/\\\/www.youtube.com\\\/channel\\\/UCz8GhExcENBWQYVkkpn_y3Q\"]}]}<\/script>\n<!-- \/ Yoast SEO plugin. -->","yoast_head_json":{"title":"Ravinteet - WaterChain","description":"Ravinteiden ja haitallisten aineiden p\u00e4\u00e4tyminen It\u00e4mereen on pyritt\u00e4v\u00e4 est\u00e4m\u00e4\u00e4n \u2013 tai ainakin kuormitusta on v\u00e4hennett\u00e4v\u00e4.","robots":{"index":"index","follow":"follow","max-snippet":"max-snippet:-1","max-image-preview":"max-image-preview:large","max-video-preview":"max-video-preview:-1"},"canonical":"https:\/\/www.waterchain.eu\/fi\/mita-mina-voin-tehda\/ravinteet\/","og_locale":"fi_FI","og_type":"article","og_title":"Ravinteet - WaterChain","og_description":"Ravinteiden ja haitallisten aineiden p\u00e4\u00e4tyminen It\u00e4mereen on pyritt\u00e4v\u00e4 est\u00e4m\u00e4\u00e4n \u2013 tai ainakin kuormitusta on v\u00e4hennett\u00e4v\u00e4.","og_url":"https:\/\/www.waterchain.eu\/fi\/mita-mina-voin-tehda\/ravinteet\/","og_site_name":"WaterChain","article_modified_time":"2018-08-23T07:20:32+00:00","og_image":[{"url":"https:\/\/www.waterchain.eu\/wp-content\/uploads\/2018\/07\/Consuming-behaviour_square.jpg","type":"","width":"","height":""}],"twitter_card":"summary_large_image","twitter_misc":{"Arvioitu lukuaika":"2 minuuttia"},"schema":{"@context":"https:\/\/schema.org","@graph":[{"@type":"WebPage","@id":"https:\/\/www.waterchain.eu\/fi\/mita-mina-voin-tehda\/ravinteet\/","url":"https:\/\/www.waterchain.eu\/fi\/mita-mina-voin-tehda\/ravinteet\/","name":"Ravinteet - WaterChain","isPartOf":{"@id":"https:\/\/www.waterchain.eu\/#website"},"primaryImageOfPage":{"@id":"https:\/\/www.waterchain.eu\/fi\/mita-mina-voin-tehda\/ravinteet\/#primaryimage"},"image":{"@id":"https:\/\/www.waterchain.eu\/fi\/mita-mina-voin-tehda\/ravinteet\/#primaryimage"},"thumbnailUrl":"https:\/\/www.waterchain.eu\/wp-content\/uploads\/2018\/07\/Consuming-behaviour_square.jpg","datePublished":"2018-06-05T08:57:12+00:00","dateModified":"2018-08-23T07:20:32+00:00","description":"Ravinteiden ja haitallisten aineiden p\u00e4\u00e4tyminen It\u00e4mereen on pyritt\u00e4v\u00e4 est\u00e4m\u00e4\u00e4n \u2013 tai ainakin kuormitusta on v\u00e4hennett\u00e4v\u00e4.","breadcrumb":{"@id":"https:\/\/www.waterchain.eu\/fi\/mita-mina-voin-tehda\/ravinteet\/#breadcrumb"},"inLanguage":"fi","potentialAction":[{"@type":"ReadAction","target":["https:\/\/www.waterchain.eu\/fi\/mita-mina-voin-tehda\/ravinteet\/"]}]},{"@type":"ImageObject","inLanguage":"fi","@id":"https:\/\/www.waterchain.eu\/fi\/mita-mina-voin-tehda\/ravinteet\/#primaryimage","url":"https:\/\/www.waterchain.eu\/wp-content\/uploads\/2018\/07\/Consuming-behaviour_square.jpg","contentUrl":"https:\/\/www.waterchain.eu\/wp-content\/uploads\/2018\/07\/Consuming-behaviour_square.jpg"},{"@type":"BreadcrumbList","@id":"https:\/\/www.waterchain.eu\/fi\/mita-mina-voin-tehda\/ravinteet\/#breadcrumb","itemListElement":[{"@type":"ListItem","position":1,"name":"Home","item":"https:\/\/www.waterchain.eu\/fi\/"},{"@type":"ListItem","position":2,"name":"Mit\u00e4 min\u00e4 voin tehd\u00e4?","item":"https:\/\/www.waterchain.eu\/fi\/mita-mina-voin-tehda\/"},{"@type":"ListItem","position":3,"name":"Ravinteet"}]},{"@type":"WebSite","@id":"https:\/\/www.waterchain.eu\/#website","url":"https:\/\/www.waterchain.eu\/","name":"WaterChain","description":"Recovering the Baltic Sea","publisher":{"@id":"https:\/\/www.waterchain.eu\/#organization"},"potentialAction":[{"@type":"SearchAction","target":{"@type":"EntryPoint","urlTemplate":"https:\/\/www.waterchain.eu\/?s={search_term_string}"},"query-input":{"@type":"PropertyValueSpecification","valueRequired":true,"valueName":"search_term_string"}}],"inLanguage":"fi"},{"@type":"Organization","@id":"https:\/\/www.waterchain.eu\/#organization","name":"WaterChain","url":"https:\/\/www.waterchain.eu\/","logo":{"@type":"ImageObject","inLanguage":"fi","@id":"https:\/\/www.waterchain.eu\/#\/schema\/logo\/image\/","url":"https:\/\/www.waterchain.eu\/wp-content\/uploads\/2017\/09\/WaterChain-logo.png","contentUrl":"https:\/\/www.waterchain.eu\/wp-content\/uploads\/2017\/09\/WaterChain-logo.png","width":343,"height":120,"caption":"WaterChain"},"image":{"@id":"https:\/\/www.waterchain.eu\/#\/schema\/logo\/image\/"},"sameAs":["https:\/\/www.youtube.com\/channel\/UCz8GhExcENBWQYVkkpn_y3Q"]}]}},"_links":{"self":[{"href":"https:\/\/www.waterchain.eu\/fi\/wp-json\/wp\/v2\/pages\/1189","targetHints":{"allow":["GET"]}}],"collection":[{"href":"https:\/\/www.waterchain.eu\/fi\/wp-json\/wp\/v2\/pages"}],"about":[{"href":"https:\/\/www.waterchain.eu\/fi\/wp-json\/wp\/v2\/types\/page"}],"author":[{"embeddable":true,"href":"https:\/\/www.waterchain.eu\/fi\/wp-json\/wp\/v2\/users\/1"}],"replies":[{"embeddable":true,"href":"https:\/\/www.waterchain.eu\/fi\/wp-json\/wp\/v2\/comments?post=1189"}],"version-history":[{"count":17,"href":"https:\/\/www.waterchain.eu\/fi\/wp-json\/wp\/v2\/pages\/1189\/revisions"}],"predecessor-version":[{"id":1873,"href":"https:\/\/www.waterchain.eu\/fi\/wp-json\/wp\/v2\/pages\/1189\/revisions\/1873"}],"up":[{"embeddable":true,"href":"https:\/\/www.waterchain.eu\/fi\/wp-json\/wp\/v2\/pages\/1187"}],"wp:attachment":[{"href":"https:\/\/www.waterchain.eu\/fi\/wp-json\/wp\/v2\/media?parent=1189"}],"curies":[{"name":"wp","href":"https:\/\/api.w.org\/{rel}","templated":true}]}}