{"id":1206,"date":"2018-06-06T13:30:35","date_gmt":"2018-06-06T10:30:35","guid":{"rendered":"https:\/\/waterchain.eu\/?page_id=1206"},"modified":"2018-08-23T10:45:03","modified_gmt":"2018-08-23T07:45:03","slug":"tietoisuuden-lisaaminen","status":"publish","type":"page","link":"https:\/\/www.waterchain.eu\/fi\/parhaat-kaytannot\/tietoisuuden-lisaaminen\/","title":{"rendered":"Tietoisuuden lis\u00e4\u00e4minen"},"content":{"rendered":"<h2>Tietoisuuden lis\u00e4\u00e4minen<\/h2>\n<h5>Ymp\u00e4rist\u00f6nsuojelu on maailmanlaajuinen huolenaihe ja jokaisen vastuulla. Se vaatii pitk\u00e4j\u00e4nteist\u00e4 ty\u00f6panosta ja sen sis\u00e4ist\u00e4mist\u00e4, ett\u00e4 jokaisella teolla on merkityst\u00e4 \u2013 oli se miten pieni teko tahansa.<\/h5>\n<p>It\u00e4meri on jo vuosien ajan kamppaillut erilaisten ongelmien kanssa. Vaikka ihmisten ekologinen tietoisuus lis\u00e4\u00e4ntyy koko ajan, jokaisen on n\u00e4ht\u00e4v\u00e4 vaivaa ymp\u00e4rist\u00f6st\u00e4 huolehtimiseksi. Yksi tapa antaa oma panoksensa It\u00e4meren hyvinvoinnin eteen on jakaa tietoa erilaisin viestinn\u00e4n keinoin. WaterChain-hankkeessa on j\u00e4rjestetty parin vuoden aikana kampanjoita, kilpailuja ja tapahtumia aikana sanan levitt\u00e4miseksi. P\u00e4\u00e4tavoite on ollut saada kansalaiset aktivoitumaan ja osallistumaan It\u00e4meren suojeluun kannustamalla heit\u00e4 miettim\u00e4\u00e4n, mit\u00e4 he voisivat tehd\u00e4 It\u00e4meren elvytt\u00e4miseksi.<\/p>\n<hr \/>\n\n\n\n<div id=\"wpv-view-layout-433\" class=\"js-wpv-view-layout js-wpv-layout-responsive js-wpv-view-layout-433\" data-viewnumber=\"433\" data-pagination=\"{&quot;id&quot;:433,&quot;query&quot;:&quot;normal&quot;,&quot;type&quot;:&quot;disabled&quot;,&quot;effect&quot;:&quot;fade&quot;,&quot;duration&quot;:500,&quot;speed&quot;:5,&quot;pause_on_hover&quot;:&quot;disabled&quot;,&quot;stop_rollover&quot;:&quot;false&quot;,&quot;cache_pages&quot;:&quot;enabled&quot;,&quot;preload_images&quot;:&quot;enabled&quot;,&quot;preload_pages&quot;:&quot;enabled&quot;,&quot;preload_reach&quot;:1,&quot;spinner&quot;:&quot;builtin&quot;,&quot;spinner_image&quot;:&quot;https:\/\/www.waterchain.eu\/wp-content\/plugins\/wp-views\/embedded\/res\/img\/ajax-loader.gif&quot;,&quot;callback_next&quot;:&quot;&quot;,&quot;manage_history&quot;:&quot;enabled&quot;,&quot;has_controls_in_form&quot;:&quot;disabled&quot;,&quot;infinite_tolerance&quot;:&quot;0&quot;,&quot;max_pages&quot;:0,&quot;page&quot;:1,&quot;base_permalink&quot;:&quot;\/fi\/wp-json\/wp\/v2\/pages\/1206?wpv_view_count=433&amp;wpv_paged=WPV_PAGE_NUM&quot;,&quot;loop&quot;:{&quot;type&quot;:&quot;&quot;,&quot;name&quot;:&quot;&quot;,&quot;data&quot;:[],&quot;id&quot;:0}}\" data-permalink=\"\/fi\/wp-json\/wp\/v2\/pages\/1206?wpv_view_count=433\">\n\n<div class=\"campaigns-list\">\n\t\n\t\n\t\t\n            <div class=\"campaign-item\">\n              <img fetchpriority=\"high\" decoding=\"async\" fetchpriority=\"high\" width=\"768\" height=\"512\" src=\"https:\/\/www.waterchain.eu\/wp-content\/uploads\/2018\/03\/BalticSeaSavers-768x512.jpg\" class=\"attachment-medium size-medium feature wp-post-image\" alt=\"\" srcset=\"https:\/\/www.waterchain.eu\/wp-content\/uploads\/2018\/03\/BalticSeaSavers-768x512.jpg 768w, https:\/\/www.waterchain.eu\/wp-content\/uploads\/2018\/03\/BalticSeaSavers.jpg 1280w\" sizes=\"(max-width: 768px) 100vw, 768px\" \/>\n          \t\t  <h3><a href=\"https:\/\/www.waterchain.eu\/fi\/campaign\/baltic-sea-savers-itameren-pelastajat\/\">Baltic Sea Savers (It\u00e4meren pelastajat)<\/a><\/h3>\n          \t\t  <p>Syyskuussa 2016 lanseerattiin sosiaalisen median kampanja It\u00e4meren pelastamiseksi. Kampanjan tavoite oli saada etenkin nuoriso tietoiseksi It\u00e4meren vedenlaadun haasteista.<\/p>\n          \t\t  <a href=\"https:\/\/www.waterchain.eu\/fi\/campaign\/baltic-sea-savers-itameren-pelastajat\/\" class=\"readmore\">Lue lis\u00e4\u00e4<\/a>\n            <\/div>\n\t\t\n            <div class=\"campaign-item\">\n              <img loading=\"lazy\" decoding=\"async\" width=\"768\" height=\"512\" src=\"https:\/\/www.waterchain.eu\/wp-content\/uploads\/2018\/06\/Rock-the-Baltic-Sea-campaign-768x512.jpg\" class=\"attachment-medium size-medium feature wp-post-image\" alt=\"\" srcset=\"https:\/\/www.waterchain.eu\/wp-content\/uploads\/2018\/06\/Rock-the-Baltic-Sea-campaign-768x512.jpg 768w, https:\/\/www.waterchain.eu\/wp-content\/uploads\/2018\/06\/Rock-the-Baltic-Sea-campaign-1280x853.jpg 1280w\" sizes=\"(max-width: 768px) 100vw, 768px\" \/>\n          \t\t  <h3><a href=\"https:\/\/www.waterchain.eu\/fi\/campaign\/rock-the-baltic-sea\/\">Rock the Baltic Sea<\/a><\/h3>\n          \t\t  <p>Rock the Baltic Sea -kampanja aloitettiin vuonna 2017. Sen tavoitteena on lis\u00e4t\u00e4 ihmisten tietoisuutta vesiensuojelusta sek\u00e4 It\u00e4meren vuosien saatossa kohtaamista ongelmista, joita vastaan se yh\u00e4 taistelee.<\/p>\n          \t\t  <a href=\"https:\/\/www.waterchain.eu\/fi\/campaign\/rock-the-baltic-sea\/\" class=\"readmore\">Lue lis\u00e4\u00e4<\/a>\n            <\/div>\n\t\t\n            <div class=\"campaign-item\">\n              <img loading=\"lazy\" decoding=\"async\" width=\"768\" height=\"512\" src=\"https:\/\/www.waterchain.eu\/wp-content\/uploads\/2018\/03\/LatvianSummerSchool-768x512.jpg\" class=\"attachment-medium size-medium feature wp-post-image\" alt=\"\" srcset=\"https:\/\/www.waterchain.eu\/wp-content\/uploads\/2018\/03\/LatvianSummerSchool-768x512.jpg 768w, https:\/\/www.waterchain.eu\/wp-content\/uploads\/2018\/03\/LatvianSummerSchool.jpg 1280w\" sizes=\"(max-width: 768px) 100vw, 768px\" \/>\n          \t\t  <h3><a href=\"https:\/\/www.waterchain.eu\/fi\/campaign\/latvian-kesakoulu\/\">Latvian kes\u00e4koulu<\/a><\/h3>\n          \t\t  <p>Institute for Environmental Solutions (IES) j\u00e4rjesti kymmenen p\u00e4iv\u00e4\u00e4 kest\u00e4neen kansainv\u00e4lisen kes\u00e4koulun opiskelijoille Ungurs-j\u00e4rven rannalla Latviassa elokuun 2017 lopussa.<\/p>\n          \t\t  <a href=\"https:\/\/www.waterchain.eu\/fi\/campaign\/latvian-kesakoulu\/\" class=\"readmore\">Lue lis\u00e4\u00e4<\/a>\n            <\/div>\n\t\t\n            <div class=\"campaign-item\">\n              <img loading=\"lazy\" decoding=\"async\" loading=\"lazy\" width=\"768\" height=\"512\" src=\"https:\/\/www.waterchain.eu\/wp-content\/uploads\/2018\/03\/Pest_exhib_1_By-Tallinna-U\u0308likool-768x512.jpg\" class=\"attachment-medium size-medium feature wp-post-image\" alt=\"\" srcset=\"https:\/\/www.waterchain.eu\/wp-content\/uploads\/2018\/03\/Pest_exhib_1_By-Tallinna-U\u0308likool-768x512.jpg 768w, https:\/\/www.waterchain.eu\/wp-content\/uploads\/2018\/03\/Pest_exhib_1_By-Tallinna-U\u0308likool-1280x853.jpg 1280w, https:\/\/www.waterchain.eu\/wp-content\/uploads\/2018\/03\/Pest_exhib_1_By-Tallinna-U\u0308likool.jpg 2048w\" sizes=\"auto, (max-width: 768px) 100vw, 768px\" \/>\n          \t\t  <h3><a href=\"https:\/\/www.waterchain.eu\/fi\/campaign\/torjunta-ainenayttely\/\">Torjunta-ainen\u00e4yttely<\/a><\/h3>\n          \t\t  <p>Taiteen ja tieteen yhdist\u00e4misen avulla tuotiin torjunta-aineiden aiheuttamat ongelmat l\u00e4hemm\u00e4s ihmisi\u00e4. \u201dPesticides\u201d-n\u00e4yttely oli esill\u00e4 Tallinnan yliopistossa ja Tallinnan teknisess\u00e4 yliopistossa vuosina 2017 ja 2018.<\/p>\n          \t\t  <a href=\"https:\/\/www.waterchain.eu\/fi\/campaign\/torjunta-ainenayttely\/\" class=\"readmore\">Lue lis\u00e4\u00e4<\/a>\n            <\/div>\n\t\t\n            <div class=\"campaign-item\">\n              <img loading=\"lazy\" decoding=\"async\" loading=\"lazy\" width=\"768\" height=\"512\" src=\"https:\/\/www.waterchain.eu\/wp-content\/uploads\/2018\/03\/LetsDoIt-768x512.jpg\" class=\"attachment-medium size-medium feature wp-post-image\" alt=\"\" srcset=\"https:\/\/www.waterchain.eu\/wp-content\/uploads\/2018\/03\/LetsDoIt-768x512.jpg 768w, https:\/\/www.waterchain.eu\/wp-content\/uploads\/2018\/03\/LetsDoIt-1280x853.jpg 1280w, https:\/\/www.waterchain.eu\/wp-content\/uploads\/2018\/03\/LetsDoIt.jpg 1282w\" sizes=\"auto, (max-width: 768px) 100vw, 768px\" \/>\n          \t\t  <h3><a href=\"https:\/\/www.waterchain.eu\/fi\/campaign\/lets-do-it-siivouskampanja\/\">Let\u2019s Do It! -siivouskampanja<\/a><\/h3>\n          \t\t  <p>Let\u2019s Do It! Kansalaisten joukkoliike tavoitteenaan siivota maapallo yhdess\u00e4 p\u00e4iv\u00e4ss\u00e4 \u2013 Maailman siivousp\u00e4iv\u00e4n\u00e4 15.9.2018.<\/p>\n          \t\t  <a href=\"https:\/\/www.waterchain.eu\/fi\/campaign\/lets-do-it-siivouskampanja\/\" class=\"readmore\">Lue lis\u00e4\u00e4<\/a>\n            <\/div>\n\t\t\n            <div class=\"campaign-item\">\n              <img loading=\"lazy\" decoding=\"async\" loading=\"lazy\" width=\"768\" height=\"512\" src=\"https:\/\/www.waterchain.eu\/wp-content\/uploads\/2018\/03\/Meremme-Ta\u0308hden-1-35-768x512.jpg\" class=\"attachment-medium size-medium feature wp-post-image\" alt=\"\" srcset=\"https:\/\/www.waterchain.eu\/wp-content\/uploads\/2018\/03\/Meremme-Ta\u0308hden-1-35-768x512.jpg 768w, https:\/\/www.waterchain.eu\/wp-content\/uploads\/2018\/03\/Meremme-Ta\u0308hden-1-35-1280x853.jpg 1280w, https:\/\/www.waterchain.eu\/wp-content\/uploads\/2018\/03\/Meremme-Ta\u0308hden-1-35.jpg 1920w\" sizes=\"auto, (max-width: 768px) 100vw, 768px\" \/>\n          \t\t  <h3><a href=\"https:\/\/www.waterchain.eu\/fi\/campaign\/meremme-tahden-2017-ja-2018\/\">Meremme t\u00e4hden 2017 ja 2018<\/a><\/h3>\n          \t\t  <p>Vuosina 2017 ja 2018 j\u00e4rjestetty tapahtuma sis\u00e4lsi lyhyit\u00e4 esityksi\u00e4 ja aktiivisia toimintapisteit\u00e4, joiden avulla pyrittiin saamaan ihmiset tietoisiksi siit\u00e4, ett\u00e4 It\u00e4meren suojelu ei ole \u201djonkun muun teht\u00e4v\u00e4\u201d vaan meid\u00e4n kaikkien vastuulla.<\/p>\n          \t\t  <a href=\"https:\/\/www.waterchain.eu\/fi\/campaign\/meremme-tahden-2017-ja-2018\/\" class=\"readmore\">Lue lis\u00e4\u00e4<\/a>\n            <\/div>\n\t\t\n            <div class=\"campaign-item\">\n              <img loading=\"lazy\" decoding=\"async\" loading=\"lazy\" width=\"768\" height=\"510\" src=\"https:\/\/www.waterchain.eu\/wp-content\/uploads\/2018\/04\/live-concert-768x510.jpg\" class=\"attachment-medium size-medium feature wp-post-image\" alt=\"\" srcset=\"https:\/\/www.waterchain.eu\/wp-content\/uploads\/2018\/04\/live-concert-768x510.jpg 768w, https:\/\/www.waterchain.eu\/wp-content\/uploads\/2018\/04\/live-concert-1280x850.jpg 1280w, https:\/\/www.waterchain.eu\/wp-content\/uploads\/2018\/04\/live-concert.jpg 1400w\" sizes=\"auto, (max-width: 768px) 100vw, 768px\" \/>\n          \t\t  <h3><a href=\"https:\/\/www.waterchain.eu\/fi\/campaign\/kestavat-tapahtumat\/\">Kest\u00e4v\u00e4t tapahtumat<\/a><\/h3>\n          \t\t  <p>Tarkistuslista ymp\u00e4rist\u00f6\u00e4 s\u00e4\u00e4st\u00e4vien tapahtumien j\u00e4rjest\u00e4jille kehitettiin yhteisty\u00f6ss\u00e4 festivaali&shy;j\u00e4rjest\u00e4j\u00e4n kanssa ja on nyt muiden tapahtuma&shy;j\u00e4rjest\u00e4jien hy\u00f6dynnett\u00e4viss\u00e4.<\/p>\n          \t\t  <a href=\"https:\/\/www.waterchain.eu\/fi\/campaign\/kestavat-tapahtumat\/\" class=\"readmore\">Lue lis\u00e4\u00e4<\/a>\n            <\/div>\n\t\t\n\t\n\t\n\t\n<\/div>\n<\/div>\n\n","protected":false},"excerpt":{"rendered":"<p>Tietoisuuden lis\u00e4\u00e4minen Ymp\u00e4rist\u00f6nsuojelu on maailmanlaajuinen huolenaihe ja jokaisen vastuulla. Se vaatii pitk\u00e4j\u00e4nteist\u00e4 ty\u00f6panosta ja sen sis\u00e4ist\u00e4mist\u00e4, ett\u00e4 jokaisella teolla on merkityst\u00e4 \u2013 oli se miten pieni teko tahansa. It\u00e4meri on jo vuosien ajan kamppaillut erilaisten ongelmien kanssa. Vaikka ihmisten ekologinen tietoisuus lis\u00e4\u00e4ntyy koko ajan, jokaisen on n\u00e4ht\u00e4v\u00e4 vaivaa ymp\u00e4rist\u00f6st\u00e4 huolehtimiseksi. Yksi tapa antaa oma panoksensa &#8230; <a title=\"Tietoisuuden lis\u00e4\u00e4minen\" class=\"read-more\" href=\"https:\/\/www.waterchain.eu\/fi\/parhaat-kaytannot\/tietoisuuden-lisaaminen\/\" aria-label=\"Lue lis\u00e4\u00e4 aiheesta Tietoisuuden lis\u00e4\u00e4minen\">Lue lis\u00e4\u00e4<\/a><\/p>\n","protected":false},"author":1,"featured_media":0,"parent":1198,"menu_order":58,"comment_status":"closed","ping_status":"closed","template":"","meta":{"_exactmetrics_skip_tracking":false,"_exactmetrics_sitenote_active":false,"_exactmetrics_sitenote_note":"","_exactmetrics_sitenote_category":0,"generate_page_header":"","footnotes":""},"class_list":["post-1206","page","type-page","status-publish"],"yoast_head":"<!-- This site is optimized with the Yoast SEO plugin v27.3 - https:\/\/yoast.com\/product\/yoast-seo-wordpress\/ -->\n<title>Tietoisuuden lis\u00e4\u00e4minen - WaterChain<\/title>\n<meta name=\"description\" content=\"Ymp\u00e4rist\u00f6nsuojelu vaatii pitk\u00e4j\u00e4nteist\u00e4 ty\u00f6panosta ja sen sis\u00e4ist\u00e4mist\u00e4, ett\u00e4 jokaisella teolla on merkityst\u00e4 \u2013 oli se miten pieni teko tahansa.\" \/>\n<meta name=\"robots\" content=\"index, follow, max-snippet:-1, max-image-preview:large, max-video-preview:-1\" \/>\n<link rel=\"canonical\" href=\"https:\/\/www.waterchain.eu\/fi\/parhaat-kaytannot\/tietoisuuden-lisaaminen\/\" \/>\n<meta property=\"og:locale\" content=\"fi_FI\" \/>\n<meta property=\"og:type\" content=\"article\" \/>\n<meta property=\"og:title\" content=\"Tietoisuuden lis\u00e4\u00e4minen - WaterChain\" \/>\n<meta property=\"og:description\" content=\"Ymp\u00e4rist\u00f6nsuojelu vaatii pitk\u00e4j\u00e4nteist\u00e4 ty\u00f6panosta ja sen sis\u00e4ist\u00e4mist\u00e4, ett\u00e4 jokaisella teolla on merkityst\u00e4 \u2013 oli se miten pieni teko tahansa.\" \/>\n<meta property=\"og:url\" content=\"https:\/\/www.waterchain.eu\/fi\/parhaat-kaytannot\/tietoisuuden-lisaaminen\/\" \/>\n<meta property=\"og:site_name\" content=\"WaterChain\" \/>\n<meta property=\"article:modified_time\" content=\"2018-08-23T07:45:03+00:00\" \/>\n<meta name=\"twitter:card\" content=\"summary_large_image\" \/>\n<meta name=\"twitter:label1\" content=\"Arvioitu lukuaika\" \/>\n\t<meta name=\"twitter:data1\" content=\"1 minuutti\" \/>\n<script type=\"application\/ld+json\" class=\"yoast-schema-graph\">{\"@context\":\"https:\\\/\\\/schema.org\",\"@graph\":[{\"@type\":\"WebPage\",\"@id\":\"https:\\\/\\\/www.waterchain.eu\\\/fi\\\/parhaat-kaytannot\\\/tietoisuuden-lisaaminen\\\/\",\"url\":\"https:\\\/\\\/www.waterchain.eu\\\/fi\\\/parhaat-kaytannot\\\/tietoisuuden-lisaaminen\\\/\",\"name\":\"Tietoisuuden lis\u00e4\u00e4minen - WaterChain\",\"isPartOf\":{\"@id\":\"https:\\\/\\\/www.waterchain.eu\\\/#website\"},\"datePublished\":\"2018-06-06T10:30:35+00:00\",\"dateModified\":\"2018-08-23T07:45:03+00:00\",\"description\":\"Ymp\u00e4rist\u00f6nsuojelu vaatii pitk\u00e4j\u00e4nteist\u00e4 ty\u00f6panosta ja sen sis\u00e4ist\u00e4mist\u00e4, ett\u00e4 jokaisella teolla on merkityst\u00e4 \u2013 oli se miten pieni teko tahansa.\",\"breadcrumb\":{\"@id\":\"https:\\\/\\\/www.waterchain.eu\\\/fi\\\/parhaat-kaytannot\\\/tietoisuuden-lisaaminen\\\/#breadcrumb\"},\"inLanguage\":\"fi\",\"potentialAction\":[{\"@type\":\"ReadAction\",\"target\":[\"https:\\\/\\\/www.waterchain.eu\\\/fi\\\/parhaat-kaytannot\\\/tietoisuuden-lisaaminen\\\/\"]}]},{\"@type\":\"BreadcrumbList\",\"@id\":\"https:\\\/\\\/www.waterchain.eu\\\/fi\\\/parhaat-kaytannot\\\/tietoisuuden-lisaaminen\\\/#breadcrumb\",\"itemListElement\":[{\"@type\":\"ListItem\",\"position\":1,\"name\":\"Home\",\"item\":\"https:\\\/\\\/www.waterchain.eu\\\/fi\\\/\"},{\"@type\":\"ListItem\",\"position\":2,\"name\":\"Parhaat k\u00e4yt\u00e4nn\u00f6t\",\"item\":\"https:\\\/\\\/www.waterchain.eu\\\/fi\\\/parhaat-kaytannot\\\/\"},{\"@type\":\"ListItem\",\"position\":3,\"name\":\"Tietoisuuden lis\u00e4\u00e4minen\"}]},{\"@type\":\"WebSite\",\"@id\":\"https:\\\/\\\/www.waterchain.eu\\\/#website\",\"url\":\"https:\\\/\\\/www.waterchain.eu\\\/\",\"name\":\"WaterChain\",\"description\":\"Recovering the Baltic Sea\",\"publisher\":{\"@id\":\"https:\\\/\\\/www.waterchain.eu\\\/#organization\"},\"potentialAction\":[{\"@type\":\"SearchAction\",\"target\":{\"@type\":\"EntryPoint\",\"urlTemplate\":\"https:\\\/\\\/www.waterchain.eu\\\/?s={search_term_string}\"},\"query-input\":{\"@type\":\"PropertyValueSpecification\",\"valueRequired\":true,\"valueName\":\"search_term_string\"}}],\"inLanguage\":\"fi\"},{\"@type\":\"Organization\",\"@id\":\"https:\\\/\\\/www.waterchain.eu\\\/#organization\",\"name\":\"WaterChain\",\"url\":\"https:\\\/\\\/www.waterchain.eu\\\/\",\"logo\":{\"@type\":\"ImageObject\",\"inLanguage\":\"fi\",\"@id\":\"https:\\\/\\\/www.waterchain.eu\\\/#\\\/schema\\\/logo\\\/image\\\/\",\"url\":\"https:\\\/\\\/www.waterchain.eu\\\/wp-content\\\/uploads\\\/2017\\\/09\\\/WaterChain-logo.png\",\"contentUrl\":\"https:\\\/\\\/www.waterchain.eu\\\/wp-content\\\/uploads\\\/2017\\\/09\\\/WaterChain-logo.png\",\"width\":343,\"height\":120,\"caption\":\"WaterChain\"},\"image\":{\"@id\":\"https:\\\/\\\/www.waterchain.eu\\\/#\\\/schema\\\/logo\\\/image\\\/\"},\"sameAs\":[\"https:\\\/\\\/www.youtube.com\\\/channel\\\/UCz8GhExcENBWQYVkkpn_y3Q\"]}]}<\/script>\n<!-- \/ Yoast SEO plugin. -->","yoast_head_json":{"title":"Tietoisuuden lis\u00e4\u00e4minen - WaterChain","description":"Ymp\u00e4rist\u00f6nsuojelu vaatii pitk\u00e4j\u00e4nteist\u00e4 ty\u00f6panosta ja sen sis\u00e4ist\u00e4mist\u00e4, ett\u00e4 jokaisella teolla on merkityst\u00e4 \u2013 oli se miten pieni teko tahansa.","robots":{"index":"index","follow":"follow","max-snippet":"max-snippet:-1","max-image-preview":"max-image-preview:large","max-video-preview":"max-video-preview:-1"},"canonical":"https:\/\/www.waterchain.eu\/fi\/parhaat-kaytannot\/tietoisuuden-lisaaminen\/","og_locale":"fi_FI","og_type":"article","og_title":"Tietoisuuden lis\u00e4\u00e4minen - WaterChain","og_description":"Ymp\u00e4rist\u00f6nsuojelu vaatii pitk\u00e4j\u00e4nteist\u00e4 ty\u00f6panosta ja sen sis\u00e4ist\u00e4mist\u00e4, ett\u00e4 jokaisella teolla on merkityst\u00e4 \u2013 oli se miten pieni teko tahansa.","og_url":"https:\/\/www.waterchain.eu\/fi\/parhaat-kaytannot\/tietoisuuden-lisaaminen\/","og_site_name":"WaterChain","article_modified_time":"2018-08-23T07:45:03+00:00","twitter_card":"summary_large_image","twitter_misc":{"Arvioitu lukuaika":"1 minuutti"},"schema":{"@context":"https:\/\/schema.org","@graph":[{"@type":"WebPage","@id":"https:\/\/www.waterchain.eu\/fi\/parhaat-kaytannot\/tietoisuuden-lisaaminen\/","url":"https:\/\/www.waterchain.eu\/fi\/parhaat-kaytannot\/tietoisuuden-lisaaminen\/","name":"Tietoisuuden lis\u00e4\u00e4minen - WaterChain","isPartOf":{"@id":"https:\/\/www.waterchain.eu\/#website"},"datePublished":"2018-06-06T10:30:35+00:00","dateModified":"2018-08-23T07:45:03+00:00","description":"Ymp\u00e4rist\u00f6nsuojelu vaatii pitk\u00e4j\u00e4nteist\u00e4 ty\u00f6panosta ja sen sis\u00e4ist\u00e4mist\u00e4, ett\u00e4 jokaisella teolla on merkityst\u00e4 \u2013 oli se miten pieni teko tahansa.","breadcrumb":{"@id":"https:\/\/www.waterchain.eu\/fi\/parhaat-kaytannot\/tietoisuuden-lisaaminen\/#breadcrumb"},"inLanguage":"fi","potentialAction":[{"@type":"ReadAction","target":["https:\/\/www.waterchain.eu\/fi\/parhaat-kaytannot\/tietoisuuden-lisaaminen\/"]}]},{"@type":"BreadcrumbList","@id":"https:\/\/www.waterchain.eu\/fi\/parhaat-kaytannot\/tietoisuuden-lisaaminen\/#breadcrumb","itemListElement":[{"@type":"ListItem","position":1,"name":"Home","item":"https:\/\/www.waterchain.eu\/fi\/"},{"@type":"ListItem","position":2,"name":"Parhaat k\u00e4yt\u00e4nn\u00f6t","item":"https:\/\/www.waterchain.eu\/fi\/parhaat-kaytannot\/"},{"@type":"ListItem","position":3,"name":"Tietoisuuden lis\u00e4\u00e4minen"}]},{"@type":"WebSite","@id":"https:\/\/www.waterchain.eu\/#website","url":"https:\/\/www.waterchain.eu\/","name":"WaterChain","description":"Recovering the Baltic Sea","publisher":{"@id":"https:\/\/www.waterchain.eu\/#organization"},"potentialAction":[{"@type":"SearchAction","target":{"@type":"EntryPoint","urlTemplate":"https:\/\/www.waterchain.eu\/?s={search_term_string}"},"query-input":{"@type":"PropertyValueSpecification","valueRequired":true,"valueName":"search_term_string"}}],"inLanguage":"fi"},{"@type":"Organization","@id":"https:\/\/www.waterchain.eu\/#organization","name":"WaterChain","url":"https:\/\/www.waterchain.eu\/","logo":{"@type":"ImageObject","inLanguage":"fi","@id":"https:\/\/www.waterchain.eu\/#\/schema\/logo\/image\/","url":"https:\/\/www.waterchain.eu\/wp-content\/uploads\/2017\/09\/WaterChain-logo.png","contentUrl":"https:\/\/www.waterchain.eu\/wp-content\/uploads\/2017\/09\/WaterChain-logo.png","width":343,"height":120,"caption":"WaterChain"},"image":{"@id":"https:\/\/www.waterchain.eu\/#\/schema\/logo\/image\/"},"sameAs":["https:\/\/www.youtube.com\/channel\/UCz8GhExcENBWQYVkkpn_y3Q"]}]}},"_links":{"self":[{"href":"https:\/\/www.waterchain.eu\/fi\/wp-json\/wp\/v2\/pages\/1206","targetHints":{"allow":["GET"]}}],"collection":[{"href":"https:\/\/www.waterchain.eu\/fi\/wp-json\/wp\/v2\/pages"}],"about":[{"href":"https:\/\/www.waterchain.eu\/fi\/wp-json\/wp\/v2\/types\/page"}],"author":[{"embeddable":true,"href":"https:\/\/www.waterchain.eu\/fi\/wp-json\/wp\/v2\/users\/1"}],"replies":[{"embeddable":true,"href":"https:\/\/www.waterchain.eu\/fi\/wp-json\/wp\/v2\/comments?post=1206"}],"version-history":[{"count":4,"href":"https:\/\/www.waterchain.eu\/fi\/wp-json\/wp\/v2\/pages\/1206\/revisions"}],"predecessor-version":[{"id":1356,"href":"https:\/\/www.waterchain.eu\/fi\/wp-json\/wp\/v2\/pages\/1206\/revisions\/1356"}],"up":[{"embeddable":true,"href":"https:\/\/www.waterchain.eu\/fi\/wp-json\/wp\/v2\/pages\/1198"}],"wp:attachment":[{"href":"https:\/\/www.waterchain.eu\/fi\/wp-json\/wp\/v2\/media?parent=1206"}],"curies":[{"name":"wp","href":"https:\/\/api.w.org\/{rel}","templated":true}]}}