{"id":1034,"date":"2018-05-28T10:12:15","date_gmt":"2018-05-28T07:12:15","guid":{"rendered":"https:\/\/waterchain.eu\/?page_id=1034"},"modified":"2018-05-28T10:12:49","modified_gmt":"2018-05-28T07:12:49","slug":"izglitosana","status":"publish","type":"page","link":"https:\/\/www.waterchain.eu\/lv\/labaka-prakse\/izglitosana\/","title":{"rendered":"Izgl\u012bto\u0161ana"},"content":{"rendered":"<h2>Izgl\u012bto\u0161ana<\/h2>\n<h5>Vides aizsardz\u012bba ir visas pasaules uzdevums un m\u016bsu katra pien\u0101kums. T\u0101 prasa ilgu darbu, un, lai to paveiktu, noz\u012bme ir ikkatrai r\u012bc\u012bbai, neatkar\u012bgi no t\u0101, cik liela vai neliela t\u0101 ir.<\/h5>\n<p>Jau gadiem ilgi Baltijas j\u016bra c\u012bn\u0101s ar da\u017e\u0101d\u0101m probl\u0113m\u0101m. Lai ar\u012b gadu no gada cilv\u0113ki k\u013c\u016bst aizvien apzin\u012bg\u0101ki un izgl\u012btot\u0101ki, Baltijas j\u016brai patie\u0161\u0101m vajag, lai m\u0113s katrs pieliktu p\u016bles un par\u016bp\u0113tos par apk\u0101rt\u0113jo vidi. Viens no veidiem, k\u0101 varam pal\u012bdz\u0113t Baltijas j\u016brai, ir izgl\u012btot l\u012bdzcilv\u0113kus, inform\u0113jot vi\u0146us par \u0161o c\u0113lo m\u0113r\u0137i. Lai izplat\u012btu \u0161o zi\u0146u, da\u017eu p\u0113d\u0113jo gadu laik\u0101 WaterChain ir r\u012bkojis kampa\u0146as, konkursus un pas\u0101kumus. To galvenais m\u0113r\u0137is ir bijis rosin\u0101t sabiedr\u012bbu piedal\u012bties kop\u0113j\u0101 m\u0113r\u0137a sasnieg\u0161an\u0101 un padom\u0101t, k\u0101 m\u0113s katrs varam pal\u012bdz\u0113t Baltijas j\u016brai atvese\u013coties.<\/p>\n<hr \/>\n\n\n\n<div id=\"wpv-view-layout-433\" class=\"js-wpv-view-layout js-wpv-layout-responsive js-wpv-view-layout-433\" data-viewnumber=\"433\" data-pagination=\"{&quot;id&quot;:433,&quot;query&quot;:&quot;normal&quot;,&quot;type&quot;:&quot;disabled&quot;,&quot;effect&quot;:&quot;fade&quot;,&quot;duration&quot;:500,&quot;speed&quot;:5,&quot;pause_on_hover&quot;:&quot;disabled&quot;,&quot;stop_rollover&quot;:&quot;false&quot;,&quot;cache_pages&quot;:&quot;enabled&quot;,&quot;preload_images&quot;:&quot;enabled&quot;,&quot;preload_pages&quot;:&quot;enabled&quot;,&quot;preload_reach&quot;:1,&quot;spinner&quot;:&quot;builtin&quot;,&quot;spinner_image&quot;:&quot;https:\/\/www.waterchain.eu\/wp-content\/plugins\/wp-views\/embedded\/res\/img\/ajax-loader.gif&quot;,&quot;callback_next&quot;:&quot;&quot;,&quot;manage_history&quot;:&quot;enabled&quot;,&quot;has_controls_in_form&quot;:&quot;disabled&quot;,&quot;infinite_tolerance&quot;:&quot;0&quot;,&quot;max_pages&quot;:0,&quot;page&quot;:1,&quot;base_permalink&quot;:&quot;\/lv\/wp-json\/wp\/v2\/pages\/1034?wpv_view_count=433&amp;wpv_paged=WPV_PAGE_NUM&quot;,&quot;loop&quot;:{&quot;type&quot;:&quot;&quot;,&quot;name&quot;:&quot;&quot;,&quot;data&quot;:[],&quot;id&quot;:0}}\" data-permalink=\"\/lv\/wp-json\/wp\/v2\/pages\/1034?wpv_view_count=433\">\n\n<div class=\"campaigns-list\">\n\t\n\t\n\t\t\n            <div class=\"campaign-item\">\n              <img fetchpriority=\"high\" decoding=\"async\" fetchpriority=\"high\" width=\"768\" height=\"512\" src=\"https:\/\/www.waterchain.eu\/wp-content\/uploads\/2018\/03\/BalticSeaSavers-768x512.jpg\" class=\"attachment-medium size-medium feature wp-post-image\" alt=\"\" srcset=\"https:\/\/www.waterchain.eu\/wp-content\/uploads\/2018\/03\/BalticSeaSavers-768x512.jpg 768w, https:\/\/www.waterchain.eu\/wp-content\/uploads\/2018\/03\/BalticSeaSavers.jpg 1280w\" sizes=\"(max-width: 768px) 100vw, 768px\" \/>\n          \t\t  <h3><a href=\"https:\/\/www.waterchain.eu\/lv\/campaign\/baltijas-juras-glabeji\/\">Baltijas j\u016bras gl\u0101b\u0113ji<\/a><\/h3>\n          \t\t  <p>2016. gada septembr\u012b tika s\u0101kta soci\u0101lo mediju kampa\u0146a Baltijas j\u016bras gl\u0101b\u0161anai. T\u0101s m\u0113r\u0137is bija likt visiem un jo \u012bpa\u0161i jaunie\u0161iem aizdom\u0101ties par Baltijas j\u016bras \u016bdens kvalit\u0101ti.<\/p>\n          \t\t  <a href=\"https:\/\/www.waterchain.eu\/lv\/campaign\/baltijas-juras-glabeji\/\" class=\"readmore\">Las\u012bt vair\u0101k<\/a>\n            <\/div>\n\t\t\n            <div class=\"campaign-item\">\n              <img loading=\"lazy\" decoding=\"async\" width=\"768\" height=\"512\" src=\"https:\/\/www.waterchain.eu\/wp-content\/uploads\/2018\/06\/Rock-the-Baltic-Sea-campaign-1-768x512.jpg\" class=\"attachment-medium size-medium feature wp-post-image\" alt=\"\" srcset=\"https:\/\/www.waterchain.eu\/wp-content\/uploads\/2018\/06\/Rock-the-Baltic-Sea-campaign-1-768x512.jpg 768w, https:\/\/www.waterchain.eu\/wp-content\/uploads\/2018\/06\/Rock-the-Baltic-Sea-campaign-1-1280x853.jpg 1280w\" sizes=\"(max-width: 768px) 100vw, 768px\" \/>\n          \t\t  <h3><a href=\"https:\/\/www.waterchain.eu\/lv\/campaign\/rock-the-baltic-sea\/\">Rock the Baltic Sea<\/a><\/h3>\n          \t\t  <p>Kampa\u0146a \u201cRock the Baltic Sea\u201d s\u0101k\u0101s 2017. gad\u0101 ar m\u0113r\u0137i vairot sabiedr\u012bbas izpratni par \u016bdens aizsardz\u012bbu un probl\u0113m\u0101m, ar kur\u0101m Baltijas j\u016bra saskaras jau daudzus gadus un kuras t\u0101 joproj\u0101m cen\u0161as p\u0101rvar\u0113t.<\/p>\n          \t\t  <a href=\"https:\/\/www.waterchain.eu\/lv\/campaign\/rock-the-baltic-sea\/\" class=\"readmore\">Las\u012bt vair\u0101k<\/a>\n            <\/div>\n\t\t\n            <div class=\"campaign-item\">\n              <img loading=\"lazy\" decoding=\"async\" width=\"768\" height=\"512\" src=\"https:\/\/www.waterchain.eu\/wp-content\/uploads\/2018\/03\/LatvianSummerSchool-768x512.jpg\" class=\"attachment-medium size-medium feature wp-post-image\" alt=\"\" srcset=\"https:\/\/www.waterchain.eu\/wp-content\/uploads\/2018\/03\/LatvianSummerSchool-768x512.jpg 768w, https:\/\/www.waterchain.eu\/wp-content\/uploads\/2018\/03\/LatvianSummerSchool.jpg 1280w\" sizes=\"(max-width: 768px) 100vw, 768px\" \/>\n          \t\t  <h3><a href=\"https:\/\/www.waterchain.eu\/lv\/campaign\/vasaras-skola-latvija\/\">Vasaras skola Latvij\u0101<\/a><\/h3>\n          \t\t  <p>Desmit dienu starptautiska vasaras skola studentiem, kas notika pie Ungura ezera Latvij\u0101. Vasaras skolu 2017. august\u0101 r\u012bkoja Vides risin\u0101jumu instit\u016bts.<\/p>\n          \t\t  <a href=\"https:\/\/www.waterchain.eu\/lv\/campaign\/vasaras-skola-latvija\/\" class=\"readmore\">Las\u012bt vair\u0101k<\/a>\n            <\/div>\n\t\t\n            <div class=\"campaign-item\">\n              <img loading=\"lazy\" decoding=\"async\" loading=\"lazy\" width=\"768\" height=\"512\" src=\"https:\/\/www.waterchain.eu\/wp-content\/uploads\/2018\/03\/Pest_exhib_1_By-Tallinna-U\u0308likool-768x512.jpg\" class=\"attachment-medium size-medium feature wp-post-image\" alt=\"\" srcset=\"https:\/\/www.waterchain.eu\/wp-content\/uploads\/2018\/03\/Pest_exhib_1_By-Tallinna-U\u0308likool-768x512.jpg 768w, https:\/\/www.waterchain.eu\/wp-content\/uploads\/2018\/03\/Pest_exhib_1_By-Tallinna-U\u0308likool-1280x853.jpg 1280w, https:\/\/www.waterchain.eu\/wp-content\/uploads\/2018\/03\/Pest_exhib_1_By-Tallinna-U\u0308likool.jpg 2048w\" sizes=\"auto, (max-width: 768px) 100vw, 768px\" \/>\n          \t\t  <h3><a href=\"https:\/\/www.waterchain.eu\/lv\/campaign\/pesticidu-izstade\/\">Pestic\u012bdu izst\u0101de<\/a><\/h3>\n          \t\t  <p>Lai pestic\u012bdu rad\u012bt\u0101s probl\u0113mas padar\u012btu viegl\u0101k izprotamas sabiedr\u012bbai, tika apvienota m\u0101ksla ar zin\u0101tni. Izst\u0101de \u201cPestic\u012bdi\u201d bija atv\u0113rta Tallinas universit\u0101t\u0113 un Tallinas Tehnolo\u0123iju universit\u0101t\u0113 2017. un 2018. gad\u0101.<\/p>\n          \t\t  <a href=\"https:\/\/www.waterchain.eu\/lv\/campaign\/pesticidu-izstade\/\" class=\"readmore\">Las\u012bt vair\u0101k<\/a>\n            <\/div>\n\t\t\n            <div class=\"campaign-item\">\n              <img loading=\"lazy\" decoding=\"async\" loading=\"lazy\" width=\"768\" height=\"512\" src=\"https:\/\/www.waterchain.eu\/wp-content\/uploads\/2018\/03\/LetsDoIt-768x512.jpg\" class=\"attachment-medium size-medium feature wp-post-image\" alt=\"\" srcset=\"https:\/\/www.waterchain.eu\/wp-content\/uploads\/2018\/03\/LetsDoIt-768x512.jpg 768w, https:\/\/www.waterchain.eu\/wp-content\/uploads\/2018\/03\/LetsDoIt-1280x853.jpg 1280w, https:\/\/www.waterchain.eu\/wp-content\/uploads\/2018\/03\/LetsDoIt.jpg 1282w\" sizes=\"auto, (max-width: 768px) 100vw, 768px\" \/>\n          \t\t  <h3><a href=\"https:\/\/www.waterchain.eu\/lv\/campaign\/lets-do-it\/\">Let\u2019s Do It!<\/a><\/h3>\n          \t\t  <p>\u201cLet\u2019s Do It! World\u201d ir masu kust\u012bba, kuras m\u0113r\u0137is ir pan\u0101kt, lai l\u012bdz 2018. gada 15. septembrim \u2014 Pasaules Talkas dienai \u2014 m\u016bsu plan\u0113ta b\u016btu t\u012bra.<\/p>\n          \t\t  <a href=\"https:\/\/www.waterchain.eu\/lv\/campaign\/lets-do-it\/\" class=\"readmore\">Las\u012bt vair\u0101k<\/a>\n            <\/div>\n\t\t\n            <div class=\"campaign-item\">\n              <img loading=\"lazy\" decoding=\"async\" loading=\"lazy\" width=\"768\" height=\"512\" src=\"https:\/\/www.waterchain.eu\/wp-content\/uploads\/2018\/03\/Meremme-Ta\u0308hden-1-35-768x512.jpg\" class=\"attachment-medium size-medium feature wp-post-image\" alt=\"\" srcset=\"https:\/\/www.waterchain.eu\/wp-content\/uploads\/2018\/03\/Meremme-Ta\u0308hden-1-35-768x512.jpg 768w, https:\/\/www.waterchain.eu\/wp-content\/uploads\/2018\/03\/Meremme-Ta\u0308hden-1-35-1280x853.jpg 1280w, https:\/\/www.waterchain.eu\/wp-content\/uploads\/2018\/03\/Meremme-Ta\u0308hden-1-35.jpg 1920w\" sizes=\"auto, (max-width: 768px) 100vw, 768px\" \/>\n          \t\t  <h3><a href=\"https:\/\/www.waterchain.eu\/lv\/campaign\/for-our-seas-sake-2017-2018\/\">For our sea\u2019s sake 2017 &#038; 2018<\/a><\/h3>\n          \t\t  <p>\u0160is \u012bso prezent\u0101ciju pas\u0101kums, k\u0101 ar\u012b vair\u0101kas citas aktivit\u0101tes tika r\u012bkotas 2017. un 2018. gad\u0101, lai liktu sabiedr\u012bbai aizdom\u0101ties par to, ka Baltijas j\u016bras aizsardz\u012bba nav vis \u201ck\u0101da cita darbs\u201d, bet gan m\u016bsu katra pien\u0101kums.<\/p>\n          \t\t  <a href=\"https:\/\/www.waterchain.eu\/lv\/campaign\/for-our-seas-sake-2017-2018\/\" class=\"readmore\">Las\u012bt vair\u0101k<\/a>\n            <\/div>\n\t\t\n            <div class=\"campaign-item\">\n              <img loading=\"lazy\" decoding=\"async\" loading=\"lazy\" width=\"768\" height=\"510\" src=\"https:\/\/www.waterchain.eu\/wp-content\/uploads\/2018\/04\/live-concert-768x510.jpg\" class=\"attachment-medium size-medium feature wp-post-image\" alt=\"\" srcset=\"https:\/\/www.waterchain.eu\/wp-content\/uploads\/2018\/04\/live-concert-768x510.jpg 768w, https:\/\/www.waterchain.eu\/wp-content\/uploads\/2018\/04\/live-concert-1280x850.jpg 1280w, https:\/\/www.waterchain.eu\/wp-content\/uploads\/2018\/04\/live-concert.jpg 1400w\" sizes=\"auto, (max-width: 768px) 100vw, 768px\" \/>\n          \t\t  <h3><a href=\"https:\/\/www.waterchain.eu\/lv\/campaign\/festivalu-rikotaji\/\">Festiv\u0101lu r\u012bkot\u0101ji<\/a><\/h3>\n          \t\t  <p>Kontrolsaraksts, kas noder\u0113s, lai noorganiz\u0113tu p\u0113c iesp\u0113jas ilgtsp\u0113j\u012bg\u0101ku pas\u0101kumu. Tas tika izveidots sadarb\u012bb\u0101 ar festiv\u0101lu r\u012bkot\u0101jiem, un ir pieejams ikvienam, kur\u0161 v\u0113las r\u012bkot videi draudz\u012bgus pas\u0101kumus.<\/p>\n          \t\t  <a href=\"https:\/\/www.waterchain.eu\/lv\/campaign\/festivalu-rikotaji\/\" class=\"readmore\">Las\u012bt vair\u0101k<\/a>\n            <\/div>\n\t\t\n\t\n\t\n\t\n<\/div>\n<\/div>\n\n","protected":false},"excerpt":{"rendered":"<p>Izgl\u012bto\u0161ana Vides aizsardz\u012bba ir visas pasaules uzdevums un m\u016bsu katra pien\u0101kums. T\u0101 prasa ilgu darbu, un, lai to paveiktu, noz\u012bme ir ikkatrai r\u012bc\u012bbai, neatkar\u012bgi no t\u0101, cik liela vai neliela t\u0101 ir. Jau gadiem ilgi Baltijas j\u016bra c\u012bn\u0101s ar da\u017e\u0101d\u0101m probl\u0113m\u0101m. Lai ar\u012b gadu no gada cilv\u0113ki k\u013c\u016bst aizvien apzin\u012bg\u0101ki un izgl\u012btot\u0101ki, Baltijas j\u016brai patie\u0161\u0101m &#8230; <a title=\"Izgl\u012bto\u0161ana\" class=\"read-more\" href=\"https:\/\/www.waterchain.eu\/lv\/labaka-prakse\/izglitosana\/\" aria-label=\"Read more about Izgl\u012bto\u0161ana\">Read more<\/a><\/p>\n","protected":false},"author":1,"featured_media":0,"parent":987,"menu_order":59,"comment_status":"closed","ping_status":"closed","template":"","meta":{"_exactmetrics_skip_tracking":false,"_exactmetrics_sitenote_active":false,"_exactmetrics_sitenote_note":"","_exactmetrics_sitenote_category":0,"generate_page_header":"","footnotes":""},"class_list":["post-1034","page","type-page","status-publish"],"yoast_head":"<!-- This site is optimized with the Yoast SEO plugin v27.3 - https:\/\/yoast.com\/product\/yoast-seo-wordpress\/ -->\n<title>Izgl\u012bto\u0161ana - WaterChain<\/title>\n<meta name=\"robots\" content=\"index, follow, max-snippet:-1, max-image-preview:large, max-video-preview:-1\" \/>\n<link rel=\"canonical\" href=\"https:\/\/www.waterchain.eu\/lv\/labaka-prakse\/izglitosana\/\" \/>\n<meta property=\"og:locale\" content=\"lv_LV\" \/>\n<meta property=\"og:type\" content=\"article\" \/>\n<meta property=\"og:title\" content=\"Izgl\u012bto\u0161ana - WaterChain\" \/>\n<meta property=\"og:description\" content=\"Izgl\u012bto\u0161ana Vides aizsardz\u012bba ir visas pasaules uzdevums un m\u016bsu katra pien\u0101kums. T\u0101 prasa ilgu darbu, un, lai to paveiktu, noz\u012bme ir ikkatrai r\u012bc\u012bbai, neatkar\u012bgi no t\u0101, cik liela vai neliela t\u0101 ir. Jau gadiem ilgi Baltijas j\u016bra c\u012bn\u0101s ar da\u017e\u0101d\u0101m probl\u0113m\u0101m. Lai ar\u012b gadu no gada cilv\u0113ki k\u013c\u016bst aizvien apzin\u012bg\u0101ki un izgl\u012btot\u0101ki, Baltijas j\u016brai patie\u0161\u0101m ... Read more\" \/>\n<meta property=\"og:url\" content=\"https:\/\/www.waterchain.eu\/lv\/labaka-prakse\/izglitosana\/\" \/>\n<meta property=\"og:site_name\" content=\"WaterChain\" \/>\n<meta property=\"article:modified_time\" content=\"2018-05-28T07:12:49+00:00\" \/>\n<meta name=\"twitter:card\" content=\"summary_large_image\" \/>\n<meta name=\"twitter:label1\" content=\"Est. reading time\" \/>\n\t<meta name=\"twitter:data1\" content=\"1 minute\" \/>\n<script type=\"application\/ld+json\" class=\"yoast-schema-graph\">{\"@context\":\"https:\\\/\\\/schema.org\",\"@graph\":[{\"@type\":\"WebPage\",\"@id\":\"https:\\\/\\\/www.waterchain.eu\\\/lv\\\/labaka-prakse\\\/izglitosana\\\/\",\"url\":\"https:\\\/\\\/www.waterchain.eu\\\/lv\\\/labaka-prakse\\\/izglitosana\\\/\",\"name\":\"Izgl\u012bto\u0161ana - WaterChain\",\"isPartOf\":{\"@id\":\"https:\\\/\\\/www.waterchain.eu\\\/#website\"},\"datePublished\":\"2018-05-28T07:12:15+00:00\",\"dateModified\":\"2018-05-28T07:12:49+00:00\",\"breadcrumb\":{\"@id\":\"https:\\\/\\\/www.waterchain.eu\\\/lv\\\/labaka-prakse\\\/izglitosana\\\/#breadcrumb\"},\"inLanguage\":\"lv-LV\",\"potentialAction\":[{\"@type\":\"ReadAction\",\"target\":[\"https:\\\/\\\/www.waterchain.eu\\\/lv\\\/labaka-prakse\\\/izglitosana\\\/\"]}]},{\"@type\":\"BreadcrumbList\",\"@id\":\"https:\\\/\\\/www.waterchain.eu\\\/lv\\\/labaka-prakse\\\/izglitosana\\\/#breadcrumb\",\"itemListElement\":[{\"@type\":\"ListItem\",\"position\":1,\"name\":\"Home\",\"item\":\"https:\\\/\\\/www.waterchain.eu\\\/lv\\\/\"},{\"@type\":\"ListItem\",\"position\":2,\"name\":\"Lab\u0101k\u0101 prakse\",\"item\":\"https:\\\/\\\/www.waterchain.eu\\\/lv\\\/labaka-prakse\\\/\"},{\"@type\":\"ListItem\",\"position\":3,\"name\":\"Izgl\u012bto\u0161ana\"}]},{\"@type\":\"WebSite\",\"@id\":\"https:\\\/\\\/www.waterchain.eu\\\/#website\",\"url\":\"https:\\\/\\\/www.waterchain.eu\\\/\",\"name\":\"WaterChain\",\"description\":\"Recovering the Baltic Sea\",\"publisher\":{\"@id\":\"https:\\\/\\\/www.waterchain.eu\\\/#organization\"},\"potentialAction\":[{\"@type\":\"SearchAction\",\"target\":{\"@type\":\"EntryPoint\",\"urlTemplate\":\"https:\\\/\\\/www.waterchain.eu\\\/?s={search_term_string}\"},\"query-input\":{\"@type\":\"PropertyValueSpecification\",\"valueRequired\":true,\"valueName\":\"search_term_string\"}}],\"inLanguage\":\"lv-LV\"},{\"@type\":\"Organization\",\"@id\":\"https:\\\/\\\/www.waterchain.eu\\\/#organization\",\"name\":\"WaterChain\",\"url\":\"https:\\\/\\\/www.waterchain.eu\\\/\",\"logo\":{\"@type\":\"ImageObject\",\"inLanguage\":\"lv-LV\",\"@id\":\"https:\\\/\\\/www.waterchain.eu\\\/#\\\/schema\\\/logo\\\/image\\\/\",\"url\":\"https:\\\/\\\/www.waterchain.eu\\\/wp-content\\\/uploads\\\/2017\\\/09\\\/WaterChain-logo.png\",\"contentUrl\":\"https:\\\/\\\/www.waterchain.eu\\\/wp-content\\\/uploads\\\/2017\\\/09\\\/WaterChain-logo.png\",\"width\":343,\"height\":120,\"caption\":\"WaterChain\"},\"image\":{\"@id\":\"https:\\\/\\\/www.waterchain.eu\\\/#\\\/schema\\\/logo\\\/image\\\/\"},\"sameAs\":[\"https:\\\/\\\/www.youtube.com\\\/channel\\\/UCz8GhExcENBWQYVkkpn_y3Q\"]}]}<\/script>\n<!-- \/ Yoast SEO plugin. -->","yoast_head_json":{"title":"Izgl\u012bto\u0161ana - WaterChain","robots":{"index":"index","follow":"follow","max-snippet":"max-snippet:-1","max-image-preview":"max-image-preview:large","max-video-preview":"max-video-preview:-1"},"canonical":"https:\/\/www.waterchain.eu\/lv\/labaka-prakse\/izglitosana\/","og_locale":"lv_LV","og_type":"article","og_title":"Izgl\u012bto\u0161ana - WaterChain","og_description":"Izgl\u012bto\u0161ana Vides aizsardz\u012bba ir visas pasaules uzdevums un m\u016bsu katra pien\u0101kums. T\u0101 prasa ilgu darbu, un, lai to paveiktu, noz\u012bme ir ikkatrai r\u012bc\u012bbai, neatkar\u012bgi no t\u0101, cik liela vai neliela t\u0101 ir. Jau gadiem ilgi Baltijas j\u016bra c\u012bn\u0101s ar da\u017e\u0101d\u0101m probl\u0113m\u0101m. Lai ar\u012b gadu no gada cilv\u0113ki k\u013c\u016bst aizvien apzin\u012bg\u0101ki un izgl\u012btot\u0101ki, Baltijas j\u016brai patie\u0161\u0101m ... Read more","og_url":"https:\/\/www.waterchain.eu\/lv\/labaka-prakse\/izglitosana\/","og_site_name":"WaterChain","article_modified_time":"2018-05-28T07:12:49+00:00","twitter_card":"summary_large_image","twitter_misc":{"Est. reading time":"1 minute"},"schema":{"@context":"https:\/\/schema.org","@graph":[{"@type":"WebPage","@id":"https:\/\/www.waterchain.eu\/lv\/labaka-prakse\/izglitosana\/","url":"https:\/\/www.waterchain.eu\/lv\/labaka-prakse\/izglitosana\/","name":"Izgl\u012bto\u0161ana - WaterChain","isPartOf":{"@id":"https:\/\/www.waterchain.eu\/#website"},"datePublished":"2018-05-28T07:12:15+00:00","dateModified":"2018-05-28T07:12:49+00:00","breadcrumb":{"@id":"https:\/\/www.waterchain.eu\/lv\/labaka-prakse\/izglitosana\/#breadcrumb"},"inLanguage":"lv-LV","potentialAction":[{"@type":"ReadAction","target":["https:\/\/www.waterchain.eu\/lv\/labaka-prakse\/izglitosana\/"]}]},{"@type":"BreadcrumbList","@id":"https:\/\/www.waterchain.eu\/lv\/labaka-prakse\/izglitosana\/#breadcrumb","itemListElement":[{"@type":"ListItem","position":1,"name":"Home","item":"https:\/\/www.waterchain.eu\/lv\/"},{"@type":"ListItem","position":2,"name":"Lab\u0101k\u0101 prakse","item":"https:\/\/www.waterchain.eu\/lv\/labaka-prakse\/"},{"@type":"ListItem","position":3,"name":"Izgl\u012bto\u0161ana"}]},{"@type":"WebSite","@id":"https:\/\/www.waterchain.eu\/#website","url":"https:\/\/www.waterchain.eu\/","name":"WaterChain","description":"Recovering the Baltic Sea","publisher":{"@id":"https:\/\/www.waterchain.eu\/#organization"},"potentialAction":[{"@type":"SearchAction","target":{"@type":"EntryPoint","urlTemplate":"https:\/\/www.waterchain.eu\/?s={search_term_string}"},"query-input":{"@type":"PropertyValueSpecification","valueRequired":true,"valueName":"search_term_string"}}],"inLanguage":"lv-LV"},{"@type":"Organization","@id":"https:\/\/www.waterchain.eu\/#organization","name":"WaterChain","url":"https:\/\/www.waterchain.eu\/","logo":{"@type":"ImageObject","inLanguage":"lv-LV","@id":"https:\/\/www.waterchain.eu\/#\/schema\/logo\/image\/","url":"https:\/\/www.waterchain.eu\/wp-content\/uploads\/2017\/09\/WaterChain-logo.png","contentUrl":"https:\/\/www.waterchain.eu\/wp-content\/uploads\/2017\/09\/WaterChain-logo.png","width":343,"height":120,"caption":"WaterChain"},"image":{"@id":"https:\/\/www.waterchain.eu\/#\/schema\/logo\/image\/"},"sameAs":["https:\/\/www.youtube.com\/channel\/UCz8GhExcENBWQYVkkpn_y3Q"]}]}},"_links":{"self":[{"href":"https:\/\/www.waterchain.eu\/lv\/wp-json\/wp\/v2\/pages\/1034","targetHints":{"allow":["GET"]}}],"collection":[{"href":"https:\/\/www.waterchain.eu\/lv\/wp-json\/wp\/v2\/pages"}],"about":[{"href":"https:\/\/www.waterchain.eu\/lv\/wp-json\/wp\/v2\/types\/page"}],"author":[{"embeddable":true,"href":"https:\/\/www.waterchain.eu\/lv\/wp-json\/wp\/v2\/users\/1"}],"replies":[{"embeddable":true,"href":"https:\/\/www.waterchain.eu\/lv\/wp-json\/wp\/v2\/comments?post=1034"}],"version-history":[{"count":2,"href":"https:\/\/www.waterchain.eu\/lv\/wp-json\/wp\/v2\/pages\/1034\/revisions"}],"predecessor-version":[{"id":1036,"href":"https:\/\/www.waterchain.eu\/lv\/wp-json\/wp\/v2\/pages\/1034\/revisions\/1036"}],"up":[{"embeddable":true,"href":"https:\/\/www.waterchain.eu\/lv\/wp-json\/wp\/v2\/pages\/987"}],"wp:attachment":[{"href":"https:\/\/www.waterchain.eu\/lv\/wp-json\/wp\/v2\/media?parent=1034"}],"curies":[{"name":"wp","href":"https:\/\/api.w.org\/{rel}","templated":true}]}}