{"id":1037,"date":"2018-05-28T10:14:46","date_gmt":"2018-05-28T07:14:46","guid":{"rendered":"https:\/\/waterchain.eu\/?page_id=1037"},"modified":"2018-09-25T13:53:08","modified_gmt":"2018-09-25T10:53:08","slug":"strategiska-pieeja","status":"publish","type":"page","link":"https:\/\/www.waterchain.eu\/lv\/labaka-prakse\/strategiska-pieeja\/","title":{"rendered":"Politikas veidot\u0101ji un zin\u0101tnieki"},"content":{"rendered":"<p>Strat\u0113\u0123isk\u0101 pieeja ir tas, k\u0101 organiz\u0101cija defin\u0113 savu strat\u0113\u0123iju vai darb\u012bbas virzienu un k\u0101 pie\u0146em l\u0113mumus par savu resursu sadal\u012b\u0161anu \u0161\u012bs strat\u0113\u0123ijas \u012bsteno\u0161anai. WaterChain projekta ietvaros tika izstr\u0101d\u0101ti vair\u0101ki piem\u0113ri da\u017e\u0101du ieinteres\u0113to pu\u0161u strat\u0113\u0123iskaj\u0101m pieej\u0101m.<\/p>\n<hr \/>\n\n\n\n<div id=\"wpv-view-layout-514\" class=\"js-wpv-view-layout js-wpv-layout-responsive js-wpv-view-layout-514\" data-viewnumber=\"514\" data-pagination=\"{&quot;id&quot;:514,&quot;query&quot;:&quot;normal&quot;,&quot;type&quot;:&quot;disabled&quot;,&quot;effect&quot;:&quot;fade&quot;,&quot;duration&quot;:500,&quot;speed&quot;:5,&quot;pause_on_hover&quot;:&quot;disabled&quot;,&quot;stop_rollover&quot;:&quot;false&quot;,&quot;cache_pages&quot;:&quot;enabled&quot;,&quot;preload_images&quot;:&quot;enabled&quot;,&quot;preload_pages&quot;:&quot;enabled&quot;,&quot;preload_reach&quot;:1,&quot;spinner&quot;:&quot;builtin&quot;,&quot;spinner_image&quot;:&quot;https:\/\/www.waterchain.eu\/wp-content\/plugins\/wp-views\/embedded\/res\/img\/ajax-loader.gif&quot;,&quot;callback_next&quot;:&quot;&quot;,&quot;manage_history&quot;:&quot;enabled&quot;,&quot;has_controls_in_form&quot;:&quot;disabled&quot;,&quot;infinite_tolerance&quot;:&quot;0&quot;,&quot;max_pages&quot;:0,&quot;page&quot;:1,&quot;base_permalink&quot;:&quot;\/lv\/wp-json\/wp\/v2\/pages\/1037?wpv_view_count=514&amp;wpv_paged=WPV_PAGE_NUM&quot;,&quot;loop&quot;:{&quot;type&quot;:&quot;&quot;,&quot;name&quot;:&quot;&quot;,&quot;data&quot;:[],&quot;id&quot;:0}}\" data-permalink=\"\/lv\/wp-json\/wp\/v2\/pages\/1037?wpv_view_count=514\">\n\n<div class=\"campaigns-list\">\n\t\n\t\n\t\t\n            <div class=\"campaign-item\">\n              \t<img fetchpriority=\"high\" decoding=\"async\" fetchpriority=\"high\" class=\"attachment-640x360 size-640x360 feature\" src=\"https:\/\/www.waterchain.eu\/wp-content\/uploads\/2017\/09\/baltic-sea-seagulls-wpv_640x360_center_center.jpg\" width=\"640\" height=\"360\" alt=\"\" \/>\n          \t\t  <h3><a href=\"https:\/\/www.waterchain.eu\/lv\/strategic-approaches\/strategiska-pieeja\/\">Strat\u0113\u0123isk\u0101 pieeja un zin\u0101tne<\/a> <\/h3>\n          \t\t  <p>Strat\u0113\u0123isk\u0101 pieeja ir tas, k\u0101 organiz\u0101cija defin\u0113 savu strat\u0113\u0123iju vai darb\u012bbas virzienu un k\u0101 pie\u0146em l\u0113mumus par savu resursu sadal\u012b\u0161anu \u0161\u012bs strat\u0113\u0123ijas \u012bsteno\u0161anai. WaterChain projekta ietvaros tika izstr\u0101d\u0101ti vair\u0101ki piem\u0113ri da\u017e\u0101du ieinteres\u0113to pu\u0161u strat\u0113\u0123iskaj\u0101m pieej\u0101m.<\/p>\n          \t\t  <a href=\"https:\/\/www.waterchain.eu\/lv\/strategic-approaches\/strategiska-pieeja\/\" class=\"readmore\">Las\u012bt vair\u0101k<\/a>\n            <\/div>\n\t\t\n            <div class=\"campaign-item\">\n              \t<img loading=\"lazy\" decoding=\"async\" class=\"attachment-640x360 size-640x360 feature\" src=\"https:\/\/www.waterchain.eu\/wp-content\/uploads\/2018\/04\/title-waterworks-wpv_640x360_center_center.jpg\" width=\"640\" height=\"360\" alt=\"\" \/>\n          \t\t  <h3><a href=\"https:\/\/www.waterchain.eu\/lv\/strategic-approaches\/udensapgade\/\">\u016adens sist\u0113mu apsaimniekot\u0101ji<\/a> <\/h3>\n          \t\t  <p>K\u0101 nodro\u0161in\u0101t ilgtsp\u0113j\u012bgu dzeram\u0101 \u016bdens pieg\u0101di un t\u012bru dzeramo \u016bdeni ikvienam?<\/p>\n          \t\t  <a href=\"https:\/\/www.waterchain.eu\/lv\/strategic-approaches\/udensapgade\/\" class=\"readmore\">Las\u012bt vair\u0101k<\/a>\n            <\/div>\n\t\t\n            <div class=\"campaign-item\">\n              \t<img loading=\"lazy\" decoding=\"async\" class=\"attachment-640x360 size-640x360 feature\" src=\"https:\/\/www.waterchain.eu\/wp-content\/uploads\/2018\/04\/live-concert-wpv_640x360_center_center.jpg\" width=\"640\" height=\"360\" alt=\"\" \/>\n          \t\t  <h3><a href=\"https:\/\/www.waterchain.eu\/lv\/strategic-approaches\/event-organizers\/\">Festiv\u0101lu r\u012bkot\u0101ji<\/a> <\/h3>\n          \t\t  <p>K\u0101 lab\u0101k r\u016bp\u0113ties par \u016bdens un vides aizsardz\u012bbu?<\/p>\n          \t\t  <a href=\"https:\/\/www.waterchain.eu\/lv\/strategic-approaches\/event-organizers\/\" class=\"readmore\">Las\u012bt vair\u0101k<\/a>\n            <\/div>\n\t\t\n            <div class=\"campaign-item\">\n              \t<img loading=\"lazy\" decoding=\"async\" loading=\"lazy\" class=\"attachment-640x360 size-640x360 feature\" src=\"https:\/\/www.waterchain.eu\/wp-content\/uploads\/2018\/04\/title-skyview-02-wpv_640x360_center_center.jpg\" width=\"640\" height=\"360\" alt=\"\" \/>\n          \t\t  <h3><a href=\"https:\/\/www.waterchain.eu\/lv\/strategic-approaches\/lauksaimnieki\/\">Lauksaimnieki<\/a> <\/h3>\n          \t\t  <p>Ko dar\u012bt, ja v\u0113los uzst\u0101d\u012bt filtru bar\u012bbas vielu pies\u0101r\u0146ojuma samazin\u0101\u0161anai?<\/p>\n          \t\t  <a href=\"https:\/\/www.waterchain.eu\/lv\/strategic-approaches\/lauksaimnieki\/\" class=\"readmore\">Las\u012bt vair\u0101k<\/a>\n            <\/div>\n\t\t\n\t\n\t\n\t\n<\/div>\n<\/div>\n\n","protected":false},"excerpt":{"rendered":"<p>Strat\u0113\u0123isk\u0101 pieeja ir tas, k\u0101 organiz\u0101cija defin\u0113 savu strat\u0113\u0123iju vai darb\u012bbas virzienu un k\u0101 pie\u0146em l\u0113mumus par savu resursu sadal\u012b\u0161anu \u0161\u012bs strat\u0113\u0123ijas \u012bsteno\u0161anai. WaterChain projekta ietvaros tika izstr\u0101d\u0101ti vair\u0101ki piem\u0113ri da\u017e\u0101du ieinteres\u0113to pu\u0161u strat\u0113\u0123iskaj\u0101m pieej\u0101m.<\/p>\n","protected":false},"author":1,"featured_media":0,"parent":987,"menu_order":78,"comment_status":"closed","ping_status":"closed","template":"","meta":{"_exactmetrics_skip_tracking":false,"_exactmetrics_sitenote_active":false,"_exactmetrics_sitenote_note":"","_exactmetrics_sitenote_category":0,"generate_page_header":"","footnotes":""},"class_list":["post-1037","page","type-page","status-publish"],"yoast_head":"<!-- This site is optimized with the Yoast SEO plugin v27.3 - https:\/\/yoast.com\/product\/yoast-seo-wordpress\/ -->\n<title>Politikas veidot\u0101ji un zin\u0101tnieki - WaterChain<\/title>\n<meta name=\"robots\" content=\"index, follow, max-snippet:-1, max-image-preview:large, max-video-preview:-1\" \/>\n<link rel=\"canonical\" href=\"https:\/\/www.waterchain.eu\/lv\/labaka-prakse\/strategiska-pieeja\/\" \/>\n<meta property=\"og:locale\" content=\"lv_LV\" \/>\n<meta property=\"og:type\" content=\"article\" \/>\n<meta property=\"og:title\" content=\"Politikas veidot\u0101ji un zin\u0101tnieki - WaterChain\" \/>\n<meta property=\"og:description\" content=\"Strat\u0113\u0123isk\u0101 pieeja ir tas, k\u0101 organiz\u0101cija defin\u0113 savu strat\u0113\u0123iju vai darb\u012bbas virzienu un k\u0101 pie\u0146em l\u0113mumus par savu resursu sadal\u012b\u0161anu \u0161\u012bs strat\u0113\u0123ijas \u012bsteno\u0161anai. WaterChain projekta ietvaros tika izstr\u0101d\u0101ti vair\u0101ki piem\u0113ri da\u017e\u0101du ieinteres\u0113to pu\u0161u strat\u0113\u0123iskaj\u0101m pieej\u0101m.\" \/>\n<meta property=\"og:url\" content=\"https:\/\/www.waterchain.eu\/lv\/labaka-prakse\/strategiska-pieeja\/\" \/>\n<meta property=\"og:site_name\" content=\"WaterChain\" \/>\n<meta property=\"article:modified_time\" content=\"2018-09-25T10:53:08+00:00\" \/>\n<meta name=\"twitter:card\" content=\"summary_large_image\" \/>\n<script type=\"application\/ld+json\" class=\"yoast-schema-graph\">{\"@context\":\"https:\\\/\\\/schema.org\",\"@graph\":[{\"@type\":\"WebPage\",\"@id\":\"https:\\\/\\\/www.waterchain.eu\\\/lv\\\/labaka-prakse\\\/strategiska-pieeja\\\/\",\"url\":\"https:\\\/\\\/www.waterchain.eu\\\/lv\\\/labaka-prakse\\\/strategiska-pieeja\\\/\",\"name\":\"Politikas veidot\u0101ji un zin\u0101tnieki - WaterChain\",\"isPartOf\":{\"@id\":\"https:\\\/\\\/www.waterchain.eu\\\/#website\"},\"datePublished\":\"2018-05-28T07:14:46+00:00\",\"dateModified\":\"2018-09-25T10:53:08+00:00\",\"breadcrumb\":{\"@id\":\"https:\\\/\\\/www.waterchain.eu\\\/lv\\\/labaka-prakse\\\/strategiska-pieeja\\\/#breadcrumb\"},\"inLanguage\":\"lv-LV\",\"potentialAction\":[{\"@type\":\"ReadAction\",\"target\":[\"https:\\\/\\\/www.waterchain.eu\\\/lv\\\/labaka-prakse\\\/strategiska-pieeja\\\/\"]}]},{\"@type\":\"BreadcrumbList\",\"@id\":\"https:\\\/\\\/www.waterchain.eu\\\/lv\\\/labaka-prakse\\\/strategiska-pieeja\\\/#breadcrumb\",\"itemListElement\":[{\"@type\":\"ListItem\",\"position\":1,\"name\":\"Home\",\"item\":\"https:\\\/\\\/www.waterchain.eu\\\/lv\\\/\"},{\"@type\":\"ListItem\",\"position\":2,\"name\":\"Lab\u0101k\u0101 prakse\",\"item\":\"https:\\\/\\\/www.waterchain.eu\\\/lv\\\/labaka-prakse\\\/\"},{\"@type\":\"ListItem\",\"position\":3,\"name\":\"Politikas veidot\u0101ji un zin\u0101tnieki\"}]},{\"@type\":\"WebSite\",\"@id\":\"https:\\\/\\\/www.waterchain.eu\\\/#website\",\"url\":\"https:\\\/\\\/www.waterchain.eu\\\/\",\"name\":\"WaterChain\",\"description\":\"Recovering the Baltic Sea\",\"publisher\":{\"@id\":\"https:\\\/\\\/www.waterchain.eu\\\/#organization\"},\"potentialAction\":[{\"@type\":\"SearchAction\",\"target\":{\"@type\":\"EntryPoint\",\"urlTemplate\":\"https:\\\/\\\/www.waterchain.eu\\\/?s={search_term_string}\"},\"query-input\":{\"@type\":\"PropertyValueSpecification\",\"valueRequired\":true,\"valueName\":\"search_term_string\"}}],\"inLanguage\":\"lv-LV\"},{\"@type\":\"Organization\",\"@id\":\"https:\\\/\\\/www.waterchain.eu\\\/#organization\",\"name\":\"WaterChain\",\"url\":\"https:\\\/\\\/www.waterchain.eu\\\/\",\"logo\":{\"@type\":\"ImageObject\",\"inLanguage\":\"lv-LV\",\"@id\":\"https:\\\/\\\/www.waterchain.eu\\\/#\\\/schema\\\/logo\\\/image\\\/\",\"url\":\"https:\\\/\\\/www.waterchain.eu\\\/wp-content\\\/uploads\\\/2017\\\/09\\\/WaterChain-logo.png\",\"contentUrl\":\"https:\\\/\\\/www.waterchain.eu\\\/wp-content\\\/uploads\\\/2017\\\/09\\\/WaterChain-logo.png\",\"width\":343,\"height\":120,\"caption\":\"WaterChain\"},\"image\":{\"@id\":\"https:\\\/\\\/www.waterchain.eu\\\/#\\\/schema\\\/logo\\\/image\\\/\"},\"sameAs\":[\"https:\\\/\\\/www.youtube.com\\\/channel\\\/UCz8GhExcENBWQYVkkpn_y3Q\"]}]}<\/script>\n<!-- \/ Yoast SEO plugin. -->","yoast_head_json":{"title":"Politikas veidot\u0101ji un zin\u0101tnieki - WaterChain","robots":{"index":"index","follow":"follow","max-snippet":"max-snippet:-1","max-image-preview":"max-image-preview:large","max-video-preview":"max-video-preview:-1"},"canonical":"https:\/\/www.waterchain.eu\/lv\/labaka-prakse\/strategiska-pieeja\/","og_locale":"lv_LV","og_type":"article","og_title":"Politikas veidot\u0101ji un zin\u0101tnieki - WaterChain","og_description":"Strat\u0113\u0123isk\u0101 pieeja ir tas, k\u0101 organiz\u0101cija defin\u0113 savu strat\u0113\u0123iju vai darb\u012bbas virzienu un k\u0101 pie\u0146em l\u0113mumus par savu resursu sadal\u012b\u0161anu \u0161\u012bs strat\u0113\u0123ijas \u012bsteno\u0161anai. WaterChain projekta ietvaros tika izstr\u0101d\u0101ti vair\u0101ki piem\u0113ri da\u017e\u0101du ieinteres\u0113to pu\u0161u strat\u0113\u0123iskaj\u0101m pieej\u0101m.","og_url":"https:\/\/www.waterchain.eu\/lv\/labaka-prakse\/strategiska-pieeja\/","og_site_name":"WaterChain","article_modified_time":"2018-09-25T10:53:08+00:00","twitter_card":"summary_large_image","schema":{"@context":"https:\/\/schema.org","@graph":[{"@type":"WebPage","@id":"https:\/\/www.waterchain.eu\/lv\/labaka-prakse\/strategiska-pieeja\/","url":"https:\/\/www.waterchain.eu\/lv\/labaka-prakse\/strategiska-pieeja\/","name":"Politikas veidot\u0101ji un zin\u0101tnieki - WaterChain","isPartOf":{"@id":"https:\/\/www.waterchain.eu\/#website"},"datePublished":"2018-05-28T07:14:46+00:00","dateModified":"2018-09-25T10:53:08+00:00","breadcrumb":{"@id":"https:\/\/www.waterchain.eu\/lv\/labaka-prakse\/strategiska-pieeja\/#breadcrumb"},"inLanguage":"lv-LV","potentialAction":[{"@type":"ReadAction","target":["https:\/\/www.waterchain.eu\/lv\/labaka-prakse\/strategiska-pieeja\/"]}]},{"@type":"BreadcrumbList","@id":"https:\/\/www.waterchain.eu\/lv\/labaka-prakse\/strategiska-pieeja\/#breadcrumb","itemListElement":[{"@type":"ListItem","position":1,"name":"Home","item":"https:\/\/www.waterchain.eu\/lv\/"},{"@type":"ListItem","position":2,"name":"Lab\u0101k\u0101 prakse","item":"https:\/\/www.waterchain.eu\/lv\/labaka-prakse\/"},{"@type":"ListItem","position":3,"name":"Politikas veidot\u0101ji un zin\u0101tnieki"}]},{"@type":"WebSite","@id":"https:\/\/www.waterchain.eu\/#website","url":"https:\/\/www.waterchain.eu\/","name":"WaterChain","description":"Recovering the Baltic Sea","publisher":{"@id":"https:\/\/www.waterchain.eu\/#organization"},"potentialAction":[{"@type":"SearchAction","target":{"@type":"EntryPoint","urlTemplate":"https:\/\/www.waterchain.eu\/?s={search_term_string}"},"query-input":{"@type":"PropertyValueSpecification","valueRequired":true,"valueName":"search_term_string"}}],"inLanguage":"lv-LV"},{"@type":"Organization","@id":"https:\/\/www.waterchain.eu\/#organization","name":"WaterChain","url":"https:\/\/www.waterchain.eu\/","logo":{"@type":"ImageObject","inLanguage":"lv-LV","@id":"https:\/\/www.waterchain.eu\/#\/schema\/logo\/image\/","url":"https:\/\/www.waterchain.eu\/wp-content\/uploads\/2017\/09\/WaterChain-logo.png","contentUrl":"https:\/\/www.waterchain.eu\/wp-content\/uploads\/2017\/09\/WaterChain-logo.png","width":343,"height":120,"caption":"WaterChain"},"image":{"@id":"https:\/\/www.waterchain.eu\/#\/schema\/logo\/image\/"},"sameAs":["https:\/\/www.youtube.com\/channel\/UCz8GhExcENBWQYVkkpn_y3Q"]}]}},"_links":{"self":[{"href":"https:\/\/www.waterchain.eu\/lv\/wp-json\/wp\/v2\/pages\/1037","targetHints":{"allow":["GET"]}}],"collection":[{"href":"https:\/\/www.waterchain.eu\/lv\/wp-json\/wp\/v2\/pages"}],"about":[{"href":"https:\/\/www.waterchain.eu\/lv\/wp-json\/wp\/v2\/types\/page"}],"author":[{"embeddable":true,"href":"https:\/\/www.waterchain.eu\/lv\/wp-json\/wp\/v2\/users\/1"}],"replies":[{"embeddable":true,"href":"https:\/\/www.waterchain.eu\/lv\/wp-json\/wp\/v2\/comments?post=1037"}],"version-history":[{"count":2,"href":"https:\/\/www.waterchain.eu\/lv\/wp-json\/wp\/v2\/pages\/1037\/revisions"}],"predecessor-version":[{"id":3373,"href":"https:\/\/www.waterchain.eu\/lv\/wp-json\/wp\/v2\/pages\/1037\/revisions\/3373"}],"up":[{"embeddable":true,"href":"https:\/\/www.waterchain.eu\/lv\/wp-json\/wp\/v2\/pages\/987"}],"wp:attachment":[{"href":"https:\/\/www.waterchain.eu\/lv\/wp-json\/wp\/v2\/media?parent=1037"}],"curies":[{"name":"wp","href":"https:\/\/api.w.org\/{rel}","templated":true}]}}