{"id":978,"date":"2018-05-21T15:12:34","date_gmt":"2018-05-21T12:12:34","guid":{"rendered":"https:\/\/waterchain.eu\/?page_id=978"},"modified":"2018-08-29T10:54:28","modified_gmt":"2018-08-29T07:54:28","slug":"ka-es-varu-palidzet","status":"publish","type":"page","link":"https:\/\/www.waterchain.eu\/lv\/ka-es-varu-palidzet\/","title":{"rendered":"K\u0101 es varu pal\u012bdz\u0113t?"},"content":{"rendered":"<h2>Pal\u012bdz\u0113t var ikviens!<\/h2>\n<h5>Lai aizsarg\u0101tu Baltijas j\u016bru, ir j\u0101r\u012bkojas gan j\u016br\u0101, gan uz zemes.<\/h5>\n<p>Bar\u012bbas vielu un b\u012bstamo vielu iepl\u016bde Baltijas j\u016br\u0101 ir j\u0101nov\u0113r\u0161 un j\u0101samazina \u2014 tas ir da\u013c\u0113ji politisks l\u0113mums, kas j\u0101pie\u0146em valsts un starpvalstu l\u012bmen\u012b vis\u0101 j\u016bras sateces baseina teritorij\u0101. Tom\u0113r ar\u012b katrs no mums var pal\u012bdz\u0113t, mainot p\u0101ris ikdienas ieradumus. Savs labums ir no katra darba, pat ja tas \u0161\u0137iet \u013coti nenoz\u012bm\u012bgs. Ieskaties m\u016bsu ieteikumos un dod savu <a href=\"https:\/\/www.waterchain.eu\/what-can-i-do\/promises-to-the-baltic-sea\/\">sol\u012bjumu Baltijas j\u016brai!<\/a>.<\/p>\n<p><iframe width=\"560\" height=\"315\" src=\"https:\/\/www.youtube.com\/embed\/vodwf2ADgrM\" frameborder=\"0\" allow=\"autoplay; encrypted-media\" allowfullscreen><\/iframe><\/p>\n<h3>Eiropas savien\u012bbas atkritumu apsaimnieko\u0161anas likumdo\u0161ana un politiskie m\u0113r\u0137i ir izvirz\u012bju\u0161i sekojo\u0161\u0101s priorit\u0101tes atkritumu apsaimnieko\u0161anai.<\/h3>\n<ol>\n<li>Samazin\u0101t atkritumu apjomu p\u0113rkot maz\u0101k! Vienm\u0113r izmanto un ap\u0113d ko esi nopircis.<\/li>\n<li>Atsakies no t\u012br\u012b\u0161anas l\u012bdzek\u013ciem, kas satur perfluor\u0113tos savienojumus vienreiz izmantojam\u0101s plastmas, \u0137imiskaj\u0101m vielo un pestic\u012bdu pat\u0113r\u0113\u0161anas, kas ir kait\u012bgi gan videi, gan cilv\u0113ka vesel\u012bbai.<\/li>\n<li>Atk\u0101rtoti izmanto un salabo ko vari. Ja tev mantu vairs nevajag, tad nodod to t\u0101l\u0101klieto\u0161anai.<\/li>\n<li>Veicini atkritumu p\u0101rstr\u0101d\u0101\u0161anu! Nekad neizmanto tualetes podu k\u0101 miskasti. Neizmantotus medic\u012bnas produktus nodod aptiek\u0101 un sav\u0101c atrastos atkritumus.<\/li>\n<\/ol>\n<p><strong>Atkritumi vid\u0113 ir m\u016bsu kop\u012bg\u0101 probl\u0113ma.<\/strong> Ar sav\u0101m izv\u0113l\u0113m un r\u012bc\u012bb\u0101m, m\u0113s to varam main\u012bt!<\/p>\n<p><a href=\"https:\/\/www.waterchain.eu\/wp-content\/uploads\/2018\/06\/What-can-I-do_illustration-web.jpg\"><img fetchpriority=\"high\" decoding=\"async\" class=\"alignnone size-full wp-image-1284\" src=\"https:\/\/www.waterchain.eu\/wp-content\/uploads\/2018\/06\/What-can-I-do_illustration-web.jpg\" alt=\"\" width=\"1000\" height=\"918\" srcset=\"https:\/\/www.waterchain.eu\/wp-content\/uploads\/2018\/06\/What-can-I-do_illustration-web.jpg 1000w, https:\/\/www.waterchain.eu\/wp-content\/uploads\/2018\/06\/What-can-I-do_illustration-web-768x705.jpg 768w\" sizes=\"(max-width: 1000px) 100vw, 1000px\" \/><\/a><\/p>\n","protected":false},"excerpt":{"rendered":"<p>Pal\u012bdz\u0113t var ikviens! Lai aizsarg\u0101tu Baltijas j\u016bru, ir j\u0101r\u012bkojas gan j\u016br\u0101, gan uz zemes. Bar\u012bbas vielu un b\u012bstamo vielu iepl\u016bde Baltijas j\u016br\u0101 ir j\u0101nov\u0113r\u0161 un j\u0101samazina \u2014 tas ir da\u013c\u0113ji politisks l\u0113mums, kas j\u0101pie\u0146em valsts un starpvalstu l\u012bmen\u012b vis\u0101 j\u016bras sateces baseina teritorij\u0101. Tom\u0113r ar\u012b katrs no mums var pal\u012bdz\u0113t, mainot p\u0101ris ikdienas ieradumus. Savs &#8230; <a title=\"K\u0101 es varu pal\u012bdz\u0113t?\" class=\"read-more\" href=\"https:\/\/www.waterchain.eu\/lv\/ka-es-varu-palidzet\/\" aria-label=\"Read more about K\u0101 es varu pal\u012bdz\u0113t?\">Read more<\/a><\/p>\n","protected":false},"author":1,"featured_media":2110,"parent":0,"menu_order":65,"comment_status":"closed","ping_status":"closed","template":"","meta":{"_exactmetrics_skip_tracking":false,"_exactmetrics_sitenote_active":false,"_exactmetrics_sitenote_note":"","_exactmetrics_sitenote_category":0,"generate_page_header":"","footnotes":""},"class_list":["post-978","page","type-page","status-publish","has-post-thumbnail"],"yoast_head":"<!-- This site is optimized with the Yoast SEO plugin v27.3 - https:\/\/yoast.com\/product\/yoast-seo-wordpress\/ -->\n<title>K\u0101 es varu pal\u012bdz\u0113t? - WaterChain<\/title>\n<meta name=\"robots\" content=\"index, follow, max-snippet:-1, max-image-preview:large, max-video-preview:-1\" \/>\n<link rel=\"canonical\" href=\"https:\/\/www.waterchain.eu\/lv\/ka-es-varu-palidzet\/\" \/>\n<meta property=\"og:locale\" content=\"lv_LV\" \/>\n<meta property=\"og:type\" content=\"article\" \/>\n<meta property=\"og:title\" content=\"K\u0101 es varu pal\u012bdz\u0113t? - WaterChain\" \/>\n<meta property=\"og:description\" content=\"Pal\u012bdz\u0113t var ikviens! Lai aizsarg\u0101tu Baltijas j\u016bru, ir j\u0101r\u012bkojas gan j\u016br\u0101, gan uz zemes. Bar\u012bbas vielu un b\u012bstamo vielu iepl\u016bde Baltijas j\u016br\u0101 ir j\u0101nov\u0113r\u0161 un j\u0101samazina \u2014 tas ir da\u013c\u0113ji politisks l\u0113mums, kas j\u0101pie\u0146em valsts un starpvalstu l\u012bmen\u012b vis\u0101 j\u016bras sateces baseina teritorij\u0101. Tom\u0113r ar\u012b katrs no mums var pal\u012bdz\u0113t, mainot p\u0101ris ikdienas ieradumus. Savs ... Read more\" \/>\n<meta property=\"og:url\" content=\"https:\/\/www.waterchain.eu\/lv\/ka-es-varu-palidzet\/\" \/>\n<meta property=\"og:site_name\" content=\"WaterChain\" \/>\n<meta property=\"article:modified_time\" content=\"2018-08-29T07:54:28+00:00\" \/>\n<meta property=\"og:image\" content=\"https:\/\/www.waterchain.eu\/wp-content\/uploads\/2018\/04\/title-woman-on-beach-01.jpg\" \/>\n\t<meta property=\"og:image:width\" content=\"1600\" \/>\n\t<meta property=\"og:image:height\" content=\"1000\" \/>\n\t<meta property=\"og:image:type\" content=\"image\/jpeg\" \/>\n<meta name=\"twitter:card\" content=\"summary_large_image\" \/>\n<meta name=\"twitter:label1\" content=\"Est. reading time\" \/>\n\t<meta name=\"twitter:data1\" content=\"1 minute\" \/>\n<script type=\"application\/ld+json\" class=\"yoast-schema-graph\">{\"@context\":\"https:\\\/\\\/schema.org\",\"@graph\":[{\"@type\":\"WebPage\",\"@id\":\"https:\\\/\\\/www.waterchain.eu\\\/lv\\\/ka-es-varu-palidzet\\\/\",\"url\":\"https:\\\/\\\/www.waterchain.eu\\\/lv\\\/ka-es-varu-palidzet\\\/\",\"name\":\"K\u0101 es varu pal\u012bdz\u0113t? - WaterChain\",\"isPartOf\":{\"@id\":\"https:\\\/\\\/www.waterchain.eu\\\/#website\"},\"primaryImageOfPage\":{\"@id\":\"https:\\\/\\\/www.waterchain.eu\\\/lv\\\/ka-es-varu-palidzet\\\/#primaryimage\"},\"image\":{\"@id\":\"https:\\\/\\\/www.waterchain.eu\\\/lv\\\/ka-es-varu-palidzet\\\/#primaryimage\"},\"thumbnailUrl\":\"https:\\\/\\\/www.waterchain.eu\\\/wp-content\\\/uploads\\\/2018\\\/04\\\/title-woman-on-beach-01.jpg\",\"datePublished\":\"2018-05-21T12:12:34+00:00\",\"dateModified\":\"2018-08-29T07:54:28+00:00\",\"breadcrumb\":{\"@id\":\"https:\\\/\\\/www.waterchain.eu\\\/lv\\\/ka-es-varu-palidzet\\\/#breadcrumb\"},\"inLanguage\":\"lv-LV\",\"potentialAction\":[{\"@type\":\"ReadAction\",\"target\":[\"https:\\\/\\\/www.waterchain.eu\\\/lv\\\/ka-es-varu-palidzet\\\/\"]}]},{\"@type\":\"ImageObject\",\"inLanguage\":\"lv-LV\",\"@id\":\"https:\\\/\\\/www.waterchain.eu\\\/lv\\\/ka-es-varu-palidzet\\\/#primaryimage\",\"url\":\"https:\\\/\\\/www.waterchain.eu\\\/wp-content\\\/uploads\\\/2018\\\/04\\\/title-woman-on-beach-01.jpg\",\"contentUrl\":\"https:\\\/\\\/www.waterchain.eu\\\/wp-content\\\/uploads\\\/2018\\\/04\\\/title-woman-on-beach-01.jpg\",\"width\":1600,\"height\":1000},{\"@type\":\"BreadcrumbList\",\"@id\":\"https:\\\/\\\/www.waterchain.eu\\\/lv\\\/ka-es-varu-palidzet\\\/#breadcrumb\",\"itemListElement\":[{\"@type\":\"ListItem\",\"position\":1,\"name\":\"Home\",\"item\":\"https:\\\/\\\/www.waterchain.eu\\\/lv\\\/\"},{\"@type\":\"ListItem\",\"position\":2,\"name\":\"K\u0101 es varu pal\u012bdz\u0113t?\"}]},{\"@type\":\"WebSite\",\"@id\":\"https:\\\/\\\/www.waterchain.eu\\\/#website\",\"url\":\"https:\\\/\\\/www.waterchain.eu\\\/\",\"name\":\"WaterChain\",\"description\":\"Recovering the Baltic Sea\",\"publisher\":{\"@id\":\"https:\\\/\\\/www.waterchain.eu\\\/#organization\"},\"potentialAction\":[{\"@type\":\"SearchAction\",\"target\":{\"@type\":\"EntryPoint\",\"urlTemplate\":\"https:\\\/\\\/www.waterchain.eu\\\/?s={search_term_string}\"},\"query-input\":{\"@type\":\"PropertyValueSpecification\",\"valueRequired\":true,\"valueName\":\"search_term_string\"}}],\"inLanguage\":\"lv-LV\"},{\"@type\":\"Organization\",\"@id\":\"https:\\\/\\\/www.waterchain.eu\\\/#organization\",\"name\":\"WaterChain\",\"url\":\"https:\\\/\\\/www.waterchain.eu\\\/\",\"logo\":{\"@type\":\"ImageObject\",\"inLanguage\":\"lv-LV\",\"@id\":\"https:\\\/\\\/www.waterchain.eu\\\/#\\\/schema\\\/logo\\\/image\\\/\",\"url\":\"https:\\\/\\\/www.waterchain.eu\\\/wp-content\\\/uploads\\\/2017\\\/09\\\/WaterChain-logo.png\",\"contentUrl\":\"https:\\\/\\\/www.waterchain.eu\\\/wp-content\\\/uploads\\\/2017\\\/09\\\/WaterChain-logo.png\",\"width\":343,\"height\":120,\"caption\":\"WaterChain\"},\"image\":{\"@id\":\"https:\\\/\\\/www.waterchain.eu\\\/#\\\/schema\\\/logo\\\/image\\\/\"},\"sameAs\":[\"https:\\\/\\\/www.youtube.com\\\/channel\\\/UCz8GhExcENBWQYVkkpn_y3Q\"]}]}<\/script>\n<!-- \/ Yoast SEO plugin. -->","yoast_head_json":{"title":"K\u0101 es varu pal\u012bdz\u0113t? - WaterChain","robots":{"index":"index","follow":"follow","max-snippet":"max-snippet:-1","max-image-preview":"max-image-preview:large","max-video-preview":"max-video-preview:-1"},"canonical":"https:\/\/www.waterchain.eu\/lv\/ka-es-varu-palidzet\/","og_locale":"lv_LV","og_type":"article","og_title":"K\u0101 es varu pal\u012bdz\u0113t? - WaterChain","og_description":"Pal\u012bdz\u0113t var ikviens! Lai aizsarg\u0101tu Baltijas j\u016bru, ir j\u0101r\u012bkojas gan j\u016br\u0101, gan uz zemes. Bar\u012bbas vielu un b\u012bstamo vielu iepl\u016bde Baltijas j\u016br\u0101 ir j\u0101nov\u0113r\u0161 un j\u0101samazina \u2014 tas ir da\u013c\u0113ji politisks l\u0113mums, kas j\u0101pie\u0146em valsts un starpvalstu l\u012bmen\u012b vis\u0101 j\u016bras sateces baseina teritorij\u0101. Tom\u0113r ar\u012b katrs no mums var pal\u012bdz\u0113t, mainot p\u0101ris ikdienas ieradumus. Savs ... Read more","og_url":"https:\/\/www.waterchain.eu\/lv\/ka-es-varu-palidzet\/","og_site_name":"WaterChain","article_modified_time":"2018-08-29T07:54:28+00:00","og_image":[{"width":1600,"height":1000,"url":"https:\/\/www.waterchain.eu\/wp-content\/uploads\/2018\/04\/title-woman-on-beach-01.jpg","type":"image\/jpeg"}],"twitter_card":"summary_large_image","twitter_misc":{"Est. reading time":"1 minute"},"schema":{"@context":"https:\/\/schema.org","@graph":[{"@type":"WebPage","@id":"https:\/\/www.waterchain.eu\/lv\/ka-es-varu-palidzet\/","url":"https:\/\/www.waterchain.eu\/lv\/ka-es-varu-palidzet\/","name":"K\u0101 es varu pal\u012bdz\u0113t? - WaterChain","isPartOf":{"@id":"https:\/\/www.waterchain.eu\/#website"},"primaryImageOfPage":{"@id":"https:\/\/www.waterchain.eu\/lv\/ka-es-varu-palidzet\/#primaryimage"},"image":{"@id":"https:\/\/www.waterchain.eu\/lv\/ka-es-varu-palidzet\/#primaryimage"},"thumbnailUrl":"https:\/\/www.waterchain.eu\/wp-content\/uploads\/2018\/04\/title-woman-on-beach-01.jpg","datePublished":"2018-05-21T12:12:34+00:00","dateModified":"2018-08-29T07:54:28+00:00","breadcrumb":{"@id":"https:\/\/www.waterchain.eu\/lv\/ka-es-varu-palidzet\/#breadcrumb"},"inLanguage":"lv-LV","potentialAction":[{"@type":"ReadAction","target":["https:\/\/www.waterchain.eu\/lv\/ka-es-varu-palidzet\/"]}]},{"@type":"ImageObject","inLanguage":"lv-LV","@id":"https:\/\/www.waterchain.eu\/lv\/ka-es-varu-palidzet\/#primaryimage","url":"https:\/\/www.waterchain.eu\/wp-content\/uploads\/2018\/04\/title-woman-on-beach-01.jpg","contentUrl":"https:\/\/www.waterchain.eu\/wp-content\/uploads\/2018\/04\/title-woman-on-beach-01.jpg","width":1600,"height":1000},{"@type":"BreadcrumbList","@id":"https:\/\/www.waterchain.eu\/lv\/ka-es-varu-palidzet\/#breadcrumb","itemListElement":[{"@type":"ListItem","position":1,"name":"Home","item":"https:\/\/www.waterchain.eu\/lv\/"},{"@type":"ListItem","position":2,"name":"K\u0101 es varu pal\u012bdz\u0113t?"}]},{"@type":"WebSite","@id":"https:\/\/www.waterchain.eu\/#website","url":"https:\/\/www.waterchain.eu\/","name":"WaterChain","description":"Recovering the Baltic Sea","publisher":{"@id":"https:\/\/www.waterchain.eu\/#organization"},"potentialAction":[{"@type":"SearchAction","target":{"@type":"EntryPoint","urlTemplate":"https:\/\/www.waterchain.eu\/?s={search_term_string}"},"query-input":{"@type":"PropertyValueSpecification","valueRequired":true,"valueName":"search_term_string"}}],"inLanguage":"lv-LV"},{"@type":"Organization","@id":"https:\/\/www.waterchain.eu\/#organization","name":"WaterChain","url":"https:\/\/www.waterchain.eu\/","logo":{"@type":"ImageObject","inLanguage":"lv-LV","@id":"https:\/\/www.waterchain.eu\/#\/schema\/logo\/image\/","url":"https:\/\/www.waterchain.eu\/wp-content\/uploads\/2017\/09\/WaterChain-logo.png","contentUrl":"https:\/\/www.waterchain.eu\/wp-content\/uploads\/2017\/09\/WaterChain-logo.png","width":343,"height":120,"caption":"WaterChain"},"image":{"@id":"https:\/\/www.waterchain.eu\/#\/schema\/logo\/image\/"},"sameAs":["https:\/\/www.youtube.com\/channel\/UCz8GhExcENBWQYVkkpn_y3Q"]}]}},"_links":{"self":[{"href":"https:\/\/www.waterchain.eu\/lv\/wp-json\/wp\/v2\/pages\/978","targetHints":{"allow":["GET"]}}],"collection":[{"href":"https:\/\/www.waterchain.eu\/lv\/wp-json\/wp\/v2\/pages"}],"about":[{"href":"https:\/\/www.waterchain.eu\/lv\/wp-json\/wp\/v2\/types\/page"}],"author":[{"embeddable":true,"href":"https:\/\/www.waterchain.eu\/lv\/wp-json\/wp\/v2\/users\/1"}],"replies":[{"embeddable":true,"href":"https:\/\/www.waterchain.eu\/lv\/wp-json\/wp\/v2\/comments?post=978"}],"version-history":[{"count":5,"href":"https:\/\/www.waterchain.eu\/lv\/wp-json\/wp\/v2\/pages\/978\/revisions"}],"predecessor-version":[{"id":3309,"href":"https:\/\/www.waterchain.eu\/lv\/wp-json\/wp\/v2\/pages\/978\/revisions\/3309"}],"wp:featuredmedia":[{"embeddable":true,"href":"https:\/\/www.waterchain.eu\/lv\/wp-json\/wp\/v2\/media\/2110"}],"wp:attachment":[{"href":"https:\/\/www.waterchain.eu\/lv\/wp-json\/wp\/v2\/media?parent=978"}],"curies":[{"name":"wp","href":"https:\/\/api.w.org\/{rel}","templated":true}]}}