{"id":1084,"date":"2018-05-31T13:45:44","date_gmt":"2018-05-31T10:45:44","guid":{"rendered":"https:\/\/waterchain.eu\/?page_id=1084"},"modified":"2018-08-29T10:46:47","modified_gmt":"2018-08-29T07:46:47","slug":"problem-i-ostersjon","status":"publish","type":"page","link":"https:\/\/www.waterchain.eu\/sv\/problem-i-ostersjon\/","title":{"rendered":"Problem i \u00d6stersj\u00f6n"},"content":{"rendered":"<p><iframe width=\"560\" height=\"315\" src=\"https:\/\/www.youtube.com\/embed\/d5KBb28VMgM\" frameborder=\"0\" allow=\"autoplay; encrypted-media\" allowfullscreen><\/iframe><\/p>\n<h3>The tydligaste problemet i \u00d6stersj\u00f6n \u00e4r eutrofiering (\u00f6verg\u00f6dning), vilket kan observeras sommartid i form av massiva algblomningar.<\/h3>\n<p>Eutrofieringsprocessen \u00e4r v\u00e4lk\u00e4nd och i \u00d6stersj\u00f6n observerades \u00f6verg\u00f6dning redan under 1800-talet. M\u00e5nga \u00e5tg\u00e4rder har gjorts f\u00f6r att avlasta och restaurera \u00d6stersj\u00f6n, men <a href=\"https:\/\/www.waterchain.eu\/problems-in-the-baltic-sea\/nutrients\/\">en p\u00e5b\u00f6rjad eutrofiering \u00e4r sv\u00e5r att stoppa<\/a>.<\/p>\n<p>Effekterna av farliga \u00e4mnen och kombinationen av farliga \u00e4mnen \u00e4r mindre uppenbara och mindre k\u00e4nda. Medvetenheten om dessa kemiska \u00e4mnens effekter uppstod f\u00f6r bara n\u00e5gra decenier sedan. Vi saknar fortfarande tillr\u00e4ckliga data f\u00f6r att grundligt utv\u00e4rdera koncentrationerna av \u00e4mnena i vattendrag och deras effekt p\u00e5 ekosystemen i vattendragen, men ocks\u00e5 effekten p\u00e5 <a href=\"https:\/\/www.waterchain.eu\/problems-in-the-baltic-sea\/hazardous-substances\/\">m\u00e4nniskor<\/a>.<\/p>\n<figure id=\"attachment_625\" aria-describedby=\"caption-attachment-625\" style=\"width: 1590px\" class=\"wp-caption alignnone\"><img fetchpriority=\"high\" decoding=\"async\" class=\"wp-image-625 size-full\" src=\"https:\/\/www.waterchain.eu\/wp-content\/uploads\/2018\/06\/Various-human-actions-produce-harmful-load-to-the-Baltic-Sea-and-waterbodies-in-general_Copyright-Emilia-M\u00e4kel\u00e4.png\" alt=\"\" width=\"1600\" height=\"762\" \/><figcaption id=\"caption-attachment-625\" class=\"wp-caption-text\">Farliga \u00e4mnen fr\u00e5n m\u00e4nskliga aktiviteter belastar \u00d6stersj\u00f6n och vattendrag i allm\u00e4nhet. Copyright Emilia M\u00e4kel\u00e4. Modifierad fr\u00e5n en bild som ursprungligen publicerades av Luontoliitto (http:\/\/slideplayer.fi\/slide\/1930400\/).<\/figcaption><\/figure>\n","protected":false},"excerpt":{"rendered":"<p>The tydligaste problemet i \u00d6stersj\u00f6n \u00e4r eutrofiering (\u00f6verg\u00f6dning), vilket kan observeras sommartid i form av massiva algblomningar. Eutrofieringsprocessen \u00e4r v\u00e4lk\u00e4nd och i \u00d6stersj\u00f6n observerades \u00f6verg\u00f6dning redan under 1800-talet. M\u00e5nga \u00e5tg\u00e4rder har gjorts f\u00f6r att avlasta och restaurera \u00d6stersj\u00f6n, men en p\u00e5b\u00f6rjad eutrofiering \u00e4r sv\u00e5r att stoppa. Effekterna av farliga \u00e4mnen och kombinationen av farliga \u00e4mnen &#8230; <a title=\"Problem i \u00d6stersj\u00f6n\" class=\"read-more\" href=\"https:\/\/www.waterchain.eu\/sv\/problem-i-ostersjon\/\" aria-label=\"L\u00e4s mer om Problem i \u00d6stersj\u00f6n\">L\u00e4s mer<\/a><\/p>\n","protected":false},"author":1,"featured_media":2139,"parent":0,"menu_order":52,"comment_status":"closed","ping_status":"closed","template":"","meta":{"_exactmetrics_skip_tracking":false,"_exactmetrics_sitenote_active":false,"_exactmetrics_sitenote_note":"","_exactmetrics_sitenote_category":0,"generate_page_header":"","footnotes":""},"class_list":["post-1084","page","type-page","status-publish","has-post-thumbnail"],"yoast_head":"<!-- This site is optimized with the Yoast SEO plugin v27.3 - https:\/\/yoast.com\/product\/yoast-seo-wordpress\/ -->\n<title>Problem i \u00d6stersj\u00f6n - WaterChain<\/title>\n<meta name=\"robots\" content=\"index, follow, max-snippet:-1, max-image-preview:large, max-video-preview:-1\" \/>\n<link rel=\"canonical\" href=\"https:\/\/www.waterchain.eu\/sv\/problem-i-ostersjon\/\" \/>\n<meta property=\"og:locale\" content=\"sv_SE\" \/>\n<meta property=\"og:type\" content=\"article\" \/>\n<meta property=\"og:title\" content=\"Problem i \u00d6stersj\u00f6n - WaterChain\" \/>\n<meta property=\"og:description\" content=\"The tydligaste problemet i \u00d6stersj\u00f6n \u00e4r eutrofiering (\u00f6verg\u00f6dning), vilket kan observeras sommartid i form av massiva algblomningar. Eutrofieringsprocessen \u00e4r v\u00e4lk\u00e4nd och i \u00d6stersj\u00f6n observerades \u00f6verg\u00f6dning redan under 1800-talet. M\u00e5nga \u00e5tg\u00e4rder har gjorts f\u00f6r att avlasta och restaurera \u00d6stersj\u00f6n, men en p\u00e5b\u00f6rjad eutrofiering \u00e4r sv\u00e5r att stoppa. Effekterna av farliga \u00e4mnen och kombinationen av farliga \u00e4mnen ... L\u00e4s mer\" \/>\n<meta property=\"og:url\" content=\"https:\/\/www.waterchain.eu\/sv\/problem-i-ostersjon\/\" \/>\n<meta property=\"og:site_name\" content=\"WaterChain\" \/>\n<meta property=\"article:modified_time\" content=\"2018-08-29T07:46:47+00:00\" \/>\n<meta property=\"og:image\" content=\"https:\/\/www.waterchain.eu\/wp-content\/uploads\/2017\/09\/hero-baltic.jpg\" \/>\n\t<meta property=\"og:image:width\" content=\"1380\" \/>\n\t<meta property=\"og:image:height\" content=\"793\" \/>\n\t<meta property=\"og:image:type\" content=\"image\/jpeg\" \/>\n<meta name=\"twitter:card\" content=\"summary_large_image\" \/>\n<meta name=\"twitter:label1\" content=\"Ber\u00e4knad l\u00e4stid\" \/>\n\t<meta name=\"twitter:data1\" content=\"1 minut\" \/>\n<script type=\"application\/ld+json\" class=\"yoast-schema-graph\">{\"@context\":\"https:\\\/\\\/schema.org\",\"@graph\":[{\"@type\":\"WebPage\",\"@id\":\"https:\\\/\\\/www.waterchain.eu\\\/sv\\\/problem-i-ostersjon\\\/\",\"url\":\"https:\\\/\\\/www.waterchain.eu\\\/sv\\\/problem-i-ostersjon\\\/\",\"name\":\"Problem i \u00d6stersj\u00f6n - WaterChain\",\"isPartOf\":{\"@id\":\"https:\\\/\\\/www.waterchain.eu\\\/#website\"},\"primaryImageOfPage\":{\"@id\":\"https:\\\/\\\/www.waterchain.eu\\\/sv\\\/problem-i-ostersjon\\\/#primaryimage\"},\"image\":{\"@id\":\"https:\\\/\\\/www.waterchain.eu\\\/sv\\\/problem-i-ostersjon\\\/#primaryimage\"},\"thumbnailUrl\":\"https:\\\/\\\/www.waterchain.eu\\\/wp-content\\\/uploads\\\/2017\\\/09\\\/hero-baltic.jpg\",\"datePublished\":\"2018-05-31T10:45:44+00:00\",\"dateModified\":\"2018-08-29T07:46:47+00:00\",\"breadcrumb\":{\"@id\":\"https:\\\/\\\/www.waterchain.eu\\\/sv\\\/problem-i-ostersjon\\\/#breadcrumb\"},\"inLanguage\":\"sv-SE\",\"potentialAction\":[{\"@type\":\"ReadAction\",\"target\":[\"https:\\\/\\\/www.waterchain.eu\\\/sv\\\/problem-i-ostersjon\\\/\"]}]},{\"@type\":\"ImageObject\",\"inLanguage\":\"sv-SE\",\"@id\":\"https:\\\/\\\/www.waterchain.eu\\\/sv\\\/problem-i-ostersjon\\\/#primaryimage\",\"url\":\"https:\\\/\\\/www.waterchain.eu\\\/wp-content\\\/uploads\\\/2017\\\/09\\\/hero-baltic.jpg\",\"contentUrl\":\"https:\\\/\\\/www.waterchain.eu\\\/wp-content\\\/uploads\\\/2017\\\/09\\\/hero-baltic.jpg\",\"width\":1380,\"height\":793},{\"@type\":\"BreadcrumbList\",\"@id\":\"https:\\\/\\\/www.waterchain.eu\\\/sv\\\/problem-i-ostersjon\\\/#breadcrumb\",\"itemListElement\":[{\"@type\":\"ListItem\",\"position\":1,\"name\":\"Home\",\"item\":\"https:\\\/\\\/www.waterchain.eu\\\/sv\\\/\"},{\"@type\":\"ListItem\",\"position\":2,\"name\":\"Problem i \u00d6stersj\u00f6n\"}]},{\"@type\":\"WebSite\",\"@id\":\"https:\\\/\\\/www.waterchain.eu\\\/#website\",\"url\":\"https:\\\/\\\/www.waterchain.eu\\\/\",\"name\":\"WaterChain\",\"description\":\"Recovering the Baltic Sea\",\"publisher\":{\"@id\":\"https:\\\/\\\/www.waterchain.eu\\\/#organization\"},\"potentialAction\":[{\"@type\":\"SearchAction\",\"target\":{\"@type\":\"EntryPoint\",\"urlTemplate\":\"https:\\\/\\\/www.waterchain.eu\\\/?s={search_term_string}\"},\"query-input\":{\"@type\":\"PropertyValueSpecification\",\"valueRequired\":true,\"valueName\":\"search_term_string\"}}],\"inLanguage\":\"sv-SE\"},{\"@type\":\"Organization\",\"@id\":\"https:\\\/\\\/www.waterchain.eu\\\/#organization\",\"name\":\"WaterChain\",\"url\":\"https:\\\/\\\/www.waterchain.eu\\\/\",\"logo\":{\"@type\":\"ImageObject\",\"inLanguage\":\"sv-SE\",\"@id\":\"https:\\\/\\\/www.waterchain.eu\\\/#\\\/schema\\\/logo\\\/image\\\/\",\"url\":\"https:\\\/\\\/www.waterchain.eu\\\/wp-content\\\/uploads\\\/2017\\\/09\\\/WaterChain-logo.png\",\"contentUrl\":\"https:\\\/\\\/www.waterchain.eu\\\/wp-content\\\/uploads\\\/2017\\\/09\\\/WaterChain-logo.png\",\"width\":343,\"height\":120,\"caption\":\"WaterChain\"},\"image\":{\"@id\":\"https:\\\/\\\/www.waterchain.eu\\\/#\\\/schema\\\/logo\\\/image\\\/\"},\"sameAs\":[\"https:\\\/\\\/www.youtube.com\\\/channel\\\/UCz8GhExcENBWQYVkkpn_y3Q\"]}]}<\/script>\n<!-- \/ Yoast SEO plugin. -->","yoast_head_json":{"title":"Problem i \u00d6stersj\u00f6n - WaterChain","robots":{"index":"index","follow":"follow","max-snippet":"max-snippet:-1","max-image-preview":"max-image-preview:large","max-video-preview":"max-video-preview:-1"},"canonical":"https:\/\/www.waterchain.eu\/sv\/problem-i-ostersjon\/","og_locale":"sv_SE","og_type":"article","og_title":"Problem i \u00d6stersj\u00f6n - WaterChain","og_description":"The tydligaste problemet i \u00d6stersj\u00f6n \u00e4r eutrofiering (\u00f6verg\u00f6dning), vilket kan observeras sommartid i form av massiva algblomningar. Eutrofieringsprocessen \u00e4r v\u00e4lk\u00e4nd och i \u00d6stersj\u00f6n observerades \u00f6verg\u00f6dning redan under 1800-talet. M\u00e5nga \u00e5tg\u00e4rder har gjorts f\u00f6r att avlasta och restaurera \u00d6stersj\u00f6n, men en p\u00e5b\u00f6rjad eutrofiering \u00e4r sv\u00e5r att stoppa. Effekterna av farliga \u00e4mnen och kombinationen av farliga \u00e4mnen ... L\u00e4s mer","og_url":"https:\/\/www.waterchain.eu\/sv\/problem-i-ostersjon\/","og_site_name":"WaterChain","article_modified_time":"2018-08-29T07:46:47+00:00","og_image":[{"width":1380,"height":793,"url":"https:\/\/www.waterchain.eu\/wp-content\/uploads\/2017\/09\/hero-baltic.jpg","type":"image\/jpeg"}],"twitter_card":"summary_large_image","twitter_misc":{"Ber\u00e4knad l\u00e4stid":"1 minut"},"schema":{"@context":"https:\/\/schema.org","@graph":[{"@type":"WebPage","@id":"https:\/\/www.waterchain.eu\/sv\/problem-i-ostersjon\/","url":"https:\/\/www.waterchain.eu\/sv\/problem-i-ostersjon\/","name":"Problem i \u00d6stersj\u00f6n - WaterChain","isPartOf":{"@id":"https:\/\/www.waterchain.eu\/#website"},"primaryImageOfPage":{"@id":"https:\/\/www.waterchain.eu\/sv\/problem-i-ostersjon\/#primaryimage"},"image":{"@id":"https:\/\/www.waterchain.eu\/sv\/problem-i-ostersjon\/#primaryimage"},"thumbnailUrl":"https:\/\/www.waterchain.eu\/wp-content\/uploads\/2017\/09\/hero-baltic.jpg","datePublished":"2018-05-31T10:45:44+00:00","dateModified":"2018-08-29T07:46:47+00:00","breadcrumb":{"@id":"https:\/\/www.waterchain.eu\/sv\/problem-i-ostersjon\/#breadcrumb"},"inLanguage":"sv-SE","potentialAction":[{"@type":"ReadAction","target":["https:\/\/www.waterchain.eu\/sv\/problem-i-ostersjon\/"]}]},{"@type":"ImageObject","inLanguage":"sv-SE","@id":"https:\/\/www.waterchain.eu\/sv\/problem-i-ostersjon\/#primaryimage","url":"https:\/\/www.waterchain.eu\/wp-content\/uploads\/2017\/09\/hero-baltic.jpg","contentUrl":"https:\/\/www.waterchain.eu\/wp-content\/uploads\/2017\/09\/hero-baltic.jpg","width":1380,"height":793},{"@type":"BreadcrumbList","@id":"https:\/\/www.waterchain.eu\/sv\/problem-i-ostersjon\/#breadcrumb","itemListElement":[{"@type":"ListItem","position":1,"name":"Home","item":"https:\/\/www.waterchain.eu\/sv\/"},{"@type":"ListItem","position":2,"name":"Problem i \u00d6stersj\u00f6n"}]},{"@type":"WebSite","@id":"https:\/\/www.waterchain.eu\/#website","url":"https:\/\/www.waterchain.eu\/","name":"WaterChain","description":"Recovering the Baltic Sea","publisher":{"@id":"https:\/\/www.waterchain.eu\/#organization"},"potentialAction":[{"@type":"SearchAction","target":{"@type":"EntryPoint","urlTemplate":"https:\/\/www.waterchain.eu\/?s={search_term_string}"},"query-input":{"@type":"PropertyValueSpecification","valueRequired":true,"valueName":"search_term_string"}}],"inLanguage":"sv-SE"},{"@type":"Organization","@id":"https:\/\/www.waterchain.eu\/#organization","name":"WaterChain","url":"https:\/\/www.waterchain.eu\/","logo":{"@type":"ImageObject","inLanguage":"sv-SE","@id":"https:\/\/www.waterchain.eu\/#\/schema\/logo\/image\/","url":"https:\/\/www.waterchain.eu\/wp-content\/uploads\/2017\/09\/WaterChain-logo.png","contentUrl":"https:\/\/www.waterchain.eu\/wp-content\/uploads\/2017\/09\/WaterChain-logo.png","width":343,"height":120,"caption":"WaterChain"},"image":{"@id":"https:\/\/www.waterchain.eu\/#\/schema\/logo\/image\/"},"sameAs":["https:\/\/www.youtube.com\/channel\/UCz8GhExcENBWQYVkkpn_y3Q"]}]}},"_links":{"self":[{"href":"https:\/\/www.waterchain.eu\/sv\/wp-json\/wp\/v2\/pages\/1084","targetHints":{"allow":["GET"]}}],"collection":[{"href":"https:\/\/www.waterchain.eu\/sv\/wp-json\/wp\/v2\/pages"}],"about":[{"href":"https:\/\/www.waterchain.eu\/sv\/wp-json\/wp\/v2\/types\/page"}],"author":[{"embeddable":true,"href":"https:\/\/www.waterchain.eu\/sv\/wp-json\/wp\/v2\/users\/1"}],"replies":[{"embeddable":true,"href":"https:\/\/www.waterchain.eu\/sv\/wp-json\/wp\/v2\/comments?post=1084"}],"version-history":[{"count":6,"href":"https:\/\/www.waterchain.eu\/sv\/wp-json\/wp\/v2\/pages\/1084\/revisions"}],"predecessor-version":[{"id":3300,"href":"https:\/\/www.waterchain.eu\/sv\/wp-json\/wp\/v2\/pages\/1084\/revisions\/3300"}],"wp:featuredmedia":[{"embeddable":true,"href":"https:\/\/www.waterchain.eu\/sv\/wp-json\/wp\/v2\/media\/2139"}],"wp:attachment":[{"href":"https:\/\/www.waterchain.eu\/sv\/wp-json\/wp\/v2\/media?parent=1084"}],"curies":[{"name":"wp","href":"https:\/\/api.w.org\/{rel}","templated":true}]}}