{"id":1091,"date":"2018-05-31T14:13:08","date_gmt":"2018-05-31T11:13:08","guid":{"rendered":"https:\/\/waterchain.eu\/?page_id=1091"},"modified":"2018-08-29T10:52:52","modified_gmt":"2018-08-29T07:52:52","slug":"vad-kan-jag-gora","status":"publish","type":"page","link":"https:\/\/www.waterchain.eu\/sv\/vad-kan-jag-gora\/","title":{"rendered":"Vad kan jag g\u00f6ra?"},"content":{"rendered":"<h2>Alla kan g\u00f6ra skillnad.<\/h2>\n<h5>Att skydda \u00d6stersj\u00f6n kr\u00e4ver insatser b\u00e5de p\u00e5 land och till sj\u00f6ss.<\/h5>\n<p>Att f\u00f6rhindra och minska infl\u00f6det av <a href=\"https:\/\/www.waterchain.eu\/what-can-i-do\/nutrients\/\">n\u00e4rsalter<\/a> och <a href=\"https:\/\/www.waterchain.eu\/what-can-i-do\/hazardous-substances\/\">farliga \u00e4mnen<\/a> till \u00d6stersj\u00f6n \u00e4r delvis en politisk fr\u00e5ga p\u00e5 nationell och internationell niv\u00e5 mellan l\u00e4nderna i avrinningsomr\u00e5det. Dock kan vi alla g\u00f6ra skillnad i v\u00e5ra dagliga liv. Varje \u00e5tg\u00e4rd r\u00e4knas, oavsett storlek. <a href=\"https:\/\/www.waterchain.eu\/what-can-i-do\/promises-to-the-baltic-sea\/\">Titta p\u00e5 v\u00e5ra f\u00f6rslag och ge Ditt l\u00f6fte till \u00d6stersj\u00f6n<\/a>.<\/p>\n<p><iframe width=\"560\" height=\"315\" src=\"https:\/\/www.youtube.com\/embed\/vodwf2ADgrM\" frameborder=\"0\" allow=\"autoplay; encrypted-media\" allowfullscreen><\/iframe><\/p>\n<p>Europeiska unionens lagstiftning och politik har resulterat i en prioriteringsordning f\u00f6r f\u00f6rbyggande och hantering av avfall.<\/p>\n<ol>\n<li>Minska m\u00e4ngden avfall genom att k\u00f6pa mindre! Anv\u00e4nd eller \u00e4t alltid det du k\u00f6pt.<\/li>\n<li>Undvik att anv\u00e4nda perfluorerade f\u00f6reningar, eng\u00e5ngsplast, kemikalier och bek\u00e4mpningsmedel. De \u00e4r skadliga f\u00f6r milj\u00f6n och m\u00e4nniskors h\u00e4lsa.<\/li>\n<li>\u00c5teranv\u00e4nd och reparera det som \u00e4r m\u00f6jligt. Ge bort eller s\u00e4lj saker som du inte beh\u00f6ver l\u00e4ngre!<\/li>\n<li>\u00c5tervinn! Anv\u00e4nd aldrig toastolen som en skr\u00e4pkorg. L\u00e4mna tillbaka \u00f6verblivna mediciner till apoteket och plocka upp skr\u00e4p som du ser. Avfall i milj\u00f6n \u00e4r v\u00e5rt gemensamma problem. Vi p\u00e5verkar genom v\u00e5ra egna val och handlingar.<\/li>\n<\/ol>\n<p><a href=\"https:\/\/www.waterchain.eu\/wp-content\/uploads\/2018\/06\/What-can-I-do_illustration-web.jpg\"><img fetchpriority=\"high\" decoding=\"async\" class=\"alignnone size-full wp-image-1284\" src=\"https:\/\/www.waterchain.eu\/wp-content\/uploads\/2018\/06\/What-can-I-do_illustration-web.jpg\" alt=\"\" width=\"1000\" height=\"918\" srcset=\"https:\/\/www.waterchain.eu\/wp-content\/uploads\/2018\/06\/What-can-I-do_illustration-web.jpg 1000w, https:\/\/www.waterchain.eu\/wp-content\/uploads\/2018\/06\/What-can-I-do_illustration-web-768x705.jpg 768w\" sizes=\"(max-width: 1000px) 100vw, 1000px\" \/><\/a><\/p>\n","protected":false},"excerpt":{"rendered":"<p>Alla kan g\u00f6ra skillnad. Att skydda \u00d6stersj\u00f6n kr\u00e4ver insatser b\u00e5de p\u00e5 land och till sj\u00f6ss. Att f\u00f6rhindra och minska infl\u00f6det av n\u00e4rsalter och farliga \u00e4mnen till \u00d6stersj\u00f6n \u00e4r delvis en politisk fr\u00e5ga p\u00e5 nationell och internationell niv\u00e5 mellan l\u00e4nderna i avrinningsomr\u00e5det. Dock kan vi alla g\u00f6ra skillnad i v\u00e5ra dagliga liv. Varje \u00e5tg\u00e4rd r\u00e4knas, oavsett &#8230; <a title=\"Vad kan jag g\u00f6ra?\" class=\"read-more\" href=\"https:\/\/www.waterchain.eu\/sv\/vad-kan-jag-gora\/\" aria-label=\"L\u00e4s mer om Vad kan jag g\u00f6ra?\">L\u00e4s mer<\/a><\/p>\n","protected":false},"author":1,"featured_media":2111,"parent":0,"menu_order":63,"comment_status":"closed","ping_status":"closed","template":"","meta":{"_exactmetrics_skip_tracking":false,"_exactmetrics_sitenote_active":false,"_exactmetrics_sitenote_note":"","_exactmetrics_sitenote_category":0,"generate_page_header":"","footnotes":""},"class_list":["post-1091","page","type-page","status-publish","has-post-thumbnail"],"yoast_head":"<!-- This site is optimized with the Yoast SEO plugin v27.3 - https:\/\/yoast.com\/product\/yoast-seo-wordpress\/ -->\n<title>Vad kan jag g\u00f6ra? - WaterChain<\/title>\n<meta name=\"robots\" content=\"index, follow, max-snippet:-1, max-image-preview:large, max-video-preview:-1\" \/>\n<link rel=\"canonical\" href=\"https:\/\/www.waterchain.eu\/sv\/vad-kan-jag-gora\/\" \/>\n<meta property=\"og:locale\" content=\"sv_SE\" \/>\n<meta property=\"og:type\" content=\"article\" \/>\n<meta property=\"og:title\" content=\"Vad kan jag g\u00f6ra? - WaterChain\" \/>\n<meta property=\"og:description\" content=\"Alla kan g\u00f6ra skillnad. Att skydda \u00d6stersj\u00f6n kr\u00e4ver insatser b\u00e5de p\u00e5 land och till sj\u00f6ss. Att f\u00f6rhindra och minska infl\u00f6det av n\u00e4rsalter och farliga \u00e4mnen till \u00d6stersj\u00f6n \u00e4r delvis en politisk fr\u00e5ga p\u00e5 nationell och internationell niv\u00e5 mellan l\u00e4nderna i avrinningsomr\u00e5det. Dock kan vi alla g\u00f6ra skillnad i v\u00e5ra dagliga liv. Varje \u00e5tg\u00e4rd r\u00e4knas, oavsett ... L\u00e4s mer\" \/>\n<meta property=\"og:url\" content=\"https:\/\/www.waterchain.eu\/sv\/vad-kan-jag-gora\/\" \/>\n<meta property=\"og:site_name\" content=\"WaterChain\" \/>\n<meta property=\"article:modified_time\" content=\"2018-08-29T07:52:52+00:00\" \/>\n<meta property=\"og:image\" content=\"https:\/\/www.waterchain.eu\/wp-content\/uploads\/2018\/04\/title-woman-on-beach-01.jpg\" \/>\n\t<meta property=\"og:image:width\" content=\"1600\" \/>\n\t<meta property=\"og:image:height\" content=\"1000\" \/>\n\t<meta property=\"og:image:type\" content=\"image\/jpeg\" \/>\n<meta name=\"twitter:card\" content=\"summary_large_image\" \/>\n<meta name=\"twitter:label1\" content=\"Ber\u00e4knad l\u00e4stid\" \/>\n\t<meta name=\"twitter:data1\" content=\"1 minut\" \/>\n<script type=\"application\/ld+json\" class=\"yoast-schema-graph\">{\"@context\":\"https:\\\/\\\/schema.org\",\"@graph\":[{\"@type\":\"WebPage\",\"@id\":\"https:\\\/\\\/www.waterchain.eu\\\/sv\\\/vad-kan-jag-gora\\\/\",\"url\":\"https:\\\/\\\/www.waterchain.eu\\\/sv\\\/vad-kan-jag-gora\\\/\",\"name\":\"Vad kan jag g\u00f6ra? - WaterChain\",\"isPartOf\":{\"@id\":\"https:\\\/\\\/www.waterchain.eu\\\/#website\"},\"primaryImageOfPage\":{\"@id\":\"https:\\\/\\\/www.waterchain.eu\\\/sv\\\/vad-kan-jag-gora\\\/#primaryimage\"},\"image\":{\"@id\":\"https:\\\/\\\/www.waterchain.eu\\\/sv\\\/vad-kan-jag-gora\\\/#primaryimage\"},\"thumbnailUrl\":\"https:\\\/\\\/www.waterchain.eu\\\/wp-content\\\/uploads\\\/2018\\\/04\\\/title-woman-on-beach-01.jpg\",\"datePublished\":\"2018-05-31T11:13:08+00:00\",\"dateModified\":\"2018-08-29T07:52:52+00:00\",\"breadcrumb\":{\"@id\":\"https:\\\/\\\/www.waterchain.eu\\\/sv\\\/vad-kan-jag-gora\\\/#breadcrumb\"},\"inLanguage\":\"sv-SE\",\"potentialAction\":[{\"@type\":\"ReadAction\",\"target\":[\"https:\\\/\\\/www.waterchain.eu\\\/sv\\\/vad-kan-jag-gora\\\/\"]}]},{\"@type\":\"ImageObject\",\"inLanguage\":\"sv-SE\",\"@id\":\"https:\\\/\\\/www.waterchain.eu\\\/sv\\\/vad-kan-jag-gora\\\/#primaryimage\",\"url\":\"https:\\\/\\\/www.waterchain.eu\\\/wp-content\\\/uploads\\\/2018\\\/04\\\/title-woman-on-beach-01.jpg\",\"contentUrl\":\"https:\\\/\\\/www.waterchain.eu\\\/wp-content\\\/uploads\\\/2018\\\/04\\\/title-woman-on-beach-01.jpg\",\"width\":1600,\"height\":1000},{\"@type\":\"BreadcrumbList\",\"@id\":\"https:\\\/\\\/www.waterchain.eu\\\/sv\\\/vad-kan-jag-gora\\\/#breadcrumb\",\"itemListElement\":[{\"@type\":\"ListItem\",\"position\":1,\"name\":\"Home\",\"item\":\"https:\\\/\\\/www.waterchain.eu\\\/sv\\\/\"},{\"@type\":\"ListItem\",\"position\":2,\"name\":\"Vad kan jag g\u00f6ra?\"}]},{\"@type\":\"WebSite\",\"@id\":\"https:\\\/\\\/www.waterchain.eu\\\/#website\",\"url\":\"https:\\\/\\\/www.waterchain.eu\\\/\",\"name\":\"WaterChain\",\"description\":\"Recovering the Baltic Sea\",\"publisher\":{\"@id\":\"https:\\\/\\\/www.waterchain.eu\\\/#organization\"},\"potentialAction\":[{\"@type\":\"SearchAction\",\"target\":{\"@type\":\"EntryPoint\",\"urlTemplate\":\"https:\\\/\\\/www.waterchain.eu\\\/?s={search_term_string}\"},\"query-input\":{\"@type\":\"PropertyValueSpecification\",\"valueRequired\":true,\"valueName\":\"search_term_string\"}}],\"inLanguage\":\"sv-SE\"},{\"@type\":\"Organization\",\"@id\":\"https:\\\/\\\/www.waterchain.eu\\\/#organization\",\"name\":\"WaterChain\",\"url\":\"https:\\\/\\\/www.waterchain.eu\\\/\",\"logo\":{\"@type\":\"ImageObject\",\"inLanguage\":\"sv-SE\",\"@id\":\"https:\\\/\\\/www.waterchain.eu\\\/#\\\/schema\\\/logo\\\/image\\\/\",\"url\":\"https:\\\/\\\/www.waterchain.eu\\\/wp-content\\\/uploads\\\/2017\\\/09\\\/WaterChain-logo.png\",\"contentUrl\":\"https:\\\/\\\/www.waterchain.eu\\\/wp-content\\\/uploads\\\/2017\\\/09\\\/WaterChain-logo.png\",\"width\":343,\"height\":120,\"caption\":\"WaterChain\"},\"image\":{\"@id\":\"https:\\\/\\\/www.waterchain.eu\\\/#\\\/schema\\\/logo\\\/image\\\/\"},\"sameAs\":[\"https:\\\/\\\/www.youtube.com\\\/channel\\\/UCz8GhExcENBWQYVkkpn_y3Q\"]}]}<\/script>\n<!-- \/ Yoast SEO plugin. -->","yoast_head_json":{"title":"Vad kan jag g\u00f6ra? - WaterChain","robots":{"index":"index","follow":"follow","max-snippet":"max-snippet:-1","max-image-preview":"max-image-preview:large","max-video-preview":"max-video-preview:-1"},"canonical":"https:\/\/www.waterchain.eu\/sv\/vad-kan-jag-gora\/","og_locale":"sv_SE","og_type":"article","og_title":"Vad kan jag g\u00f6ra? - WaterChain","og_description":"Alla kan g\u00f6ra skillnad. Att skydda \u00d6stersj\u00f6n kr\u00e4ver insatser b\u00e5de p\u00e5 land och till sj\u00f6ss. Att f\u00f6rhindra och minska infl\u00f6det av n\u00e4rsalter och farliga \u00e4mnen till \u00d6stersj\u00f6n \u00e4r delvis en politisk fr\u00e5ga p\u00e5 nationell och internationell niv\u00e5 mellan l\u00e4nderna i avrinningsomr\u00e5det. Dock kan vi alla g\u00f6ra skillnad i v\u00e5ra dagliga liv. Varje \u00e5tg\u00e4rd r\u00e4knas, oavsett ... L\u00e4s mer","og_url":"https:\/\/www.waterchain.eu\/sv\/vad-kan-jag-gora\/","og_site_name":"WaterChain","article_modified_time":"2018-08-29T07:52:52+00:00","og_image":[{"width":1600,"height":1000,"url":"https:\/\/www.waterchain.eu\/wp-content\/uploads\/2018\/04\/title-woman-on-beach-01.jpg","type":"image\/jpeg"}],"twitter_card":"summary_large_image","twitter_misc":{"Ber\u00e4knad l\u00e4stid":"1 minut"},"schema":{"@context":"https:\/\/schema.org","@graph":[{"@type":"WebPage","@id":"https:\/\/www.waterchain.eu\/sv\/vad-kan-jag-gora\/","url":"https:\/\/www.waterchain.eu\/sv\/vad-kan-jag-gora\/","name":"Vad kan jag g\u00f6ra? - WaterChain","isPartOf":{"@id":"https:\/\/www.waterchain.eu\/#website"},"primaryImageOfPage":{"@id":"https:\/\/www.waterchain.eu\/sv\/vad-kan-jag-gora\/#primaryimage"},"image":{"@id":"https:\/\/www.waterchain.eu\/sv\/vad-kan-jag-gora\/#primaryimage"},"thumbnailUrl":"https:\/\/www.waterchain.eu\/wp-content\/uploads\/2018\/04\/title-woman-on-beach-01.jpg","datePublished":"2018-05-31T11:13:08+00:00","dateModified":"2018-08-29T07:52:52+00:00","breadcrumb":{"@id":"https:\/\/www.waterchain.eu\/sv\/vad-kan-jag-gora\/#breadcrumb"},"inLanguage":"sv-SE","potentialAction":[{"@type":"ReadAction","target":["https:\/\/www.waterchain.eu\/sv\/vad-kan-jag-gora\/"]}]},{"@type":"ImageObject","inLanguage":"sv-SE","@id":"https:\/\/www.waterchain.eu\/sv\/vad-kan-jag-gora\/#primaryimage","url":"https:\/\/www.waterchain.eu\/wp-content\/uploads\/2018\/04\/title-woman-on-beach-01.jpg","contentUrl":"https:\/\/www.waterchain.eu\/wp-content\/uploads\/2018\/04\/title-woman-on-beach-01.jpg","width":1600,"height":1000},{"@type":"BreadcrumbList","@id":"https:\/\/www.waterchain.eu\/sv\/vad-kan-jag-gora\/#breadcrumb","itemListElement":[{"@type":"ListItem","position":1,"name":"Home","item":"https:\/\/www.waterchain.eu\/sv\/"},{"@type":"ListItem","position":2,"name":"Vad kan jag g\u00f6ra?"}]},{"@type":"WebSite","@id":"https:\/\/www.waterchain.eu\/#website","url":"https:\/\/www.waterchain.eu\/","name":"WaterChain","description":"Recovering the Baltic Sea","publisher":{"@id":"https:\/\/www.waterchain.eu\/#organization"},"potentialAction":[{"@type":"SearchAction","target":{"@type":"EntryPoint","urlTemplate":"https:\/\/www.waterchain.eu\/?s={search_term_string}"},"query-input":{"@type":"PropertyValueSpecification","valueRequired":true,"valueName":"search_term_string"}}],"inLanguage":"sv-SE"},{"@type":"Organization","@id":"https:\/\/www.waterchain.eu\/#organization","name":"WaterChain","url":"https:\/\/www.waterchain.eu\/","logo":{"@type":"ImageObject","inLanguage":"sv-SE","@id":"https:\/\/www.waterchain.eu\/#\/schema\/logo\/image\/","url":"https:\/\/www.waterchain.eu\/wp-content\/uploads\/2017\/09\/WaterChain-logo.png","contentUrl":"https:\/\/www.waterchain.eu\/wp-content\/uploads\/2017\/09\/WaterChain-logo.png","width":343,"height":120,"caption":"WaterChain"},"image":{"@id":"https:\/\/www.waterchain.eu\/#\/schema\/logo\/image\/"},"sameAs":["https:\/\/www.youtube.com\/channel\/UCz8GhExcENBWQYVkkpn_y3Q"]}]}},"_links":{"self":[{"href":"https:\/\/www.waterchain.eu\/sv\/wp-json\/wp\/v2\/pages\/1091","targetHints":{"allow":["GET"]}}],"collection":[{"href":"https:\/\/www.waterchain.eu\/sv\/wp-json\/wp\/v2\/pages"}],"about":[{"href":"https:\/\/www.waterchain.eu\/sv\/wp-json\/wp\/v2\/types\/page"}],"author":[{"embeddable":true,"href":"https:\/\/www.waterchain.eu\/sv\/wp-json\/wp\/v2\/users\/1"}],"replies":[{"embeddable":true,"href":"https:\/\/www.waterchain.eu\/sv\/wp-json\/wp\/v2\/comments?post=1091"}],"version-history":[{"count":5,"href":"https:\/\/www.waterchain.eu\/sv\/wp-json\/wp\/v2\/pages\/1091\/revisions"}],"predecessor-version":[{"id":3307,"href":"https:\/\/www.waterchain.eu\/sv\/wp-json\/wp\/v2\/pages\/1091\/revisions\/3307"}],"wp:featuredmedia":[{"embeddable":true,"href":"https:\/\/www.waterchain.eu\/sv\/wp-json\/wp\/v2\/media\/2111"}],"wp:attachment":[{"href":"https:\/\/www.waterchain.eu\/sv\/wp-json\/wp\/v2\/media?parent=1091"}],"curies":[{"name":"wp","href":"https:\/\/api.w.org\/{rel}","templated":true}]}}