{"id":1112,"date":"2018-06-01T13:17:24","date_gmt":"2018-06-01T10:17:24","guid":{"rendered":"https:\/\/waterchain.eu\/?page_id=1112"},"modified":"2018-06-01T13:17:24","modified_gmt":"2018-06-01T10:17:24","slug":"oka-medvetenheten","status":"publish","type":"page","link":"https:\/\/www.waterchain.eu\/sv\/goda-exempel\/oka-medvetenheten\/","title":{"rendered":"\u00d6ka medvetenheten"},"content":{"rendered":"<h2>\u00d6ka medvetenheten<\/h2>\n<h5>Att skydda milj\u00f6n \u00e4r en global angel\u00e4genhet och allas ansvar. Det kr\u00e4ver l\u00e5ngsikta anstr\u00e4ngningar och insikten att alla insatser r\u00e4knas, oavsett hur sm\u00e5 de \u00e4r. <\/h5>\n<p>I m\u00e5nga \u00e5r har \u00d6stersj\u00f6n k\u00e4mpat med olika problem. Trots att inv\u00e5narna blir mer milj\u00f6medvetna f\u00f6r varje \u00e5r s\u00e5 beh\u00f6ver \u00d6stersj\u00f6n att alla anstr\u00e4nger sig och g\u00f6r insatser f\u00f6r milj\u00f6n. Ett s\u00e4tt att bidra till medvetenheten om \u00d6stersj\u00f6ns utsatthet \u00e4r att dela goda exempel p\u00e5 insatser. F\u00f6r att sprida kunskap har WaterChain-projektet organiserat kampanjer, t\u00e4vlingar och olika arrangemang under de g\u00e5ngna \u00e5ren. M\u00e5let har varit att engagera allm\u00e4nheten att fundera p\u00e5 orsaker till problemen och \u00e5tg\u00e4rder som de kan vidta f\u00f6r att hj\u00e4lpa \u00d6stersj\u00f6n.<\/p>\n<hr \/>\n\n\n\n<div id=\"wpv-view-layout-433\" class=\"js-wpv-view-layout js-wpv-layout-responsive js-wpv-view-layout-433\" data-viewnumber=\"433\" data-pagination=\"{&quot;id&quot;:433,&quot;query&quot;:&quot;normal&quot;,&quot;type&quot;:&quot;disabled&quot;,&quot;effect&quot;:&quot;fade&quot;,&quot;duration&quot;:500,&quot;speed&quot;:5,&quot;pause_on_hover&quot;:&quot;disabled&quot;,&quot;stop_rollover&quot;:&quot;false&quot;,&quot;cache_pages&quot;:&quot;enabled&quot;,&quot;preload_images&quot;:&quot;enabled&quot;,&quot;preload_pages&quot;:&quot;enabled&quot;,&quot;preload_reach&quot;:1,&quot;spinner&quot;:&quot;builtin&quot;,&quot;spinner_image&quot;:&quot;https:\/\/www.waterchain.eu\/wp-content\/plugins\/wp-views\/embedded\/res\/img\/ajax-loader.gif&quot;,&quot;callback_next&quot;:&quot;&quot;,&quot;manage_history&quot;:&quot;enabled&quot;,&quot;has_controls_in_form&quot;:&quot;disabled&quot;,&quot;infinite_tolerance&quot;:&quot;0&quot;,&quot;max_pages&quot;:0,&quot;page&quot;:1,&quot;base_permalink&quot;:&quot;\/sv\/wp-json\/wp\/v2\/pages\/1112?wpv_view_count=433&amp;wpv_paged=WPV_PAGE_NUM&quot;,&quot;loop&quot;:{&quot;type&quot;:&quot;&quot;,&quot;name&quot;:&quot;&quot;,&quot;data&quot;:[],&quot;id&quot;:0}}\" data-permalink=\"\/sv\/wp-json\/wp\/v2\/pages\/1112?wpv_view_count=433\">\n\n<div class=\"campaigns-list\">\n\t\n\t\n\t\t\n            <div class=\"campaign-item\">\n              <img fetchpriority=\"high\" decoding=\"async\" fetchpriority=\"high\" width=\"768\" height=\"512\" src=\"https:\/\/www.waterchain.eu\/wp-content\/uploads\/2018\/03\/BalticSeaSavers-768x512.jpg\" class=\"attachment-medium size-medium feature wp-post-image\" alt=\"\" srcset=\"https:\/\/www.waterchain.eu\/wp-content\/uploads\/2018\/03\/BalticSeaSavers-768x512.jpg 768w, https:\/\/www.waterchain.eu\/wp-content\/uploads\/2018\/03\/BalticSeaSavers.jpg 1280w\" sizes=\"(max-width: 768px) 100vw, 768px\" \/>\n          \t\t  <h3><a href=\"https:\/\/www.waterchain.eu\/sv\/campaign\/baltic-sea-savers-ostersjons-raddare\/\">Baltic Sea Savers \u2013 \u00d6stersj\u00f6ns r\u00e4ddare<\/a><\/h3>\n          \t\t  <p>I september 2016 lanserades en kampanj i sociala media om att r\u00e4dda \u00d6stersj\u00f6n. M\u00e5let f\u00f6r kampanjen var att g\u00f6ra alla inv\u00e5nare, speciellt ungdomar, medvetna om problemen med \u00d6stersj\u00f6ns vattenkvalitet.<\/p>\n          \t\t  <a href=\"https:\/\/www.waterchain.eu\/sv\/campaign\/baltic-sea-savers-ostersjons-raddare\/\" class=\"readmore\">L\u00e4s mer<\/a>\n            <\/div>\n\t\t\n            <div class=\"campaign-item\">\n              <img loading=\"lazy\" decoding=\"async\" width=\"768\" height=\"512\" src=\"https:\/\/www.waterchain.eu\/wp-content\/uploads\/2018\/06\/Rock-the-Baltic-Sea-campaign-1-768x512.jpg\" class=\"attachment-medium size-medium feature wp-post-image\" alt=\"\" srcset=\"https:\/\/www.waterchain.eu\/wp-content\/uploads\/2018\/06\/Rock-the-Baltic-Sea-campaign-1-768x512.jpg 768w, https:\/\/www.waterchain.eu\/wp-content\/uploads\/2018\/06\/Rock-the-Baltic-Sea-campaign-1-1280x853.jpg 1280w\" sizes=\"(max-width: 768px) 100vw, 768px\" \/>\n          \t\t  <h3><a href=\"https:\/\/www.waterchain.eu\/sv\/campaign\/rock-the-baltic-sea\/\">Rock the Baltic Sea<\/a><\/h3>\n          \t\t  <p>Rock the Baltic Sea var en kampanj som initierades 2017 f\u00f6r att \u00f6ka medvetenheten om hur man skyddar vatten och utmaningarna som \u00d6stersj\u00f6n har m\u00f6tt under m\u00e5nga \u00e5r och som havet fortfarande k\u00e4mpar med.<\/p>\n          \t\t  <a href=\"https:\/\/www.waterchain.eu\/sv\/campaign\/rock-the-baltic-sea\/\" class=\"readmore\">L\u00e4s mer<\/a>\n            <\/div>\n\t\t\n            <div class=\"campaign-item\">\n              <img loading=\"lazy\" decoding=\"async\" width=\"768\" height=\"512\" src=\"https:\/\/www.waterchain.eu\/wp-content\/uploads\/2018\/03\/LatvianSummerSchool-768x512.jpg\" class=\"attachment-medium size-medium feature wp-post-image\" alt=\"\" srcset=\"https:\/\/www.waterchain.eu\/wp-content\/uploads\/2018\/03\/LatvianSummerSchool-768x512.jpg 768w, https:\/\/www.waterchain.eu\/wp-content\/uploads\/2018\/03\/LatvianSummerSchool.jpg 1280w\" sizes=\"(max-width: 768px) 100vw, 768px\" \/>\n          \t\t  <h3><a href=\"https:\/\/www.waterchain.eu\/sv\/campaign\/lettisk-sommarskola\/\">Lettisk sommarskola<\/a><\/h3>\n          \t\t  <p>En tiodagars internationell sommarskola f\u00f6r studenter organiserades vid Ungurssj\u00f6n i Lettland av Institute for Environmental Solutions (IES) i augusti 2017.<\/p>\n          \t\t  <a href=\"https:\/\/www.waterchain.eu\/sv\/campaign\/lettisk-sommarskola\/\" class=\"readmore\">L\u00e4s mer<\/a>\n            <\/div>\n\t\t\n            <div class=\"campaign-item\">\n              <img loading=\"lazy\" decoding=\"async\" loading=\"lazy\" width=\"768\" height=\"512\" src=\"https:\/\/www.waterchain.eu\/wp-content\/uploads\/2018\/03\/Pest_exhib_1_By-Tallinna-U\u0308likool-768x512.jpg\" class=\"attachment-medium size-medium feature wp-post-image\" alt=\"\" srcset=\"https:\/\/www.waterchain.eu\/wp-content\/uploads\/2018\/03\/Pest_exhib_1_By-Tallinna-U\u0308likool-768x512.jpg 768w, https:\/\/www.waterchain.eu\/wp-content\/uploads\/2018\/03\/Pest_exhib_1_By-Tallinna-U\u0308likool-1280x853.jpg 1280w, https:\/\/www.waterchain.eu\/wp-content\/uploads\/2018\/03\/Pest_exhib_1_By-Tallinna-U\u0308likool.jpg 2048w\" sizes=\"auto, (max-width: 768px) 100vw, 768px\" \/>\n          \t\t  <h3><a href=\"https:\/\/www.waterchain.eu\/sv\/campaign\/utstallning-om-bekampningsmedel-eng-pesticides\/\">Utst\u00e4llning om bek\u00e4mpningsmedel (eng. Pesticides)<\/a><\/h3>\n          \t\t  <p>Genom att kombinera konst med vetenskap f\u00f6rdes problemet med bek\u00e4mpningsmedel n\u00e4rmare allm\u00e4nheten. Utst\u00e4llning \u201cPesticides\u201d var \u00f6ppen f\u00f6r allm\u00e4nheten och arrangerades vid Tallinns universitet och vid Tallinns tekniska universitet 2017 och 2018.<\/p>\n          \t\t  <a href=\"https:\/\/www.waterchain.eu\/sv\/campaign\/utstallning-om-bekampningsmedel-eng-pesticides\/\" class=\"readmore\">L\u00e4s mer<\/a>\n            <\/div>\n\t\t\n            <div class=\"campaign-item\">\n              <img loading=\"lazy\" decoding=\"async\" loading=\"lazy\" width=\"768\" height=\"512\" src=\"https:\/\/www.waterchain.eu\/wp-content\/uploads\/2018\/03\/LetsDoIt-768x512.jpg\" class=\"attachment-medium size-medium feature wp-post-image\" alt=\"\" srcset=\"https:\/\/www.waterchain.eu\/wp-content\/uploads\/2018\/03\/LetsDoIt-768x512.jpg 768w, https:\/\/www.waterchain.eu\/wp-content\/uploads\/2018\/03\/LetsDoIt-1280x853.jpg 1280w, https:\/\/www.waterchain.eu\/wp-content\/uploads\/2018\/03\/LetsDoIt.jpg 1282w\" sizes=\"auto, (max-width: 768px) 100vw, 768px\" \/>\n          \t\t  <h3><a href=\"https:\/\/www.waterchain.eu\/sv\/campaign\/lets-do-it\/\">Let\u2019s Do It!<\/a><\/h3>\n          \t\t  <p>Let\u2019s Do It! \u00e4r en v\u00e4rldsomsp\u00e4nnande, medborgarorganiserad r\u00f6relse med m\u00e5let att st\u00e4da v\u00e5r planet under en dag \u2013 p\u00e5 \u201cWorld Cleanup Day\u201d \u2013 n\u00e4rmast den 15 september 2018.<\/p>\n          \t\t  <a href=\"https:\/\/www.waterchain.eu\/sv\/campaign\/lets-do-it\/\" class=\"readmore\">L\u00e4s mer<\/a>\n            <\/div>\n\t\t\n            <div class=\"campaign-item\">\n              <img loading=\"lazy\" decoding=\"async\" loading=\"lazy\" width=\"768\" height=\"512\" src=\"https:\/\/www.waterchain.eu\/wp-content\/uploads\/2018\/03\/Meremme-Ta\u0308hden-1-35-768x512.jpg\" class=\"attachment-medium size-medium feature wp-post-image\" alt=\"\" srcset=\"https:\/\/www.waterchain.eu\/wp-content\/uploads\/2018\/03\/Meremme-Ta\u0308hden-1-35-768x512.jpg 768w, https:\/\/www.waterchain.eu\/wp-content\/uploads\/2018\/03\/Meremme-Ta\u0308hden-1-35-1280x853.jpg 1280w, https:\/\/www.waterchain.eu\/wp-content\/uploads\/2018\/03\/Meremme-Ta\u0308hden-1-35.jpg 1920w\" sizes=\"auto, (max-width: 768px) 100vw, 768px\" \/>\n          \t\t  <h3><a href=\"https:\/\/www.waterchain.eu\/sv\/campaign\/for-vart-hav-2017-och-2018\/\">F\u00f6r v\u00e5rt hav 2017 och 2018<\/a><\/h3>\n          \t\t  <p>Under 2017 och 2018 arrangerades seminarier med korta presentationer med erfarenheter och aktiviteter f\u00f6r att g\u00f6ra m\u00e4nniskor medvetna om att skydda \u00d6stersj\u00f6n, inte \u00e4r n\u00e5gons jobb, utan allas ansvar.<\/p>\n          \t\t  <a href=\"https:\/\/www.waterchain.eu\/sv\/campaign\/for-vart-hav-2017-och-2018\/\" class=\"readmore\">L\u00e4s mer<\/a>\n            <\/div>\n\t\t\n            <div class=\"campaign-item\">\n              <img loading=\"lazy\" decoding=\"async\" loading=\"lazy\" width=\"768\" height=\"510\" src=\"https:\/\/www.waterchain.eu\/wp-content\/uploads\/2018\/04\/live-concert-768x510.jpg\" class=\"attachment-medium size-medium feature wp-post-image\" alt=\"\" srcset=\"https:\/\/www.waterchain.eu\/wp-content\/uploads\/2018\/04\/live-concert-768x510.jpg 768w, https:\/\/www.waterchain.eu\/wp-content\/uploads\/2018\/04\/live-concert-1280x850.jpg 1280w, https:\/\/www.waterchain.eu\/wp-content\/uploads\/2018\/04\/live-concert.jpg 1400w\" sizes=\"auto, (max-width: 768px) 100vw, 768px\" \/>\n          \t\t  <h3><a href=\"https:\/\/www.waterchain.eu\/sv\/campaign\/uthalliga-arrangemang\/\">Uth\u00e5lliga arrangemang<\/a><\/h3>\n          \t\t  <p>Checklistan f\u00f6r organisat\u00f6rer av mer uth\u00e5lliga arrangemang uppr\u00e4ttades i dialog med festivalarrang\u00f6rer och kan nu anv\u00e4ndas av alla som vill anordna mer uth\u00e5lliga arrangemang.<\/p>\n          \t\t  <a href=\"https:\/\/www.waterchain.eu\/sv\/campaign\/uthalliga-arrangemang\/\" class=\"readmore\">L\u00e4s mer<\/a>\n            <\/div>\n\t\t\n\t\n\t\n\t\n<\/div>\n<\/div>\n\n","protected":false},"excerpt":{"rendered":"<p>\u00d6ka medvetenheten Att skydda milj\u00f6n \u00e4r en global angel\u00e4genhet och allas ansvar. Det kr\u00e4ver l\u00e5ngsikta anstr\u00e4ngningar och insikten att alla insatser r\u00e4knas, oavsett hur sm\u00e5 de \u00e4r. I m\u00e5nga \u00e5r har \u00d6stersj\u00f6n k\u00e4mpat med olika problem. Trots att inv\u00e5narna blir mer milj\u00f6medvetna f\u00f6r varje \u00e5r s\u00e5 beh\u00f6ver \u00d6stersj\u00f6n att alla anstr\u00e4nger sig och g\u00f6r insatser &#8230; <a title=\"\u00d6ka medvetenheten\" class=\"read-more\" href=\"https:\/\/www.waterchain.eu\/sv\/goda-exempel\/oka-medvetenheten\/\" aria-label=\"L\u00e4s mer om \u00d6ka medvetenheten\">L\u00e4s mer<\/a><\/p>\n","protected":false},"author":1,"featured_media":0,"parent":1101,"menu_order":62,"comment_status":"closed","ping_status":"closed","template":"","meta":{"_exactmetrics_skip_tracking":false,"_exactmetrics_sitenote_active":false,"_exactmetrics_sitenote_note":"","_exactmetrics_sitenote_category":0,"generate_page_header":"","footnotes":""},"class_list":["post-1112","page","type-page","status-publish"],"yoast_head":"<!-- This site is optimized with the Yoast SEO plugin v27.3 - https:\/\/yoast.com\/product\/yoast-seo-wordpress\/ -->\n<title>\u00d6ka medvetenheten - WaterChain<\/title>\n<meta name=\"robots\" content=\"index, follow, max-snippet:-1, max-image-preview:large, max-video-preview:-1\" \/>\n<link rel=\"canonical\" href=\"https:\/\/www.waterchain.eu\/sv\/goda-exempel\/oka-medvetenheten\/\" \/>\n<meta property=\"og:locale\" content=\"sv_SE\" \/>\n<meta property=\"og:type\" content=\"article\" \/>\n<meta property=\"og:title\" content=\"\u00d6ka medvetenheten - WaterChain\" \/>\n<meta property=\"og:description\" content=\"\u00d6ka medvetenheten Att skydda milj\u00f6n \u00e4r en global angel\u00e4genhet och allas ansvar. Det kr\u00e4ver l\u00e5ngsikta anstr\u00e4ngningar och insikten att alla insatser r\u00e4knas, oavsett hur sm\u00e5 de \u00e4r. I m\u00e5nga \u00e5r har \u00d6stersj\u00f6n k\u00e4mpat med olika problem. Trots att inv\u00e5narna blir mer milj\u00f6medvetna f\u00f6r varje \u00e5r s\u00e5 beh\u00f6ver \u00d6stersj\u00f6n att alla anstr\u00e4nger sig och g\u00f6r insatser ... L\u00e4s mer\" \/>\n<meta property=\"og:url\" content=\"https:\/\/www.waterchain.eu\/sv\/goda-exempel\/oka-medvetenheten\/\" \/>\n<meta property=\"og:site_name\" content=\"WaterChain\" \/>\n<meta name=\"twitter:card\" content=\"summary_large_image\" \/>\n<meta name=\"twitter:label1\" content=\"Ber\u00e4knad l\u00e4stid\" \/>\n\t<meta name=\"twitter:data1\" content=\"1 minut\" \/>\n<script type=\"application\/ld+json\" class=\"yoast-schema-graph\">{\"@context\":\"https:\\\/\\\/schema.org\",\"@graph\":[{\"@type\":\"WebPage\",\"@id\":\"https:\\\/\\\/www.waterchain.eu\\\/sv\\\/goda-exempel\\\/oka-medvetenheten\\\/\",\"url\":\"https:\\\/\\\/www.waterchain.eu\\\/sv\\\/goda-exempel\\\/oka-medvetenheten\\\/\",\"name\":\"\u00d6ka medvetenheten - WaterChain\",\"isPartOf\":{\"@id\":\"https:\\\/\\\/www.waterchain.eu\\\/#website\"},\"datePublished\":\"2018-06-01T10:17:24+00:00\",\"breadcrumb\":{\"@id\":\"https:\\\/\\\/www.waterchain.eu\\\/sv\\\/goda-exempel\\\/oka-medvetenheten\\\/#breadcrumb\"},\"inLanguage\":\"sv-SE\",\"potentialAction\":[{\"@type\":\"ReadAction\",\"target\":[\"https:\\\/\\\/www.waterchain.eu\\\/sv\\\/goda-exempel\\\/oka-medvetenheten\\\/\"]}]},{\"@type\":\"BreadcrumbList\",\"@id\":\"https:\\\/\\\/www.waterchain.eu\\\/sv\\\/goda-exempel\\\/oka-medvetenheten\\\/#breadcrumb\",\"itemListElement\":[{\"@type\":\"ListItem\",\"position\":1,\"name\":\"Home\",\"item\":\"https:\\\/\\\/www.waterchain.eu\\\/sv\\\/\"},{\"@type\":\"ListItem\",\"position\":2,\"name\":\"Goda exempel\",\"item\":\"https:\\\/\\\/www.waterchain.eu\\\/sv\\\/goda-exempel\\\/\"},{\"@type\":\"ListItem\",\"position\":3,\"name\":\"\u00d6ka medvetenheten\"}]},{\"@type\":\"WebSite\",\"@id\":\"https:\\\/\\\/www.waterchain.eu\\\/#website\",\"url\":\"https:\\\/\\\/www.waterchain.eu\\\/\",\"name\":\"WaterChain\",\"description\":\"Recovering the Baltic Sea\",\"publisher\":{\"@id\":\"https:\\\/\\\/www.waterchain.eu\\\/#organization\"},\"potentialAction\":[{\"@type\":\"SearchAction\",\"target\":{\"@type\":\"EntryPoint\",\"urlTemplate\":\"https:\\\/\\\/www.waterchain.eu\\\/?s={search_term_string}\"},\"query-input\":{\"@type\":\"PropertyValueSpecification\",\"valueRequired\":true,\"valueName\":\"search_term_string\"}}],\"inLanguage\":\"sv-SE\"},{\"@type\":\"Organization\",\"@id\":\"https:\\\/\\\/www.waterchain.eu\\\/#organization\",\"name\":\"WaterChain\",\"url\":\"https:\\\/\\\/www.waterchain.eu\\\/\",\"logo\":{\"@type\":\"ImageObject\",\"inLanguage\":\"sv-SE\",\"@id\":\"https:\\\/\\\/www.waterchain.eu\\\/#\\\/schema\\\/logo\\\/image\\\/\",\"url\":\"https:\\\/\\\/www.waterchain.eu\\\/wp-content\\\/uploads\\\/2017\\\/09\\\/WaterChain-logo.png\",\"contentUrl\":\"https:\\\/\\\/www.waterchain.eu\\\/wp-content\\\/uploads\\\/2017\\\/09\\\/WaterChain-logo.png\",\"width\":343,\"height\":120,\"caption\":\"WaterChain\"},\"image\":{\"@id\":\"https:\\\/\\\/www.waterchain.eu\\\/#\\\/schema\\\/logo\\\/image\\\/\"},\"sameAs\":[\"https:\\\/\\\/www.youtube.com\\\/channel\\\/UCz8GhExcENBWQYVkkpn_y3Q\"]}]}<\/script>\n<!-- \/ Yoast SEO plugin. -->","yoast_head_json":{"title":"\u00d6ka medvetenheten - WaterChain","robots":{"index":"index","follow":"follow","max-snippet":"max-snippet:-1","max-image-preview":"max-image-preview:large","max-video-preview":"max-video-preview:-1"},"canonical":"https:\/\/www.waterchain.eu\/sv\/goda-exempel\/oka-medvetenheten\/","og_locale":"sv_SE","og_type":"article","og_title":"\u00d6ka medvetenheten - WaterChain","og_description":"\u00d6ka medvetenheten Att skydda milj\u00f6n \u00e4r en global angel\u00e4genhet och allas ansvar. Det kr\u00e4ver l\u00e5ngsikta anstr\u00e4ngningar och insikten att alla insatser r\u00e4knas, oavsett hur sm\u00e5 de \u00e4r. I m\u00e5nga \u00e5r har \u00d6stersj\u00f6n k\u00e4mpat med olika problem. Trots att inv\u00e5narna blir mer milj\u00f6medvetna f\u00f6r varje \u00e5r s\u00e5 beh\u00f6ver \u00d6stersj\u00f6n att alla anstr\u00e4nger sig och g\u00f6r insatser ... L\u00e4s mer","og_url":"https:\/\/www.waterchain.eu\/sv\/goda-exempel\/oka-medvetenheten\/","og_site_name":"WaterChain","twitter_card":"summary_large_image","twitter_misc":{"Ber\u00e4knad l\u00e4stid":"1 minut"},"schema":{"@context":"https:\/\/schema.org","@graph":[{"@type":"WebPage","@id":"https:\/\/www.waterchain.eu\/sv\/goda-exempel\/oka-medvetenheten\/","url":"https:\/\/www.waterchain.eu\/sv\/goda-exempel\/oka-medvetenheten\/","name":"\u00d6ka medvetenheten - WaterChain","isPartOf":{"@id":"https:\/\/www.waterchain.eu\/#website"},"datePublished":"2018-06-01T10:17:24+00:00","breadcrumb":{"@id":"https:\/\/www.waterchain.eu\/sv\/goda-exempel\/oka-medvetenheten\/#breadcrumb"},"inLanguage":"sv-SE","potentialAction":[{"@type":"ReadAction","target":["https:\/\/www.waterchain.eu\/sv\/goda-exempel\/oka-medvetenheten\/"]}]},{"@type":"BreadcrumbList","@id":"https:\/\/www.waterchain.eu\/sv\/goda-exempel\/oka-medvetenheten\/#breadcrumb","itemListElement":[{"@type":"ListItem","position":1,"name":"Home","item":"https:\/\/www.waterchain.eu\/sv\/"},{"@type":"ListItem","position":2,"name":"Goda exempel","item":"https:\/\/www.waterchain.eu\/sv\/goda-exempel\/"},{"@type":"ListItem","position":3,"name":"\u00d6ka medvetenheten"}]},{"@type":"WebSite","@id":"https:\/\/www.waterchain.eu\/#website","url":"https:\/\/www.waterchain.eu\/","name":"WaterChain","description":"Recovering the Baltic Sea","publisher":{"@id":"https:\/\/www.waterchain.eu\/#organization"},"potentialAction":[{"@type":"SearchAction","target":{"@type":"EntryPoint","urlTemplate":"https:\/\/www.waterchain.eu\/?s={search_term_string}"},"query-input":{"@type":"PropertyValueSpecification","valueRequired":true,"valueName":"search_term_string"}}],"inLanguage":"sv-SE"},{"@type":"Organization","@id":"https:\/\/www.waterchain.eu\/#organization","name":"WaterChain","url":"https:\/\/www.waterchain.eu\/","logo":{"@type":"ImageObject","inLanguage":"sv-SE","@id":"https:\/\/www.waterchain.eu\/#\/schema\/logo\/image\/","url":"https:\/\/www.waterchain.eu\/wp-content\/uploads\/2017\/09\/WaterChain-logo.png","contentUrl":"https:\/\/www.waterchain.eu\/wp-content\/uploads\/2017\/09\/WaterChain-logo.png","width":343,"height":120,"caption":"WaterChain"},"image":{"@id":"https:\/\/www.waterchain.eu\/#\/schema\/logo\/image\/"},"sameAs":["https:\/\/www.youtube.com\/channel\/UCz8GhExcENBWQYVkkpn_y3Q"]}]}},"_links":{"self":[{"href":"https:\/\/www.waterchain.eu\/sv\/wp-json\/wp\/v2\/pages\/1112","targetHints":{"allow":["GET"]}}],"collection":[{"href":"https:\/\/www.waterchain.eu\/sv\/wp-json\/wp\/v2\/pages"}],"about":[{"href":"https:\/\/www.waterchain.eu\/sv\/wp-json\/wp\/v2\/types\/page"}],"author":[{"embeddable":true,"href":"https:\/\/www.waterchain.eu\/sv\/wp-json\/wp\/v2\/users\/1"}],"replies":[{"embeddable":true,"href":"https:\/\/www.waterchain.eu\/sv\/wp-json\/wp\/v2\/comments?post=1112"}],"version-history":[{"count":1,"href":"https:\/\/www.waterchain.eu\/sv\/wp-json\/wp\/v2\/pages\/1112\/revisions"}],"predecessor-version":[{"id":1113,"href":"https:\/\/www.waterchain.eu\/sv\/wp-json\/wp\/v2\/pages\/1112\/revisions\/1113"}],"up":[{"embeddable":true,"href":"https:\/\/www.waterchain.eu\/sv\/wp-json\/wp\/v2\/pages\/1101"}],"wp:attachment":[{"href":"https:\/\/www.waterchain.eu\/sv\/wp-json\/wp\/v2\/media?parent=1112"}],"curies":[{"name":"wp","href":"https:\/\/api.w.org\/{rel}","templated":true}]}}